{"id":714787,"date":"2025-08-27T17:22:45","date_gmt":"2025-08-27T14:22:45","guid":{"rendered":"https:\/\/roveyayinevi.com.tr\/index.php\/urun\/denize-yazildi\/"},"modified":"2026-04-16T02:23:14","modified_gmt":"2026-04-15T23:23:14","slug":"denize-yazildi","status":"publish","type":"product","link":"https:\/\/roveyayinevi.com.tr\/index.php\/urun\/denize-yazildi\/","title":{"rendered":"Denize Yaz\u0131ld\u0131"},"content":{"rendered":"<p>Ay\u015fe Sar\u0131say\u0131n, s\u0131ra d\u0131\u015f\u0131 bir kad\u0131n\u0131n, Elif Daldeniz Baysan\u2019\u0131n iki dil ve k\u00fclt\u00fcr aras\u0131ndaki gelgitlerle \u015fekillenen portresini sunuyor okurlara. Elif ve \u00e7evresinin kurmaya \u00e7al\u0131\u015ft\u0131\u011f\u0131 ba\u015fka bir ya\u015fam\u0131n \u00f6yk\u00fcs\u00fcn\u00fc, d\u00fc\u015f ve d\u00fc\u015fbozumlar\u0131n\u0131 aktarman\u0131n \u00f6tesinde \u00e7ok dillilik, k\u00fclt\u00fcr, se\u00e7ilmi\u015f aile gibi kavramlar\u0131 a\u00e7\u0131mlayan, \u00f6l\u00fcmle ba\u015f etme \u00e7abalar\u0131n\u0131 sorgulayan bir kitap Denize Yaz\u0131ld\u0131. Denize yaz\u0131lan ve Elif\u2019in son evi Heybeliada\u2019dan usulca dalgalara emanet edilen bir dostluk \u00f6yk\u00fcs\u00fc\u2026 Terk edilmi\u015f, virane bir binay\u0131 ya\u015fanas\u0131 bir eve, kurak bir toprak par\u00e7as\u0131n\u0131 sahici kahkahalar\u0131n \u00e7\u0131nlad\u0131\u011f\u0131 bir cennet bah\u00e7esine d\u00f6n\u00fc\u015ft\u00fcrd\u00fc\u011f\u00fcm\u00fcz, burada yeni bir d\u00fcnya, huzurlu bir s\u0131\u011f\u0131nak ve s\u0131n\u0131rl\u0131 ili\u015fkilerden derin bir dostluk, hatta kocaman bir aile yaratt\u0131\u011f\u0131m\u0131z y\u0131llar\u0131n, bu \u015fenlikli, pat\u0131rt\u0131s\u0131 g\u00fcr\u00fclt\u00fcs\u00fc eksik olmayan kalabal\u0131k ailenin eksilmeden \u00f6nceki rengi: Mor! T\u00fcm renkler mora \u00e7al\u0131yor, g\u00fcn g\u00fcnden mor, bir eksik mor. Begonviller uzaklarda. Yaz gelecek mi, gelecek mi ger\u00e7ekten?<\/p>\n","protected":false},"excerpt":{"rendered":"<p>Ay\u015fe Sar\u0131say\u0131n, s\u0131ra d\u0131\u015f\u0131 bir kad\u0131n\u0131n, Elif Daldeniz Baysan\u2019\u0131n iki dil ve k\u00fclt\u00fcr aras\u0131ndaki gelgitlerle \u015fekillenen portresini sunuyor okurlara. Elif ve \u00e7evresinin kurmaya \u00e7al\u0131\u015ft\u0131\u011f\u0131 ba\u015fka bir<span class=\"excerpt-hellip\"> [\u2026]<\/span><\/p>\n","protected":false},"featured_media":0,"template":"","meta":{"_monsterinsights_skip_tracking":false,"_monsterinsights_sitenote_active":false,"_monsterinsights_sitenote_note":"","_monsterinsights_sitenote_category":0},"product_brand":[],"product_cat":[14009,12291],"product_tag":[],"class_list":{"0":"post-714787","1":"product","2":"type-product","3":"status-publish","5":"product_cat-biyografi-otobiyografi-edebiyat","6":"product_cat-edebiyat","7":"pa_cilt-ciltsiz","8":"pa_tur-kitap","9":"pa_yayinevi-can-yayinlari","10":"pa_yazar-ayse-sarisayin","12":"first","13":"instock","14":"sale","15":"shipping-taxable","16":"purchasable","17":"product-type-simple"},"_links":{"self":[{"href":"https:\/\/roveyayinevi.com.tr\/index.php\/wp-json\/wp\/v2\/product\/714787","targetHints":{"allow":["GET"]}}],"collection":[{"href":"https:\/\/roveyayinevi.com.tr\/index.php\/wp-json\/wp\/v2\/product"}],"about":[{"href":"https:\/\/roveyayinevi.com.tr\/index.php\/wp-json\/wp\/v2\/types\/product"}],"wp:attachment":[{"href":"https:\/\/roveyayinevi.com.tr\/index.php\/wp-json\/wp\/v2\/media?parent=714787"}],"wp:term":[{"taxonomy":"product_brand","embeddable":true,"href":"https:\/\/roveyayinevi.com.tr\/index.php\/wp-json\/wp\/v2\/product_brand?post=714787"},{"taxonomy":"product_cat","embeddable":true,"href":"https:\/\/roveyayinevi.com.tr\/index.php\/wp-json\/wp\/v2\/product_cat?post=714787"},{"taxonomy":"product_tag","embeddable":true,"href":"https:\/\/roveyayinevi.com.tr\/index.php\/wp-json\/wp\/v2\/product_tag?post=714787"}],"curies":[{"name":"wp","href":"https:\/\/api.w.org\/{rel}","templated":true}]}}