{"id":714765,"date":"2025-08-27T17:22:32","date_gmt":"2025-08-27T14:22:32","guid":{"rendered":"https:\/\/roveyayinevi.com.tr\/index.php\/urun\/bu-vatan-kimin\/"},"modified":"2025-09-20T15:54:42","modified_gmt":"2025-09-20T12:54:42","slug":"bu-vatan-kimin","status":"publish","type":"product","link":"https:\/\/roveyayinevi.com.tr\/index.php\/urun\/bu-vatan-kimin\/","title":{"rendered":"Bu Vatan Kimin?"},"content":{"rendered":"<p>Orhan \u015eaik G\u00f6kyay, \u015fiirlerinde en \u00e7ok vatan, tabiat, kahramanl\u0131k, yaln\u0131zl\u0131k konular\u0131n\u0131 ele alm\u0131\u015ft\u0131r. Fakat onu me\u015fhur eden \u015fiiri ise \u015f\u00fcphesiz dillere pelesenk olmu\u015f olan \u201cBu Vatan Kimin\u201d adl\u0131 \u015fiiridir. 1937 y\u0131l\u0131nda \u015fair Bursa\u2019da iken evinin yak\u0131nlar\u0131nda bulunan resm\u00ee bir dairenin dire\u011finde \u015faire mahzun bir h\u00e2lde durdu\u011fu g\u00f6r\u00fcnen bayra\u011f\u0131, \u0130stiklal Sava\u015f\u0131 y\u0131llar\u0131n\u0131 ya\u015fam\u0131\u015f \u015faire dert olmu\u015f ve bu \u015fiirin ilk m\u0131sralar\u0131 orada do\u011fmu\u015ftur. T\u00fcrk tarihini, T\u00fcrk milleti ve onun kahramanl\u0131k sembol\u00fc Mehmet\u00e7i\u011fi kar\u015f\u0131m\u0131za getiren bu destan; Orhan \u015eaik G\u00f6kyay\u2019\u0131n ad\u0131n\u0131 ilelebet ya\u015fatacak bir vatan yadigar\u0131d\u0131r.<\/p>\n","protected":false},"excerpt":{"rendered":"<p>Orhan \u015eaik G\u00f6kyay, \u015fiirlerinde en \u00e7ok vatan, tabiat, kahramanl\u0131k, yaln\u0131zl\u0131k konular\u0131n\u0131 ele alm\u0131\u015ft\u0131r. Fakat onu me\u015fhur eden \u015fiiri ise \u015f\u00fcphesiz dillere pelesenk olmu\u015f olan \u201cBu Vatan<span class=\"excerpt-hellip\"> [\u2026]<\/span><\/p>\n","protected":false},"featured_media":0,"template":"","meta":{"_monsterinsights_skip_tracking":false,"_monsterinsights_sitenote_active":false,"_monsterinsights_sitenote_note":"","_monsterinsights_sitenote_category":0},"product_brand":[],"product_cat":[12291,12509],"product_tag":[],"class_list":{"0":"post-714765","1":"product","2":"type-product","3":"status-publish","5":"product_cat-edebiyat","6":"product_cat-siir","7":"pa_cilt-ciltsiz","8":"pa_tur-kitap","9":"pa_yayinevi-yeditepe-yayinevi","10":"pa_yazar-orhan-saik-gokyay","12":"first","13":"instock","14":"sale","15":"shipping-taxable","16":"purchasable","17":"product-type-simple"},"_links":{"self":[{"href":"https:\/\/roveyayinevi.com.tr\/index.php\/wp-json\/wp\/v2\/product\/714765","targetHints":{"allow":["GET"]}}],"collection":[{"href":"https:\/\/roveyayinevi.com.tr\/index.php\/wp-json\/wp\/v2\/product"}],"about":[{"href":"https:\/\/roveyayinevi.com.tr\/index.php\/wp-json\/wp\/v2\/types\/product"}],"wp:attachment":[{"href":"https:\/\/roveyayinevi.com.tr\/index.php\/wp-json\/wp\/v2\/media?parent=714765"}],"wp:term":[{"taxonomy":"product_brand","embeddable":true,"href":"https:\/\/roveyayinevi.com.tr\/index.php\/wp-json\/wp\/v2\/product_brand?post=714765"},{"taxonomy":"product_cat","embeddable":true,"href":"https:\/\/roveyayinevi.com.tr\/index.php\/wp-json\/wp\/v2\/product_cat?post=714765"},{"taxonomy":"product_tag","embeddable":true,"href":"https:\/\/roveyayinevi.com.tr\/index.php\/wp-json\/wp\/v2\/product_tag?post=714765"}],"curies":[{"name":"wp","href":"https:\/\/api.w.org\/{rel}","templated":true}]}}