{"id":714651,"date":"2025-08-27T17:21:20","date_gmt":"2025-08-27T14:21:20","guid":{"rendered":"https:\/\/roveyayinevi.com.tr\/index.php\/urun\/gunumuz-turkcesiyle-nutuk\/"},"modified":"2026-04-16T02:22:55","modified_gmt":"2026-04-15T23:22:55","slug":"gunumuz-turkcesiyle-nutuk","status":"publish","type":"product","link":"https:\/\/roveyayinevi.com.tr\/index.php\/urun\/gunumuz-turkcesiyle-nutuk\/","title":{"rendered":"G\u00fcn\u00fcm\u00fcz T\u00fcrk\u00e7esiyle Nutuk"},"content":{"rendered":"<p>Nutuk, Mustafa Kemal Atat\u00fcrk\u2019\u00fcn, 19 May\u0131s 1919\u2019da Samsun\u2019a \u00e7\u0131k\u0131\u015f\u0131ndan itibaren kongreler ve Kurtulu\u015f Sava\u015f\u0131\u2019n\u0131, Lozan Konferans\u0131 ve saltanat\u0131n kald\u0131r\u0131lmas\u0131n\u0131, TBMM\u2019nin a\u00e7\u0131l\u0131\u015f\u0131 ve Cumhuriyet\u2019in kurulu\u015funu, CHP\u2019nin olu\u015fumu ve Terakkiperver F\u0131rka\u2019n\u0131n kapan\u0131\u015f\u0131n\u0131, k\u0131sacas\u0131 1919-1927 aras\u0131nda T\u00fcrkiye Cumhuriyeti\u2019nin kurulu\u015f tarihini anlatt\u0131\u011f\u0131 b\u00fcy\u00fck bir eserdir. Milli M\u00fccadele\u2019nin ve devrimlerin hangi ko\u015fullarda yap\u0131ld\u0131\u011f\u0131n\u0131, farkl\u0131 g\u00f6r\u00fc\u015flere ve tart\u0131\u015fmalara da dikkat \u00e7ekerek, b\u00fct\u00fcn a\u00e7\u0131kl\u0131\u011f\u0131yla ortaya koyan Atat\u00fcrk, nutkun sonunda gen\u00e7li\u011fe seslenir. Gen\u00e7li\u011fi, kutsal bir arma\u011fan olarak b\u0131rakt\u0131\u011f\u0131 ba\u011f\u0131ms\u0131z Cumhuriyet\u2019i sonsuza dek korumak ve savunmakla g\u00f6revlendirir. Bu b\u00fcy\u00fck eser, ana hatlar\u0131 ve kritik detaylar\u0131ylarahat\u00e7a okunabilmesi i\u00e7in, g\u00fcn\u00fcm\u00fcz T\u00fcrk\u00e7esine \u00e7evrildi ve ak\u0131c\u0131 bir anlat\u0131ma kavu\u015fturuldu. <\/p>\n","protected":false},"excerpt":{"rendered":"<p>Nutuk, Mustafa Kemal Atat\u00fcrk\u2019\u00fcn, 19 May\u0131s 1919\u2019da Samsun\u2019a \u00e7\u0131k\u0131\u015f\u0131ndan itibaren kongreler ve Kurtulu\u015f Sava\u015f\u0131\u2019n\u0131, Lozan Konferans\u0131 ve saltanat\u0131n kald\u0131r\u0131lmas\u0131n\u0131, TBMM\u2019nin a\u00e7\u0131l\u0131\u015f\u0131 ve Cumhuriyet\u2019in kurulu\u015funu, CHP\u2019nin olu\u015fumu<span class=\"excerpt-hellip\"> [\u2026]<\/span><\/p>\n","protected":false},"featured_media":0,"template":"","meta":{"_monsterinsights_skip_tracking":false,"_monsterinsights_sitenote_active":false,"_monsterinsights_sitenote_note":"","_monsterinsights_sitenote_category":0},"product_brand":[],"product_cat":[12530,12304],"product_tag":[],"class_list":{"0":"post-714651","1":"product","2":"type-product","3":"status-publish","5":"product_cat-mustafa-kemal-ataturk","6":"product_cat-tarih","7":"pa_cilt-ciltsiz","8":"pa_tur-kitap","9":"pa_yayinevi-yapi-kredi-yayinlari","10":"pa_yazar-mustafa-kemal-ataturk","12":"first","13":"instock","14":"sale","15":"shipping-taxable","16":"purchasable","17":"product-type-simple"},"_links":{"self":[{"href":"https:\/\/roveyayinevi.com.tr\/index.php\/wp-json\/wp\/v2\/product\/714651","targetHints":{"allow":["GET"]}}],"collection":[{"href":"https:\/\/roveyayinevi.com.tr\/index.php\/wp-json\/wp\/v2\/product"}],"about":[{"href":"https:\/\/roveyayinevi.com.tr\/index.php\/wp-json\/wp\/v2\/types\/product"}],"wp:attachment":[{"href":"https:\/\/roveyayinevi.com.tr\/index.php\/wp-json\/wp\/v2\/media?parent=714651"}],"wp:term":[{"taxonomy":"product_brand","embeddable":true,"href":"https:\/\/roveyayinevi.com.tr\/index.php\/wp-json\/wp\/v2\/product_brand?post=714651"},{"taxonomy":"product_cat","embeddable":true,"href":"https:\/\/roveyayinevi.com.tr\/index.php\/wp-json\/wp\/v2\/product_cat?post=714651"},{"taxonomy":"product_tag","embeddable":true,"href":"https:\/\/roveyayinevi.com.tr\/index.php\/wp-json\/wp\/v2\/product_tag?post=714651"}],"curies":[{"name":"wp","href":"https:\/\/api.w.org\/{rel}","templated":true}]}}