{"id":714623,"date":"2025-08-27T17:20:27","date_gmt":"2025-08-27T14:20:27","guid":{"rendered":"https:\/\/roveyayinevi.com.tr\/index.php\/urun\/yeni-mecmua-yazilari\/"},"modified":"2026-04-16T02:22:54","modified_gmt":"2026-04-15T23:22:54","slug":"yeni-mecmua-yazilari","status":"publish","type":"product","link":"https:\/\/roveyayinevi.com.tr\/index.php\/urun\/yeni-mecmua-yazilari\/","title":{"rendered":"Yeni Mecmua Yaz\u0131lar\u0131"},"content":{"rendered":"<p>\u0130stanbul\u2019da Yeni Mecmua ad\u0131yla biri Mehmet Talat, di\u011feri A. Cemal taraf\u0131ndan iki ayr\u0131 dergi \u00e7\u0131kar\u0131lm\u0131\u015ft\u0131r. Bunlardan ilki, Ziya G\u00f6kalp\u2019\u0131n \u00f6nc\u00fcl\u00fc\u011f\u00fcnde \u0130ttihat ve Terakki Cemiyeti\u2019nin madd\u00ee deste\u011fiyle 12 Temmuz 1917\u2019de haftal\u0131k olarak yay\u0131mlanmaya ba\u015flanm\u0131\u015ft\u0131r. Sahibi ve sorumlu m\u00fcd\u00fcr\u00fc \u0130ttihat ve Terakki\u2019nin \u00f6nde gelenlerinden Mehmet Talat (Talat Pa\u015fa) olarak g\u00f6r\u00fcnse de parti derginin yay\u0131n\u0131na do\u011frudan m\u00fcdahale etmemi\u015ftir. Yay\u0131n periyoduna b\u00fcy\u00fck oranda uyularak altm\u0131\u015f alt\u0131 say\u0131 \u00e7\u0131kar\u0131lan dergi, I. D\u00fcnya Sava\u015f\u0131\u2019ndan ba\u015far\u0131s\u0131zl\u0131kla \u00e7\u0131kan \u0130ttihat ve Terakki\u2019nin d\u00fc\u015f\u00fc\u015f\u00fc ve Mondros M\u00fctarekesi\u2019nin ard\u0131ndan 26 Ekim 1918\u2019de kapanm\u0131\u015f, derginin y\u00f6netimini \u00fcstlenen Ziya G\u00f6kalp tutuklanarak Malta\u2019ya s\u00fcr\u00fclm\u00fc\u015ft\u00fcr. 1 Ocak 1923\u2019te Falih R\u0131fk\u0131\u2019n\u0131n y\u00f6netiminde 67. say\u0131dan itibaren on be\u015f g\u00fcnl\u00fck periyotlarla tekrar yay\u0131n hayat\u0131na d\u00f6nen dergi uzun \u00f6m\u00fcrl\u00fc olamam\u0131\u015f ve 20 Aral\u0131k 1923\u2019teki 90. say\u0131s\u0131yla yay\u0131n hayat\u0131na son vermi\u015ftir. T\u00fcrk\u00e7\u00fcl\u00fck ve milliyet\u00e7ilik g\u00f6r\u00fc\u015f\u00fcne ba\u011fl\u0131 olan dergi devrin ilim, fikir ve edebiyat adamlar\u0131n\u0131 etraf\u0131nda toplam\u0131\u015f, ba\u015fl\u0131\u011f\u0131n\u0131n alt\u0131nda yer alan \u201cilim, sanat ve ahl\u00e2ka dair haftal\u0131k mecmua\u201d ibaresi do\u011frultusunda seviyeli bir yay\u0131nc\u0131l\u0131k ortaya koymu\u015ftur. Ziya G\u00f6kalp\u2019\u0131n da arzusuyla ilm\u00ee konular herkesin anlayabilece\u011fi bir dil ve \u00fcsl\u00fbpla kaleme al\u0131nmaya \u00e7al\u0131\u015f\u0131lm\u0131\u015ft\u0131r. Sosyoloji, edebiyat, tarih gibi alanlarda yaz\u0131lar\u0131na s\u0131k\u00e7a rastlanan Ziya G\u00f6kalp ba\u015fta olmak \u00fczere K\u00f6pr\u00fcl\u00fczade Mehmet Fuat, Ahmet Refik, Necmettin Sad\u0131k gibi isimler derginin yay\u0131n politikas\u0131n\u0131n belirlenmesinde de etkili olmu\u015ftur. Yahya Kemal daha haz\u0131rl\u0131k a\u015famas\u0131ndan itibaren G\u00f6kalp\u2019\u0131 desteklemi\u015f, dergiye \u201cmecmua\u201d ad\u0131n\u0131 o teklif etmi\u015f, G\u00f6kalp bu ada \u201cyeni\u201d s\u0131fat\u0131n\u0131 eklemi\u015ftir. Geni\u015f bir yazar kadrosu bulunan dergide \u201cHafta Musahabesi\u201d, \u201c\u0130\u00e7timaiyat\u201d, \u201cEdebiyat Musahabesi\u201d, \u201cTarih\u201d, \u201cFikir Hayat\u0131\u201d, \u201cEdebiyat Tarihi\u201d, \u201cTarih-i Sanat\u201d, \u201cMusiki\u201d, \u201cMimari\u201d gibi b\u00f6l\u00fcmler yer alm\u0131\u015ft\u0131r. Daha \u00e7ok \u201c\u0130\u00e7timaiyat\u201d ba\u015fl\u0131\u011f\u0131 alt\u0131nda yaz\u0131lar yazan G\u00f6kalp, dergiye T\u00fcrk\u00e7\u00fc bir g\u00f6r\u00fc\u015fle T\u00fcrk k\u00fclt\u00fcr ve medeniyetinin d\u00fcn\u00fcn\u00fc ve bug\u00fcn\u00fcn\u00fc ele alan \u00e7ok say\u0131da yaz\u0131 yazm\u0131\u015ft\u0131r. Daha sonra T\u00fcrk\u00e7\u00fcl\u00fc\u011f\u00fcn Esaslar\u0131\u2019n\u0131 olu\u015fturacak fikirlerinin bir b\u00f6l\u00fcm\u00fc de ilk defa bu yaz\u0131larda ortaya konmu\u015ftur.<\/p>\n","protected":false},"excerpt":{"rendered":"<p>\u0130stanbul\u2019da Yeni Mecmua ad\u0131yla biri Mehmet Talat, di\u011feri A. Cemal taraf\u0131ndan iki ayr\u0131 dergi \u00e7\u0131kar\u0131lm\u0131\u015ft\u0131r. Bunlardan ilki, Ziya G\u00f6kalp\u2019\u0131n \u00f6nc\u00fcl\u00fc\u011f\u00fcnde \u0130ttihat ve Terakki Cemiyeti\u2019nin madd\u00ee deste\u011fiyle<span class=\"excerpt-hellip\"> [\u2026]<\/span><\/p>\n","protected":false},"featured_media":0,"template":"","meta":{"_monsterinsights_skip_tracking":false,"_monsterinsights_sitenote_active":false,"_monsterinsights_sitenote_note":"","_monsterinsights_sitenote_category":0},"product_brand":[],"product_cat":[12835,12324],"product_tag":[],"class_list":{"0":"post-714623","1":"product","2":"type-product","3":"status-publish","5":"product_cat-genel-sosyoloji","6":"product_cat-sosyoloji","7":"pa_cilt-ciltsiz","8":"pa_tur-kitap","9":"pa_yayinevi-otuken-nesriyat","10":"pa_yazar-ziya-gokalp","12":"first","13":"instock","14":"sale","15":"shipping-taxable","16":"purchasable","17":"product-type-simple"},"_links":{"self":[{"href":"https:\/\/roveyayinevi.com.tr\/index.php\/wp-json\/wp\/v2\/product\/714623","targetHints":{"allow":["GET"]}}],"collection":[{"href":"https:\/\/roveyayinevi.com.tr\/index.php\/wp-json\/wp\/v2\/product"}],"about":[{"href":"https:\/\/roveyayinevi.com.tr\/index.php\/wp-json\/wp\/v2\/types\/product"}],"wp:attachment":[{"href":"https:\/\/roveyayinevi.com.tr\/index.php\/wp-json\/wp\/v2\/media?parent=714623"}],"wp:term":[{"taxonomy":"product_brand","embeddable":true,"href":"https:\/\/roveyayinevi.com.tr\/index.php\/wp-json\/wp\/v2\/product_brand?post=714623"},{"taxonomy":"product_cat","embeddable":true,"href":"https:\/\/roveyayinevi.com.tr\/index.php\/wp-json\/wp\/v2\/product_cat?post=714623"},{"taxonomy":"product_tag","embeddable":true,"href":"https:\/\/roveyayinevi.com.tr\/index.php\/wp-json\/wp\/v2\/product_tag?post=714623"}],"curies":[{"name":"wp","href":"https:\/\/api.w.org\/{rel}","templated":true}]}}