{"id":714415,"date":"2025-08-27T17:18:18","date_gmt":"2025-08-27T14:18:18","guid":{"rendered":"https:\/\/roveyayinevi.com.tr\/index.php\/urun\/walter-benjamin\/"},"modified":"2026-04-16T02:22:49","modified_gmt":"2026-04-15T23:22:49","slug":"walter-benjamin","status":"publish","type":"product","link":"https:\/\/roveyayinevi.com.tr\/index.php\/urun\/walter-benjamin\/","title":{"rendered":"Walter Benjamin"},"content":{"rendered":"<p>20. Y\u00fczy\u0131l\u0131n en b\u00fcy\u00fck d\u00fc\u015f\u00fcn\u00fcrlerinden Walter Benjamin&#8217;in ya\u015fam\u00f6yk\u00fcs\u00fc T\u00fcrk okuruyla bulu\u015fuyor. Ba\u015fyap\u0131t\u0131 say\u0131lan Pasajlar ve Tek Y\u00f6n kitaplar\u0131 daha \u00f6nce YKY aras\u0131nda yay\u0131mlanan yazar\u0131n, d\u00f6neminin hep biraz ilerisinde kalm\u0131\u015f d\u00fc\u015f\u00fcnceleri, umutsuz a\u015fklar\u0131, Scholem&#8217;le mektupla\u015fmalar\u0131, Adorno ve Brecht&#8217;le dostluklar\u0131, bunal\u0131mlar\u0131, toplama kamp\u0131nda gazete \u00e7\u0131karma planlar\u0131 ve 48 ya\u015f\u0131nda can\u0131na k\u0131y\u0131\u015f\u0131&#8230;Bir k\u00fclt\u00fcr adam\u0131n\u0131n hazin \u00f6yk\u00fcs\u00fc. D\u00fc\u015f\u00fcn\u00fcr, k\u00fclt\u00fcr tarih\u00e7isi, ele\u015ftirmen Walter Benjamin&#8217;in ya\u015fam\u0131n\u0131 ayr\u0131nt\u0131l\u0131 olarak inceleyen Bernd Witte&#8217;nin bu \u00e7al\u0131\u015fmas\u0131 dokuz b\u00f6l\u00fcmden olu\u015fuyor. Benjamin&#8217;in Berlin&#8217;de ge\u00e7en \u00e7ocuklu\u011fu, ta\u015fradaki iki y\u0131ll\u0131k yat\u0131l\u0131 okul ser\u00fcveni, \u00fcniversitede arkada\u015flar\u0131yla olu\u015fturdu\u011fu gen\u00e7lik hareketi, dergi \u00e7\u0131karma giri\u015fimleri, ilk yaz\u0131lar\u0131n\u0131n yay\u0131mlanmaya ba\u015flamas\u0131, do\u00e7entlik tezinin reddedilmesi, Jula Cohn ve Asja Lacis&#8217;e umutsuz a\u015fk\u0131, Moskova g\u00fcnleri, Paris-Berlin y\u00f6r\u00fcngesinde ge\u00e7en y\u0131llar\u0131, Dora Pollak&#8217;la ba\u015far\u0131s\u0131z evlili\u011fi, s\u00fcrg\u00fcnl\u00fck ve g\u00f6\u00e7 d\u00f6nemleri, Gestapo&#8217;dan ka\u00e7\u0131\u015f\u0131, Pasajlar projesi ve intihar\u0131 gibi izlekleriyle Alman d\u00fc\u015f\u00fcn\u00fcr\u00fcn ya\u015fam\u0131 yetkin bir bi\u00e7imde g\u00f6zler \u00f6n\u00fcne seriliyor. Walter Benjamin gibi ki\u015fisel ya\u015fam ili\u015fkilerini her zaman ola\u011fan\u00fcst\u00fc bir gizlilik i\u00e7inde korumu\u015f, yaz\u0131lar\u0131nda &#8220;ben&#8221; s\u00f6zc\u00fc\u011f\u00fcn\u00fc hi\u00e7 kullanmamay\u0131 bir yararl\u0131l\u0131k olarak g\u00f6rm\u00fc\u015f bir yazar\u0131 b\u00fct\u00fcn y\u00f6nleriyle tan\u0131tan, yap\u0131tlar\u0131n\u0131n arka plan\u0131na \u0131\u015f\u0131k tutan b\u00f6ylesi bir inceleme, yazar\u0131n d\u00fc\u015f\u00fcnce evrenine girebilmeyi sa\u011flayacak bir anahtar olma \u00f6zelli\u011fi de ta\u015f\u0131yor. Witte&#8217;nin \u00e7al\u0131\u015fmas\u0131, Benjamin&#8217;in Yahudi mistisizmi ve marksizmle kurdu\u011fu &#8220;\u00f6zel&#8221; ili\u015fkiyi geni\u015f boyutlu olarak yans\u0131tmas\u0131n\u0131n yan\u0131nda, T. Adorno ve M. Horkheimer gibi d\u00fc\u015f\u00fcn\u00fcrlere verdi\u011fi esinin izinin s\u00fcr\u00fclebilmesine de olanak tan\u0131yor. Walter Benjamin biyografisi, \u00fcretken ve hazin bir ya\u015famdan d\u00fcnyaya bak\u0131\u015f\u0131n kitab\u0131.<\/p>\n","protected":false},"excerpt":{"rendered":"<p>20. Y\u00fczy\u0131l\u0131n en b\u00fcy\u00fck d\u00fc\u015f\u00fcn\u00fcrlerinden Walter Benjamin&#8217;in ya\u015fam\u00f6yk\u00fcs\u00fc T\u00fcrk okuruyla bulu\u015fuyor. Ba\u015fyap\u0131t\u0131 say\u0131lan Pasajlar ve Tek Y\u00f6n kitaplar\u0131 daha \u00f6nce YKY aras\u0131nda yay\u0131mlanan yazar\u0131n, d\u00f6neminin hep<span class=\"excerpt-hellip\"> [\u2026]<\/span><\/p>\n","protected":false},"featured_media":0,"template":"","meta":{"_monsterinsights_skip_tracking":false,"_monsterinsights_sitenote_active":false,"_monsterinsights_sitenote_note":"","_monsterinsights_sitenote_category":0},"product_brand":[],"product_cat":[14009,12291],"product_tag":[],"class_list":{"0":"post-714415","1":"product","2":"type-product","3":"status-publish","5":"product_cat-biyografi-otobiyografi-edebiyat","6":"product_cat-edebiyat","7":"pa_cilt-ciltsiz","8":"pa_tur-kitap","9":"pa_yayinevi-yapi-kredi-yayinlari","10":"pa_yazar-bernd-witte","12":"first","13":"instock","14":"sale","15":"shipping-taxable","16":"purchasable","17":"product-type-simple"},"_links":{"self":[{"href":"https:\/\/roveyayinevi.com.tr\/index.php\/wp-json\/wp\/v2\/product\/714415","targetHints":{"allow":["GET"]}}],"collection":[{"href":"https:\/\/roveyayinevi.com.tr\/index.php\/wp-json\/wp\/v2\/product"}],"about":[{"href":"https:\/\/roveyayinevi.com.tr\/index.php\/wp-json\/wp\/v2\/types\/product"}],"wp:attachment":[{"href":"https:\/\/roveyayinevi.com.tr\/index.php\/wp-json\/wp\/v2\/media?parent=714415"}],"wp:term":[{"taxonomy":"product_brand","embeddable":true,"href":"https:\/\/roveyayinevi.com.tr\/index.php\/wp-json\/wp\/v2\/product_brand?post=714415"},{"taxonomy":"product_cat","embeddable":true,"href":"https:\/\/roveyayinevi.com.tr\/index.php\/wp-json\/wp\/v2\/product_cat?post=714415"},{"taxonomy":"product_tag","embeddable":true,"href":"https:\/\/roveyayinevi.com.tr\/index.php\/wp-json\/wp\/v2\/product_tag?post=714415"}],"curies":[{"name":"wp","href":"https:\/\/api.w.org\/{rel}","templated":true}]}}