{"id":714284,"date":"2025-08-27T17:16:54","date_gmt":"2025-08-27T14:16:54","guid":{"rendered":"https:\/\/roveyayinevi.com.tr\/index.php\/urun\/sefil-selimi\/"},"modified":"2026-04-16T02:22:46","modified_gmt":"2026-04-15T23:22:46","slug":"sefil-selimi","status":"publish","type":"product","link":"https:\/\/roveyayinevi.com.tr\/index.php\/urun\/sefil-selimi\/","title":{"rendered":"Sefil Selimi"},"content":{"rendered":"<p>20. y\u00fczy\u0131l\u0131n son d\u00f6nem a\u015f\u0131klar\u0131ndan Sefil Selim\u00ee, hem kendi d\u00f6nemi i\u00e7indeki \u015fiir anlay\u0131\u015f\u0131 a\u00e7\u0131s\u0131ndan hem de \u015fiirinin ge\u00e7mi\u015f ve gelecekle kurdu\u011fu ili\u015fki a\u00e7\u0131s\u0131ndan olduk\u00e7a k\u0131ymetli bir \u015fairimizdir. Onun \u015fiir anlay\u0131\u015f\u0131n\u0131n temelinde derin tasavvufi anlam boyutlar\u0131 ve divan edebiyat\u0131n\u0131n \u00e7a\u011flar\u0131 a\u015farak g\u00fcn\u00fcm\u00fcze ula\u015fan \u015fekil ve i\u00e7erik \u00f6zellikleri yatmaktad\u0131r.Sanat\u0131, d\u00fcnya g\u00f6r\u00fc\u015f\u00fcne uygun olarak \u201cinsan sevgisi\u201d ve \u201cvahdet inanc\u0131\u201dna dayanan \u015fair, insano\u011flunun d\u00fcnya hallerine, kulun di\u011fer kullarla ve Rabb\u2019i ile kurdu\u011fu ili\u015fkiye dair pek \u00e7ok \u015fiir s\u00f6ylemi\u015f ve bu \u015fiirlerle bir ayna misali kula kendi benli\u011fini ve Hakk\u2019\u0131 g\u00f6stermeyi d\u00fcstur edinmi\u015ftir. Anadolu\u2019nun y\u00fczy\u0131llar\u0131 a\u015farak gelen b\u00fct\u00fcn seslerini bir yakar\u0131\u015f \u015feklinde \u015fiirine nak\u015feden halk \u015fairimiz, b\u00e2t\u0131n\u00ee derinli\u011fi olan, edeb\u00ee muhitlerde yaz\u0131l\u0131 ya da s\u00f6zl\u00fc olarak bir sonraki nesle aktar\u0131lan, y\u00fczy\u0131llar\u0131n k\u00fclt\u00fcrel birikimini dile getiren arifane ve \u00e2\u015f\u0131kane \u015fiirleriyle g\u00f6nl\u00fcm\u00fczdeki ve gelenek i\u00e7indeki m\u00fcstesna yerini kazanm\u0131\u015ft\u0131r. <\/p>\n","protected":false},"excerpt":{"rendered":"<p>20. y\u00fczy\u0131l\u0131n son d\u00f6nem a\u015f\u0131klar\u0131ndan Sefil Selim\u00ee, hem kendi d\u00f6nemi i\u00e7indeki \u015fiir anlay\u0131\u015f\u0131 a\u00e7\u0131s\u0131ndan hem de \u015fiirinin ge\u00e7mi\u015f ve gelecekle kurdu\u011fu ili\u015fki a\u00e7\u0131s\u0131ndan olduk\u00e7a k\u0131ymetli bir<span class=\"excerpt-hellip\"> [\u2026]<\/span><\/p>\n","protected":false},"featured_media":0,"template":"","meta":{"_monsterinsights_skip_tracking":false,"_monsterinsights_sitenote_active":false,"_monsterinsights_sitenote_note":"","_monsterinsights_sitenote_category":0},"product_brand":[],"product_cat":[14009,12291],"product_tag":[],"class_list":{"0":"post-714284","1":"product","2":"type-product","3":"status-publish","5":"product_cat-biyografi-otobiyografi-edebiyat","6":"product_cat-edebiyat","7":"pa_cilt-ciltsiz","8":"pa_tur-kitap","9":"pa_yayinevi-ketebe-yayinlari","10":"pa_yazar-alim-yildiz","12":"first","13":"instock","14":"sale","15":"shipping-taxable","16":"purchasable","17":"product-type-simple"},"_links":{"self":[{"href":"https:\/\/roveyayinevi.com.tr\/index.php\/wp-json\/wp\/v2\/product\/714284","targetHints":{"allow":["GET"]}}],"collection":[{"href":"https:\/\/roveyayinevi.com.tr\/index.php\/wp-json\/wp\/v2\/product"}],"about":[{"href":"https:\/\/roveyayinevi.com.tr\/index.php\/wp-json\/wp\/v2\/types\/product"}],"wp:attachment":[{"href":"https:\/\/roveyayinevi.com.tr\/index.php\/wp-json\/wp\/v2\/media?parent=714284"}],"wp:term":[{"taxonomy":"product_brand","embeddable":true,"href":"https:\/\/roveyayinevi.com.tr\/index.php\/wp-json\/wp\/v2\/product_brand?post=714284"},{"taxonomy":"product_cat","embeddable":true,"href":"https:\/\/roveyayinevi.com.tr\/index.php\/wp-json\/wp\/v2\/product_cat?post=714284"},{"taxonomy":"product_tag","embeddable":true,"href":"https:\/\/roveyayinevi.com.tr\/index.php\/wp-json\/wp\/v2\/product_tag?post=714284"}],"curies":[{"name":"wp","href":"https:\/\/api.w.org\/{rel}","templated":true}]}}