{"id":714172,"date":"2025-08-27T17:15:47","date_gmt":"2025-08-27T14:15:47","guid":{"rendered":"https:\/\/roveyayinevi.com.tr\/index.php\/urun\/belgelerle-istiklal-marsi-tarihi\/"},"modified":"2026-04-16T02:22:44","modified_gmt":"2026-04-15T23:22:44","slug":"belgelerle-istiklal-marsi-tarihi","status":"publish","type":"product","link":"https:\/\/roveyayinevi.com.tr\/index.php\/urun\/belgelerle-istiklal-marsi-tarihi\/","title":{"rendered":"Belgelerle \u0130stiklal Mar\u015f\u0131 Tarihi"},"content":{"rendered":"<p>\u201cO s\u0131rada Gazi beni Ankara\u2019ya \u00e7a\u011f\u0131rm\u0131\u015ft\u0131. Gittim, g\u00f6r\u00fc\u015ft\u00fck. \u0130stanbul\u2019daki m\u00fcessesenin Ankara\u2019ya naklini emir buyurdular. Bu uzun bir hik\u00e2yedir. \u00c7\u00fcnk\u00fc hen\u00fcz \u0130stanbul\u2019da bulunan Sultan Vahdettin\u2019in haberi olmadan nakil i\u015fini yapmak laz\u0131m geliyordu. Bir hayli korkular ge\u00e7irerek nihayet \u00f6ylece yapt\u0131k. 150 ki\u015filik heyeti b\u00fct\u00fcn levaz\u0131m\u0131yla d\u00f6rt vagona y\u00fckleyerek Ankara\u2019ya naklettik. Hi\u00e7 unutmam, Ankara \u0130stasyonu ambarlar\u0131n\u0131n birindeki alt kata yerle\u015fmi\u015ftik. \u00dcst katta da muhafaza taburu vard\u0131. \u0130\u015fte o esnada Ankara\u2019da ilk balo veriliyordu. Gazi gelirken orkestraya bu mar\u015f\u0131 \u00e7ald\u0131rd\u0131m ve gittim kendisine: \u2018Pa\u015fam, mar\u015f\u0131n\u0131z budur.\u2019 dedim. Verdikleri cevap aynen \u015fu olmu\u015ftu: \u2018Allah raz\u0131 olsun Zeki Bey. \u00c7ok be\u011fendim, aferin!..\u2019 Bir lahza susarak d\u00fc\u015f\u00fcnd\u00fc ve \u015f\u00f6yle devam etti: \u2018Kendi eserimi methetmek bana d\u00fc\u015fmez ama anlayanlar\u0131n ittifakla tasdik ettiklerine g\u00f6re bu mar\u015f\u0131m\u0131z, b\u00fct\u00fcn mar\u015flar\u0131n i\u00e7inde en g\u00fczelidir. \u015eimdi bunu biz kendimiz fenala\u015ft\u0131rmak m\u0131 istiyoruz, anlam\u0131yorum\u2026 Hem bu kadar m\u00fcnaka\u015faya ne hacet?.. G\u00fcfte meydanda\u2026 Daha iyisini yaps\u0131nlar.\u2019\u201d Osman Zeki \u00dcng\u00f6r <\/p>\n","protected":false},"excerpt":{"rendered":"<p>\u201cO s\u0131rada Gazi beni Ankara\u2019ya \u00e7a\u011f\u0131rm\u0131\u015ft\u0131. Gittim, g\u00f6r\u00fc\u015ft\u00fck. \u0130stanbul\u2019daki m\u00fcessesenin Ankara\u2019ya naklini emir buyurdular. Bu uzun bir hik\u00e2yedir. \u00c7\u00fcnk\u00fc hen\u00fcz \u0130stanbul\u2019da bulunan Sultan Vahdettin\u2019in haberi olmadan<span class=\"excerpt-hellip\"> [\u2026]<\/span><\/p>\n","protected":false},"featured_media":0,"template":"","meta":{"_monsterinsights_skip_tracking":false,"_monsterinsights_sitenote_active":false,"_monsterinsights_sitenote_note":"","_monsterinsights_sitenote_category":0},"product_brand":[],"product_cat":[12370,12304],"product_tag":[],"class_list":{"0":"post-714172","1":"product","2":"type-product","3":"status-publish","5":"product_cat-arastirma-inceleme","6":"product_cat-tarih","7":"pa_cilt-ciltsiz","8":"pa_tur-kitap","9":"pa_yayinevi-baslangic-yayinlari","10":"pa_yazar-kasim-kocabas","12":"first","13":"instock","14":"sale","15":"shipping-taxable","16":"purchasable","17":"product-type-simple"},"_links":{"self":[{"href":"https:\/\/roveyayinevi.com.tr\/index.php\/wp-json\/wp\/v2\/product\/714172","targetHints":{"allow":["GET"]}}],"collection":[{"href":"https:\/\/roveyayinevi.com.tr\/index.php\/wp-json\/wp\/v2\/product"}],"about":[{"href":"https:\/\/roveyayinevi.com.tr\/index.php\/wp-json\/wp\/v2\/types\/product"}],"wp:attachment":[{"href":"https:\/\/roveyayinevi.com.tr\/index.php\/wp-json\/wp\/v2\/media?parent=714172"}],"wp:term":[{"taxonomy":"product_brand","embeddable":true,"href":"https:\/\/roveyayinevi.com.tr\/index.php\/wp-json\/wp\/v2\/product_brand?post=714172"},{"taxonomy":"product_cat","embeddable":true,"href":"https:\/\/roveyayinevi.com.tr\/index.php\/wp-json\/wp\/v2\/product_cat?post=714172"},{"taxonomy":"product_tag","embeddable":true,"href":"https:\/\/roveyayinevi.com.tr\/index.php\/wp-json\/wp\/v2\/product_tag?post=714172"}],"curies":[{"name":"wp","href":"https:\/\/api.w.org\/{rel}","templated":true}]}}