{"id":714153,"date":"2025-08-27T17:15:36","date_gmt":"2025-08-27T14:15:36","guid":{"rendered":"https:\/\/roveyayinevi.com.tr\/index.php\/urun\/zorla-yerlestirmeden-yerinden-etmeye-turkiyede-degisen-iskan-politikalari\/"},"modified":"2026-04-16T02:22:43","modified_gmt":"2026-04-15T23:22:43","slug":"zorla-yerlestirmeden-yerinden-etmeye-turkiyede-degisen-iskan-politikalari","status":"publish","type":"product","link":"https:\/\/roveyayinevi.com.tr\/index.php\/urun\/zorla-yerlestirmeden-yerinden-etmeye-turkiyede-degisen-iskan-politikalari\/","title":{"rendered":"Zorla Yerle\u015ftirmeden Yerinden Etmeye T\u00fcrkiye\u2019de De\u011fi\u015fen \u0130skan Politikalar\u0131"},"content":{"rendered":"<p>\u201cNe yaz\u0131k ki, T\u00fcrkiye\u2019de toplumun \u00e7o\u011funlu\u011fu, ge\u00e7mi\u015finde g\u00f6\u00e7 ve yerle\u015ftirmeyle ilgili ac\u0131l\u0131 an\u0131lar\u0131 olsa da, isk\u00e2n kurumunun bug\u00fcnk\u00fc d\u0131\u015fa kapal\u0131 ve yabanc\u0131 korkusuyla zedelenmi\u015f arkaik anlay\u0131\u015f\u0131n\u0131 destekliyor. Oysa, bug\u00fcn\u00fcn ma\u011fdurlar\u0131 olan yabanc\u0131lar\u0131n, m\u00fcltecilerin, s\u0131\u011f\u0131nmac\u0131lar\u0131n konumu, ancak \u2018insan haklar\u0131\u2019 fikrinin yayg\u0131n olarak benimsenmesi ve i\u00e7selle\u015ftirilmesiyle iyile\u015febilir. Ayn\u0131 \u015fekilde, ne yaz\u0131k ki, kentlerde ve k\u0131rsal alanlarda yerinden edilenler ve kamula\u015ft\u0131rma ma\u011fdurlar\u0131 adeta \u00e7o\u011funlu\u011fun sessizli\u011fine muhatapt\u0131rlar.\u201dToplum m\u00fchendisli\u011fi laf\u0131n\u0131n sosyal bilimlerden g\u00fcnl\u00fck politikaya sirayet etti\u011fi g\u00fcn\u00fcm\u00fczde, bu \u201cm\u00fchendisli\u011fin\u201d en etkili ara\u00e7lar\u0131ndan olan isk\u00e2n politikalar\u0131n\u0131n pek az dikkat \u00e7ekmesi, pek az tart\u0131\u015f\u0131lmas\u0131, \u00e7arp\u0131c\u0131 bir \u00e7eli\u015fki. \u015eehircilik ve n\u00fcfus \u00e7al\u0131\u015fmalar\u0131n\u0131n \u00fclkemizdeki \u00f6nemli ustalar\u0131ndan Sema Erder\u2019in kitab\u0131, bu tart\u0131\u015fmay\u0131 a\u00e7\u0131yor. Kitap ayn\u0131 zamanda, T\u00fcrkiye\u2019nin tarihini isk\u00e2n politikalar\u0131 \u00fczerinden okumam\u0131z\u0131 sa\u011fl\u0131yor: T\u00fcrkiye-Yunanistan N\u00fcfus M\u00fcbadelesi&#8230; K\u00fcrtler ve Aleviler\u2019in zorla yerle\u015ftirilmesi&#8230; Ulus-devletin yap\u0131ta\u015f\u0131 mahiyetindeki 1934 \u0130sk\u00e2n Kanunu&#8230; Yeni devletin \u201ckurucu unsuru\u201d olmaktan \u201cd\u0131\u015f T\u00fcrkler\u201d stat\u00fcs\u00fcne Balkan g\u00f6\u00e7menleri&#8230; Son \u201c\u015fenlendirme uygulamas\u0131\u201d niteli\u011findeki 1974 K\u0131br\u0131s n\u00fcfus yerle\u015ftirmesi&#8230; 1980\u2019lerin ikinci yar\u0131s\u0131ndan sonra \u201cg\u00fcvenlik ama\u00e7l\u0131\u201d kitlesel s\u00fcrg\u00fcnler&#8230; Osmanl\u0131\u2019da isk\u00e2n kurumunun olu\u015fumundan, Cumhuriyet d\u00f6nemine, yerle\u015ftirme ve g\u00f6\u00e7ertmenin etkili bir y\u00f6netim mekanizmas\u0131 olarak i\u015fletildi\u011fini g\u00f6r\u00fcyoruz. Erder, g\u00fcn\u00fcm\u00fczdeki isk\u00e2n anlay\u0131\u015f\u0131n\u0131 s\u00fcreklilik ve de\u011fi\u015fim boyutlar\u0131yla ele al\u0131rken; gerek afetler gerek kamu yat\u0131r\u0131mlar\u0131 nedeniyle yerinden edilip m\u00fclks\u00fczle\u015ftirilenlere de bak\u0131yor ve yeni \u0130sk\u00e2n Kanunu\u2019nun in\u015faat sekt\u00f6r\u00fcn\u00fcn \u201ckolayla\u015ft\u0131r\u0131c\u0131s\u0131\u201d olma i\u015flevine dikkat \u00e7ekiyor. <\/p>\n","protected":false},"excerpt":{"rendered":"<p>\u201cNe yaz\u0131k ki, T\u00fcrkiye\u2019de toplumun \u00e7o\u011funlu\u011fu, ge\u00e7mi\u015finde g\u00f6\u00e7 ve yerle\u015ftirmeyle ilgili ac\u0131l\u0131 an\u0131lar\u0131 olsa da, isk\u00e2n kurumunun bug\u00fcnk\u00fc d\u0131\u015fa kapal\u0131 ve yabanc\u0131 korkusuyla zedelenmi\u015f arkaik anlay\u0131\u015f\u0131n\u0131<span class=\"excerpt-hellip\"> [\u2026]<\/span><\/p>\n","protected":false},"featured_media":0,"template":"","meta":{"_monsterinsights_skip_tracking":false,"_monsterinsights_sitenote_active":false,"_monsterinsights_sitenote_note":"","_monsterinsights_sitenote_category":0},"product_brand":[],"product_cat":[12767,12324],"product_tag":[],"class_list":{"0":"post-714153","1":"product","2":"type-product","3":"status-publish","5":"product_cat-kentlesme-modernlesme","6":"product_cat-sosyoloji","7":"pa_cilt-ciltsiz","8":"pa_tur-kitap","9":"pa_yayinevi-iletisim-yayinlari","10":"pa_yazar-sema-erder","12":"first","13":"instock","14":"sale","15":"shipping-taxable","16":"purchasable","17":"product-type-simple"},"_links":{"self":[{"href":"https:\/\/roveyayinevi.com.tr\/index.php\/wp-json\/wp\/v2\/product\/714153","targetHints":{"allow":["GET"]}}],"collection":[{"href":"https:\/\/roveyayinevi.com.tr\/index.php\/wp-json\/wp\/v2\/product"}],"about":[{"href":"https:\/\/roveyayinevi.com.tr\/index.php\/wp-json\/wp\/v2\/types\/product"}],"wp:attachment":[{"href":"https:\/\/roveyayinevi.com.tr\/index.php\/wp-json\/wp\/v2\/media?parent=714153"}],"wp:term":[{"taxonomy":"product_brand","embeddable":true,"href":"https:\/\/roveyayinevi.com.tr\/index.php\/wp-json\/wp\/v2\/product_brand?post=714153"},{"taxonomy":"product_cat","embeddable":true,"href":"https:\/\/roveyayinevi.com.tr\/index.php\/wp-json\/wp\/v2\/product_cat?post=714153"},{"taxonomy":"product_tag","embeddable":true,"href":"https:\/\/roveyayinevi.com.tr\/index.php\/wp-json\/wp\/v2\/product_tag?post=714153"}],"curies":[{"name":"wp","href":"https:\/\/api.w.org\/{rel}","templated":true}]}}