{"id":714128,"date":"2025-08-27T17:15:21","date_gmt":"2025-08-27T14:15:21","guid":{"rendered":"https:\/\/roveyayinevi.com.tr\/index.php\/urun\/kayseri-cezaevi-gunlugu\/"},"modified":"2026-04-16T02:22:43","modified_gmt":"2026-04-15T23:22:43","slug":"kayseri-cezaevi-gunlugu","status":"publish","type":"product","link":"https:\/\/roveyayinevi.com.tr\/index.php\/urun\/kayseri-cezaevi-gunlugu\/","title":{"rendered":"Kayseri Cezaevi G\u00fcnl\u00fc\u011f\u00fc"},"content":{"rendered":"<p>Celal Bayar yakla\u015f\u0131k \u00fc\u00e7 y\u0131l kald\u0131\u011f\u0131 Kayseri Cezaevi\u2019ndeki g\u00fcnlerini anlat\u0131rken, geriye d\u00f6n\u00fc\u015fler yaparak, Yass\u0131ada an\u0131lar\u0131n\u0131 da aktar\u0131yor. \u201c&#8230; vaktiyle bu avluda a\u011fa\u00e7lar varm\u0131\u015f. Zemin de toprakm\u0131\u015f. Yass\u0131ada davalar\u0131 ba\u015flad\u0131klar\u0131 s\u0131rada hapishanenin tamir ve \u0131slah\u0131 ele al\u0131nm\u0131\u015f, bir subay bu i\u015fle vazifelendirilmi\u015f. Uza\u011f\u0131 g\u00f6ren insanlar! Mahkemenin 450-500 ki\u015fiyi mahk\u00fbm ederek buraya g\u00f6ndereceklerini derin bir ferasetle daha o zaman anlam\u0131\u015flar! \u0130\u015fte bu tamir s\u0131ras\u0131nda avludaki a\u011fa\u00e7lar kesilmi\u015f, toprak yere Erciyes\u2019in ate\u015f p\u00fcsk\u00fcrd\u00fc\u011f\u00fc devirden kalma siyah ta\u015flar \u2013arnavutkald\u0131r\u0131m\u0131 tarz\u0131nda\u2013 d\u00f6\u015fenmi\u015f. Bu intizams\u0131z kara ta\u015flar \u00fczerinde y\u00fcr\u00fcr, d\u00f6rt duvar aras\u0131nda ba\u015f\u0131m\u0131z\u0131 yukar\u0131ya kald\u0131r\u0131r, mavi semadan temiz hava dilenirken, k\u00fc\u00e7\u00fck bir \u201cfiliz\u201d dikkatimizi \u00e7ekti. Samet bu filizi himayesine ald\u0131, korudu, b\u00fcy\u00fcmesi i\u00e7in ihtimam g\u00f6sterdi. Filiz, kesilmi\u015f bir a\u011fac\u0131n k\u00f6k\u00fcnden s\u00fcrm\u00fc\u015ft\u00fc. \u00d6l\u00e7t\u00fcm, tam \u00fc\u00e7 kar\u0131\u015f boylanm\u0131\u015f, k\u0131\u015f\u0131n kuruttu\u011fu yapraklar\u0131 d\u00f6k\u00fclm\u00fc\u015f, yerine ye\u015fil tomurcuklar belirmi\u015f. Bu hal bana d\u0131\u015far\u0131da bahar\u0131n ba\u015flad\u0131\u011f\u0131n\u0131 hat\u0131rlatt\u0131. D\u00fc\u015f\u00fcnd\u00fcm: \u0130stanbul bahar\u0131n\u0131n g\u00fczelli\u011fiyle me\u015fhur \u015fehirlerimiz cennet olarak nazar\u0131mda canland\u0131. Odama d\u00f6nd\u00fc\u011f\u00fcm zaman, Kayseri Hastanesi\u2019nden muayeneden gelen Bahad\u0131r D\u00fclger \u201cBahar gelmi\u015f, d\u0131\u015far\u0131s\u0131 yemye\u015fil\u201d dedi. Ben de bu filizin beni aldatmad\u0131\u011f\u0131n\u0131 anlad\u0131m.\u201d Tart\u0131\u015fmal\u0131 bir d\u00f6nemin birinci elden tan\u0131kl\u0131\u011f\u0131&#8230; \ufffcTan\u0131t\u0131m Metni<\/p>\n","protected":false},"excerpt":{"rendered":"<p>Celal Bayar yakla\u015f\u0131k \u00fc\u00e7 y\u0131l kald\u0131\u011f\u0131 Kayseri Cezaevi\u2019ndeki g\u00fcnlerini anlat\u0131rken, geriye d\u00f6n\u00fc\u015fler yaparak, Yass\u0131ada an\u0131lar\u0131n\u0131 da aktar\u0131yor. \u201c&#8230; vaktiyle bu avluda a\u011fa\u00e7lar varm\u0131\u015f. Zemin de toprakm\u0131\u015f.<span class=\"excerpt-hellip\"> [\u2026]<\/span><\/p>\n","protected":false},"featured_media":0,"template":"","meta":{"_monsterinsights_skip_tracking":false,"_monsterinsights_sitenote_active":false,"_monsterinsights_sitenote_note":"","_monsterinsights_sitenote_category":0},"product_brand":[],"product_cat":[12304,14128],"product_tag":[],"class_list":{"0":"post-714128","1":"product","2":"type-product","3":"status-publish","5":"product_cat-tarih","6":"product_cat-yakin-tarih","7":"pa_cilt-ciltsiz","8":"pa_tur-kitap","9":"pa_yayinevi-yapi-kredi-yayinlari","10":"pa_yazar-celal-bayar","12":"first","13":"instock","14":"sale","15":"shipping-taxable","16":"purchasable","17":"product-type-simple"},"_links":{"self":[{"href":"https:\/\/roveyayinevi.com.tr\/index.php\/wp-json\/wp\/v2\/product\/714128","targetHints":{"allow":["GET"]}}],"collection":[{"href":"https:\/\/roveyayinevi.com.tr\/index.php\/wp-json\/wp\/v2\/product"}],"about":[{"href":"https:\/\/roveyayinevi.com.tr\/index.php\/wp-json\/wp\/v2\/types\/product"}],"wp:attachment":[{"href":"https:\/\/roveyayinevi.com.tr\/index.php\/wp-json\/wp\/v2\/media?parent=714128"}],"wp:term":[{"taxonomy":"product_brand","embeddable":true,"href":"https:\/\/roveyayinevi.com.tr\/index.php\/wp-json\/wp\/v2\/product_brand?post=714128"},{"taxonomy":"product_cat","embeddable":true,"href":"https:\/\/roveyayinevi.com.tr\/index.php\/wp-json\/wp\/v2\/product_cat?post=714128"},{"taxonomy":"product_tag","embeddable":true,"href":"https:\/\/roveyayinevi.com.tr\/index.php\/wp-json\/wp\/v2\/product_tag?post=714128"}],"curies":[{"name":"wp","href":"https:\/\/api.w.org\/{rel}","templated":true}]}}