{"id":714087,"date":"2025-08-27T17:14:56","date_gmt":"2025-08-27T14:14:56","guid":{"rendered":"https:\/\/roveyayinevi.com.tr\/index.php\/urun\/gencler-icin-nutuk\/"},"modified":"2026-04-16T02:22:27","modified_gmt":"2026-04-15T23:22:27","slug":"gencler-icin-nutuk","status":"publish","type":"product","link":"https:\/\/roveyayinevi.com.tr\/index.php\/urun\/gencler-icin-nutuk\/","title":{"rendered":"Gen\u00e7ler i\u00e7in Nutuk"},"content":{"rendered":"<p>\u201cB\u00fct\u00fcn \u00fcmidim gen\u00e7liktedir.\u201d- M. Kemal Atat\u00fcrk\u201cEy T\u00fcrk gen\u00e7li\u011fi! Birinci vazifen, T\u00fcrk istikl\u00e2lini, T\u00fcrk Cumhuriyeti&#8217;ni, ilelebet muhafaza ve m\u00fcdafaa etmektir. Mevcudiyetinin ve istikbalinin yeg\u00e2ne temeli budur. Bu temel, senin en k\u0131ymetli hazinendir. \u0130stikbalde dahi, seni bu hazineden mahrum etmek isteyecek dahil\u00ee ve harici bedhahlar\u0131n olacakt\u0131r. Bir g\u00fcn, istikl\u00e2l ve Cumhuriyet&#8217;i m\u00fcdafaa mecburiyetine d\u00fc\u015fersen, vazifeye at\u0131lmak i\u00e7in, i\u00e7inde bulunaca\u011f\u0131n vaziyetin imk\u00e2n ve \u015fer\u00e2itini d\u00fc\u015f\u00fcnmeyeceksin! Bu imk\u00e2n ve \u015fer\u00e2it, \u00e7ok nam\u00fcsait bir mahiyette tezah\u00fcr edebilir. \u0130stikl\u00e2l ve Cumhuriyetine kastedecek d\u00fc\u015fmanlar, b\u00fct\u00fcn d\u00fcnyada emsali g\u00f6r\u00fclmemi\u015f bir galibiyetin m\u00fcmessili olabilirler. Cebren ve hile ile aziz vatan\u0131n b\u00fct\u00fcn kaleleri zaptedilmi\u015f, b\u00fct\u00fcn tersanelerine girilmi\u015f, b\u00fct\u00fcn ordular\u0131 da\u011f\u0131t\u0131lm\u0131\u015f ve memleketin her k\u00f6\u015fesi bilfiil i\u015fgal edilmi\u015f olabilir. B\u00fct\u00fcn bu \u015fer\u00e2itten daha el\u00eem ve daha vahim olmak \u00fczere, memleketin dahilinde, iktidara sahip olanlar gaflet ve dal\u00e2let ve hatt\u00e2 h\u0131yanet i\u00e7inde bulunabilirler. Hatt\u00e2 bu iktidar sahipleri, \u015fahs\u00ee menfaatlerini, m\u00fcstevl\u00eelerin siyasi emelleriyle tevhid edebilirler. Millet, fakr-\u00fc zaruret i\u00e7inde harap ve b\u00eetap d\u00fc\u015fm\u00fc\u015f olabilir. Ey T\u00fcrk istikbalinin evl\u00e2d\u0131! \u0130\u015fte, bu ahval ve \u015fer\u00e2it i\u00e7inde dahi vazifen, T\u00fcrk istikl\u00e2l ve Cumhuriyetini kurtarmakt\u0131r! Muhta\u00e7 oldu\u011fun kudret, damarlar\u0131ndaki asil kanda mevcuttur!\u201d <\/p>\n","protected":false},"excerpt":{"rendered":"<p>\u201cB\u00fct\u00fcn \u00fcmidim gen\u00e7liktedir.\u201d- M. Kemal Atat\u00fcrk\u201cEy T\u00fcrk gen\u00e7li\u011fi! Birinci vazifen, T\u00fcrk istikl\u00e2lini, T\u00fcrk Cumhuriyeti&#8217;ni, ilelebet muhafaza ve m\u00fcdafaa etmektir. Mevcudiyetinin ve istikbalinin yeg\u00e2ne temeli budur. Bu<span class=\"excerpt-hellip\"> [\u2026]<\/span><\/p>\n","protected":false},"featured_media":0,"template":"","meta":{"_monsterinsights_skip_tracking":false,"_monsterinsights_sitenote_active":false,"_monsterinsights_sitenote_note":"","_monsterinsights_sitenote_category":0},"product_brand":[],"product_cat":[12530,12304],"product_tag":[],"class_list":{"0":"post-714087","1":"product","2":"type-product","3":"status-publish","5":"product_cat-mustafa-kemal-ataturk","6":"product_cat-tarih","7":"pa_cilt-ciltsiz","8":"pa_tur-kitap","9":"pa_yayinevi-ren-kitap","10":"pa_yazar-mustafa-kemal-ataturk","12":"first","13":"instock","14":"sale","15":"shipping-taxable","16":"purchasable","17":"product-type-simple"},"_links":{"self":[{"href":"https:\/\/roveyayinevi.com.tr\/index.php\/wp-json\/wp\/v2\/product\/714087","targetHints":{"allow":["GET"]}}],"collection":[{"href":"https:\/\/roveyayinevi.com.tr\/index.php\/wp-json\/wp\/v2\/product"}],"about":[{"href":"https:\/\/roveyayinevi.com.tr\/index.php\/wp-json\/wp\/v2\/types\/product"}],"wp:attachment":[{"href":"https:\/\/roveyayinevi.com.tr\/index.php\/wp-json\/wp\/v2\/media?parent=714087"}],"wp:term":[{"taxonomy":"product_brand","embeddable":true,"href":"https:\/\/roveyayinevi.com.tr\/index.php\/wp-json\/wp\/v2\/product_brand?post=714087"},{"taxonomy":"product_cat","embeddable":true,"href":"https:\/\/roveyayinevi.com.tr\/index.php\/wp-json\/wp\/v2\/product_cat?post=714087"},{"taxonomy":"product_tag","embeddable":true,"href":"https:\/\/roveyayinevi.com.tr\/index.php\/wp-json\/wp\/v2\/product_tag?post=714087"}],"curies":[{"name":"wp","href":"https:\/\/api.w.org\/{rel}","templated":true}]}}