{"id":714078,"date":"2025-08-27T17:14:51","date_gmt":"2025-08-27T14:14:51","guid":{"rendered":"https:\/\/roveyayinevi.com.tr\/index.php\/urun\/tevarih-i-cedid-i-mirat-i-cihan\/"},"modified":"2026-04-16T02:22:26","modified_gmt":"2026-04-15T23:22:26","slug":"tevarih-i-cedid-i-mirat-i-cihan","status":"publish","type":"product","link":"https:\/\/roveyayinevi.com.tr\/index.php\/urun\/tevarih-i-cedid-i-mirat-i-cihan\/","title":{"rendered":"Tevarih-i Cedid-i Mir&#8217;at-\u0131 Cihan"},"content":{"rendered":"<p>Bursal\u0131 Mehmed Tahir\u2019in, Osmanl\u0131 M\u00fcellifleri adl\u0131 eserinde \u201c1020 (1611-1612) tarihi ric\u00e2linden oldu\u011fu m\u00fcsteb\u00e2n\u201d dedi\u011fi ve herhangi bir kaynak g\u00f6stermeden Bayburtlu oldu\u011funu belirtti\u011fi, \u0130smet Miro\u011flu\u2019nun, tahrir kay\u0131tlar\u0131na g\u00f6re Bayburtlu ve tam ad\u0131n\u0131n Ferruh\u015fad Beyzade Osman oldu\u011funu kan\u0131tlad\u0131\u011f\u0131 Bayburtlu Osman\u2019\u0131n kaleminden \u00e7\u0131kan Tev\u00e2rih-i Ced\u00eed-i Mir\u2019\u00e2t-\u0131 Cih\u00e2n, Ats\u0131z taraf\u0131ndan 1936\u2019da bir kitap\u00e7\u0131da bulunmu\u015f ve 384 sayfal\u0131k eserin T\u00fcrklere dair olan b\u00f6l\u00fcm\u00fc kendi eliyle istinsah edilmi\u015ftir. Ats\u0131z\u2019\u0131n III. Murad d\u00f6neminde yaz\u0131ld\u0131\u011f\u0131n\u0131 belirtti\u011fi Mir\u2019\u00e2t-\u0131 Cih\u00e2n, fihristinden anla\u015f\u0131ld\u0131\u011f\u0131 kadar\u0131yla \u201cunvan\u201d ad\u0131 verilen sekiz b\u00f6l\u00fcmden olu\u015fmu\u015ftur. D\u00f6rd\u00fcnc\u00fc b\u00f6l\u00fcm tamamlanmadan eserin kesildi\u011fini belirten Ats\u0131z\u2019a g\u00f6re, fihristte zikredilen di\u011fer d\u00f6rt b\u00f6l\u00fcm ise hi\u00e7 yoktur. Eserin b\u00fcy\u00fck b\u00f6l\u00fcm\u00fc din\u00ee hurafelerden bahsederken, sadece 208-259. sayfalar aras\u0131ndaki \u00fc\u00e7\u00fcnc\u00fc b\u00f6l\u00fcm bir tarih niteli\u011fini ta\u015f\u0131maktad\u0131r ve bu b\u00f6l\u00fcm\u00fcn 235-259. sayfalar\u0131 baz\u0131 yerlerde kronolojik s\u0131ray\u0131 g\u00f6zetmeden k\u0131sa fas\u0131llar halinde Nuh o\u011flu Yafes o\u011flu Bulcas Han\u2019dan Sultan III. Murad\u2019a kadarki T\u00fcrk tarihine hasredilmi\u015ftir. Bununla beraber eserin kenar\u0131na en eskisi Hac\u0131 Bekta\u015f\u2019\u0131n \u00f6l\u00fcm\u00fcne, en sonuncusu Kandiye\u2019nin fethine ait tarihler, yazar\u0131n \u00f6l\u00fcm\u00fcnden sonra me\u00e7hul bir m\u00fcstensih taraf\u0131ndan eklenmi\u015ftir. Ats\u0131z\u2019\u0131n istinsah etmesinden sonra Berlin\u2019e giden ve muhtemelen \u0130kinci D\u00fcnya Sava\u015f\u0131 gayyas\u0131nda yiten Mir\u2019\u00e2t-\u0131 Cih\u00e2n\u2019\u0131n s\u00f6zkonusu n\u00fcshas\u0131n\u0131n ne oldu\u011fu art\u0131k me\u00e7huld\u00fcr. Bu sebeple, elimizdeki \u00e7al\u0131\u015fma ayr\u0131 bir \u00f6nem kazanmakta ve Ats\u0131z Bey\u2019in T\u00fcrk tarih\u00e7ili\u011fine katk\u0131lar\u0131ndan biri olarak k\u00fclliyat\u0131nda yer almaktad\u0131r. <\/p>\n","protected":false},"excerpt":{"rendered":"<p>Bursal\u0131 Mehmed Tahir\u2019in, Osmanl\u0131 M\u00fcellifleri adl\u0131 eserinde \u201c1020 (1611-1612) tarihi ric\u00e2linden oldu\u011fu m\u00fcsteb\u00e2n\u201d dedi\u011fi ve herhangi bir kaynak g\u00f6stermeden Bayburtlu oldu\u011funu belirtti\u011fi, \u0130smet Miro\u011flu\u2019nun, tahrir kay\u0131tlar\u0131na<span class=\"excerpt-hellip\"> [\u2026]<\/span><\/p>\n","protected":false},"featured_media":0,"template":"","meta":{"_monsterinsights_skip_tracking":false,"_monsterinsights_sitenote_active":false,"_monsterinsights_sitenote_note":"","_monsterinsights_sitenote_category":0},"product_brand":[],"product_cat":[12304,13650],"product_tag":[],"class_list":{"0":"post-714078","1":"product","2":"type-product","3":"status-publish","5":"product_cat-tarih","6":"product_cat-turk-tarihi-arastirmalari","7":"pa_cilt-ciltsiz","8":"pa_tur-kitap","9":"pa_yayinevi-otuken-nesriyat","10":"pa_yazar-huseyin-nihal-atsiz","12":"first","13":"instock","14":"sale","15":"shipping-taxable","16":"purchasable","17":"product-type-simple"},"_links":{"self":[{"href":"https:\/\/roveyayinevi.com.tr\/index.php\/wp-json\/wp\/v2\/product\/714078","targetHints":{"allow":["GET"]}}],"collection":[{"href":"https:\/\/roveyayinevi.com.tr\/index.php\/wp-json\/wp\/v2\/product"}],"about":[{"href":"https:\/\/roveyayinevi.com.tr\/index.php\/wp-json\/wp\/v2\/types\/product"}],"wp:attachment":[{"href":"https:\/\/roveyayinevi.com.tr\/index.php\/wp-json\/wp\/v2\/media?parent=714078"}],"wp:term":[{"taxonomy":"product_brand","embeddable":true,"href":"https:\/\/roveyayinevi.com.tr\/index.php\/wp-json\/wp\/v2\/product_brand?post=714078"},{"taxonomy":"product_cat","embeddable":true,"href":"https:\/\/roveyayinevi.com.tr\/index.php\/wp-json\/wp\/v2\/product_cat?post=714078"},{"taxonomy":"product_tag","embeddable":true,"href":"https:\/\/roveyayinevi.com.tr\/index.php\/wp-json\/wp\/v2\/product_tag?post=714078"}],"curies":[{"name":"wp","href":"https:\/\/api.w.org\/{rel}","templated":true}]}}