{"id":713945,"date":"2025-08-27T17:13:21","date_gmt":"2025-08-27T14:13:21","guid":{"rendered":"https:\/\/roveyayinevi.com.tr\/index.php\/urun\/son-mekke-emiri-serif-ali-haydar-pasa-anlatiyor\/"},"modified":"2026-04-16T02:22:23","modified_gmt":"2026-04-15T23:22:23","slug":"son-mekke-emiri-serif-ali-haydar-pasa-anlatiyor","status":"publish","type":"product","link":"https:\/\/roveyayinevi.com.tr\/index.php\/urun\/son-mekke-emiri-serif-ali-haydar-pasa-anlatiyor\/","title":{"rendered":"Son Mekke Emiri \u015eerif Ali Haydar Pa\u015fa Anlat\u0131yor"},"content":{"rendered":"<p>\u015eerif Ali Haydar Pa\u015fa, Osmanl\u0131 \u0130mparatorlu\u011fu\u2019nun tayin etti\u011fi son Mekke emiridir. T\u00fcrkiye\u2019de uzaktan kuzeni olan ve Arap isyan\u0131n\u0131 ba\u015flatan \u015eerif H\u00fcseyin ile o\u011fullar\u0131 kadar tan\u0131nmamaktad\u0131r. \u00d6mr\u00fc boyunca Osmanl\u0131 \u0130mparatorlu\u011fu ile T\u00fcrk milletine sad\u0131k kalm\u0131\u015f, g\u00fcnl\u00fcklerini dahi T\u00fcrk\u00e7e tutmu\u015ftur. Arap \u0130syan\u0131\u2019n\u0131n ger\u00e7ekle\u015fti\u011fi d\u00f6nemde Osmanl\u0131\u2019ya olan sadakati ve yapt\u0131\u011f\u0131 fedak\u00e2rl\u0131klar sebebiyle ba\u015f\u0131na bir\u00e7ok felaket gelmi\u015f, kuzenlerinin bir\u00e7o\u011fu sonradan \u0130ngiliz deste\u011fiyle kurulan Arap devletlerine kral olurken kendisi t\u00fcrl\u00fc \u00e7ileler \u00e7ekerek Beyrut&#8217;ta sefalet i\u00e7inde vefat etmi\u015ftir.Evkaf Naz\u0131rl\u0131\u011f\u0131 ve Meclis-i Mebusan\u2019da ayanl\u0131k da yapan pa\u015fa, Yavuz Sultan Selim\u2019e mukaddes emanetleri yollayarak sultan\u0131 halife olarak kabul eden \u015eerif Bereket\u2019in torunlar\u0131ndand\u0131r. Medine\u2019ye bizzat giderek Fahreddin Pa\u015fa\u2019n\u0131n yan\u0131nda \u015eerif H\u00fcseyin ve adamlar\u0131na kar\u015f\u0131 m\u00fccadele etmi\u015f, Araplar\u0131n T\u00fcrk h\u00e2kimiyetinde olmad\u0131klar\u0131 s\u00fcrece huzurla ya\u015fayamayacaklar\u0131n\u0131 savunmu\u015ftur. Son Mekke Emiri, \u015eerif Ali Haydar Pa\u015fa\u2019n\u0131n hat\u0131rat\u0131 olmas\u0131ndan ba\u015fka Osmanl\u0131 \u0130mparatorlu\u011fu\u2019nun son devrindeki karma\u015falar\u0131 yans\u0131t\u0131yor olmas\u0131ndan \u00f6t\u00fcr\u00fc de olduk\u00e7a \u00f6nemli bir kitapt\u0131r. Abd\u00fclaziz d\u00f6neminde do\u011fan pa\u015fa, II. Abd\u00fclhamid zaman\u0131nda \u015fehzadelerle birlikte saray mektebine devam etti\u011fi i\u00e7in hanedana ili\u015fkin malumat vermektedir. \u00c7ocuklu\u011funun \u0130stanbul\u2019daki muhtelif konaklarda ge\u00e7mi\u015f olmas\u0131 hasebiyle kitapta o d\u00f6nemin ya\u015fant\u0131s\u0131na dair bilgiler bulunmaktad\u0131r. Devlet vazifesi ald\u0131ktan sonra h\u00fck\u00fcmet i\u00e7indeki \u00e7eki\u015fmelerden bahsetmektedir. 1908, 31 Mart Vak\u2019as\u0131 ve Birinci D\u00fcnya Sava\u015f\u0131 esnas\u0131ndaki \u0130ttihat\u00e7\u0131lar\u0131n faaliyetlerini anlatmaktad\u0131r. Mithat Pa\u015fa\u2019n\u0131n s\u00fcrg\u00fcn edilmesinden II. Abd\u00fclhamid\u2019in \u0131slahatlar\u0131na, 1908 Devrimi\u2019nden Vahdeddin\u2019in \u00fclkeyi terk edi\u015fine, Arap b\u00f6lgeleri i\u00e7in at\u0131lan ad\u0131mlardan Arap isyan\u0131n\u0131n nas\u0131l ba\u015flad\u0131\u011f\u0131na, Arabistan\u2019\u0131n Osmanl\u0131\u2019n\u0131n elinden nas\u0131l \u00e7\u0131kt\u0131\u011f\u0131ndan Cumhuriyet idaresinin bu b\u00f6lgeye kar\u015f\u0131 nas\u0131l bir tav\u0131r tak\u0131nd\u0131\u011f\u0131na, saltanat ve hilafetin nas\u0131l ilga edildi\u011finden \u0130bn-i Suud\u2019un ve Vehhabilerin Mekke ve Medine\u2019yi nas\u0131l ele ge\u00e7irdiklerine kadar \u00e7ok geni\u015f bir yelpazede tarihi bilgiler sunmaktad\u0131r.  Son Mekke Emiri, i\u00e7eri\u011fi itibariyle Osmanl\u0131\u2019n\u0131n Arabistan\u2019\u0131 kayb\u0131na dair ilk elden yaz\u0131lm\u0131\u015f bir kaynak olma \u00f6zelli\u011fine de sahiptir. <\/p>\n","protected":false},"excerpt":{"rendered":"<p>\u015eerif Ali Haydar Pa\u015fa, Osmanl\u0131 \u0130mparatorlu\u011fu\u2019nun tayin etti\u011fi son Mekke emiridir. T\u00fcrkiye\u2019de uzaktan kuzeni olan ve Arap isyan\u0131n\u0131 ba\u015flatan \u015eerif H\u00fcseyin ile o\u011fullar\u0131 kadar tan\u0131nmamaktad\u0131r. \u00d6mr\u00fc<span class=\"excerpt-hellip\"> [\u2026]<\/span><\/p>\n","protected":false},"featured_media":0,"template":"","meta":{"_monsterinsights_skip_tracking":false,"_monsterinsights_sitenote_active":false,"_monsterinsights_sitenote_note":"","_monsterinsights_sitenote_category":0},"product_brand":[],"product_cat":[13517,12304],"product_tag":[],"class_list":{"0":"post-713945","1":"product","2":"type-product","3":"status-publish","5":"product_cat-osmanli-tarihi","6":"product_cat-tarih","7":"pa_cilt-ciltsiz","8":"pa_tur-kitap","9":"pa_yayinevi-kronik-kitap","10":"pa_yazar-george-stitt","12":"first","13":"instock","14":"sale","15":"shipping-taxable","16":"purchasable","17":"product-type-simple"},"_links":{"self":[{"href":"https:\/\/roveyayinevi.com.tr\/index.php\/wp-json\/wp\/v2\/product\/713945","targetHints":{"allow":["GET"]}}],"collection":[{"href":"https:\/\/roveyayinevi.com.tr\/index.php\/wp-json\/wp\/v2\/product"}],"about":[{"href":"https:\/\/roveyayinevi.com.tr\/index.php\/wp-json\/wp\/v2\/types\/product"}],"wp:attachment":[{"href":"https:\/\/roveyayinevi.com.tr\/index.php\/wp-json\/wp\/v2\/media?parent=713945"}],"wp:term":[{"taxonomy":"product_brand","embeddable":true,"href":"https:\/\/roveyayinevi.com.tr\/index.php\/wp-json\/wp\/v2\/product_brand?post=713945"},{"taxonomy":"product_cat","embeddable":true,"href":"https:\/\/roveyayinevi.com.tr\/index.php\/wp-json\/wp\/v2\/product_cat?post=713945"},{"taxonomy":"product_tag","embeddable":true,"href":"https:\/\/roveyayinevi.com.tr\/index.php\/wp-json\/wp\/v2\/product_tag?post=713945"}],"curies":[{"name":"wp","href":"https:\/\/api.w.org\/{rel}","templated":true}]}}