{"id":713902,"date":"2025-08-27T17:12:55","date_gmt":"2025-08-27T14:12:55","guid":{"rendered":"https:\/\/roveyayinevi.com.tr\/index.php\/urun\/cumhuriyetle-buyuyen-yardim-sevenler\/"},"modified":"2026-04-16T02:22:23","modified_gmt":"2026-04-15T23:22:23","slug":"cumhuriyetle-buyuyen-yardim-sevenler","status":"publish","type":"product","link":"https:\/\/roveyayinevi.com.tr\/index.php\/urun\/cumhuriyetle-buyuyen-yardim-sevenler\/","title":{"rendered":"Cumhuriyet&#8217;le B\u00fcy\u00fcyen Yard\u0131m Sevenler"},"content":{"rendered":"<p>1928&#8217;de Kurulan T\u00fcrkiye Yard\u0131m Sevenler Derne\u011finin 90 y\u0131ll\u0131k mazisini g\u00f6zler \u00f6n\u00fcne seren bu eser, Derne\u011fin sadece yoksul kad\u0131nlara ve muhta\u00e7 durumdaki vatanda\u015flara yard\u0131m etmek amac\u0131yla kad\u0131nlar taraf\u0131ndan kurulmu\u015f bir dernek de\u011fil, yurt geneline yay\u0131lm\u0131\u015f \u015fubeleri ve yard\u0131m faaliyetleriyle, T\u00fcrkiye&#8217;de ve d\u00fcnyada bir\u00e7ok ilki ger\u00e7ekle\u015ftirmi\u015f, T\u00fcrkiye&#8217;nin ilk sivil toplum kurulu\u015flar\u0131ndan biir oldu\u011funu ortaya koyuyor. <\/p>\n","protected":false},"excerpt":{"rendered":"<p>1928&#8217;de Kurulan T\u00fcrkiye Yard\u0131m Sevenler Derne\u011finin 90 y\u0131ll\u0131k mazisini g\u00f6zler \u00f6n\u00fcne seren bu eser, Derne\u011fin sadece yoksul kad\u0131nlara ve muhta\u00e7 durumdaki vatanda\u015flara yard\u0131m etmek amac\u0131yla kad\u0131nlar<span class=\"excerpt-hellip\"> [\u2026]<\/span><\/p>\n","protected":false},"featured_media":0,"template":"","meta":{"_monsterinsights_skip_tracking":false,"_monsterinsights_sitenote_active":false,"_monsterinsights_sitenote_note":"","_monsterinsights_sitenote_category":0},"product_brand":[],"product_cat":[12304,13493],"product_tag":[],"class_list":{"0":"post-713902","1":"product","2":"type-product","3":"status-publish","5":"product_cat-tarih","6":"product_cat-turkiye-ve-cumhuriyet-tarihi","7":"pa_cilt-ciltli","8":"pa_tur-kitap","9":"pa_yayinevi-turkiye-yardim-sevenler-dernegi","10":"pa_yazar-kollektif","12":"first","13":"instock","14":"sale","15":"shipping-taxable","16":"purchasable","17":"product-type-simple"},"_links":{"self":[{"href":"https:\/\/roveyayinevi.com.tr\/index.php\/wp-json\/wp\/v2\/product\/713902","targetHints":{"allow":["GET"]}}],"collection":[{"href":"https:\/\/roveyayinevi.com.tr\/index.php\/wp-json\/wp\/v2\/product"}],"about":[{"href":"https:\/\/roveyayinevi.com.tr\/index.php\/wp-json\/wp\/v2\/types\/product"}],"wp:attachment":[{"href":"https:\/\/roveyayinevi.com.tr\/index.php\/wp-json\/wp\/v2\/media?parent=713902"}],"wp:term":[{"taxonomy":"product_brand","embeddable":true,"href":"https:\/\/roveyayinevi.com.tr\/index.php\/wp-json\/wp\/v2\/product_brand?post=713902"},{"taxonomy":"product_cat","embeddable":true,"href":"https:\/\/roveyayinevi.com.tr\/index.php\/wp-json\/wp\/v2\/product_cat?post=713902"},{"taxonomy":"product_tag","embeddable":true,"href":"https:\/\/roveyayinevi.com.tr\/index.php\/wp-json\/wp\/v2\/product_tag?post=713902"}],"curies":[{"name":"wp","href":"https:\/\/api.w.org\/{rel}","templated":true}]}}