{"id":713889,"date":"2025-08-27T17:12:48","date_gmt":"2025-08-27T14:12:48","guid":{"rendered":"https:\/\/roveyayinevi.com.tr\/index.php\/urun\/cumhuriyetin-ilani-ve-karsitlari-1920-1926\/"},"modified":"2026-04-16T02:22:22","modified_gmt":"2026-04-15T23:22:22","slug":"cumhuriyetin-ilani-ve-karsitlari-1920-1926","status":"publish","type":"product","link":"https:\/\/roveyayinevi.com.tr\/index.php\/urun\/cumhuriyetin-ilani-ve-karsitlari-1920-1926\/","title":{"rendered":"Cumhuriyetin \u0130lan\u0131 ve Kar\u015f\u0131tlar\u0131 (1920-1926)"},"content":{"rendered":"<p>Canlar\u0131 pahas\u0131na bir araya gelip i\u00e7 ve d\u0131\u015f d\u00fc\u015fmanlarla sava\u015fan Atat\u00fcrk ve yak\u0131n arkada\u015flar\u0131, \u00fc\u00e7 d\u00f6rt y\u0131l i\u00e7erisinde neden birbirlerine kar\u015f\u0131 g\u00fcven bunal\u0131m\u0131na s\u00fcr\u00fcklendi? &#8220;Cumhuriyetin \u0130lan\u0131 ve Kar\u015f\u0131tlar\u0131&#8221;nda, bu bir avu\u00e7 insan\u0131n aras\u0131nda s\u00fcregelen ve cumhuriyetin ilan\u0131ndan sonra \u015fiddetlenen ayr\u0131l\u0131klar, g\u00f6r\u00fc\u015f ayr\u0131l\u0131klar\u0131, anla\u015fmazl\u0131klar, darg\u0131nl\u0131klar 1920-1926 d\u00f6nemi dikkate al\u0131narak, tarafs\u0131z bir g\u00f6zle ele al\u0131n\u0131yor ve temel nedeni a\u00e7\u0131klan\u0131yor. Mustafa Kemal ve yak\u0131n arkada\u015flar\u0131 aras\u0131nda ortaya \u00e7\u0131kan \u201cg\u00f6r\u00fc\u015f ayr\u0131l\u0131\u011f\u0131\u201d ve \u201cg\u00fcven bunal\u0131m\u0131\u201dn\u0131 ana hatlar\u0131yla inceleyen bu \u00e7al\u0131\u015fmada yazar, bu konuyu iki ayr\u0131 d\u00f6nemde ele alman\u0131n gereklili\u011finden bahsediyor. Birinci d\u00f6nem, Mustafa Kemal\u2019in Samsun\u2019a \u00e7\u0131k\u0131\u015f\u0131 ile cumhuriyetin ilan\u0131 aras\u0131ndaki \u201c\u0130htilalci Mustafa Kemal\u201d d\u00f6nemi; ikincisi ise, cumhuriyetin ilan edildi\u011fi g\u00fcn ve sonras\u0131nda bir muhalefet partisinin kuruldu\u011fu \u201cDevrimci Mustafa Kemal\u201d d\u00f6nemidir. \u0130lkinde yak\u0131n arkada\u015flar\u0131yla beraber i\u00e7 ve d\u0131\u015f d\u00fc\u015fmanlara kar\u015f\u0131 sava\u015fm\u0131\u015f, onlar\u0131 yenmi\u015flerdir. \u0130kincisinde ise Mustafa Kemal, T\u00fcrk ulusunu \u00e7a\u011fda\u015f uygarl\u0131\u011fa ta\u015f\u0131ma tutkusu i\u00e7erisindeyken, ne yapaca\u011f\u0131 \u00f6nceden bilinmeyen bir lider konumuna getirilmi\u015ftir. <\/p>\n","protected":false},"excerpt":{"rendered":"<p>Canlar\u0131 pahas\u0131na bir araya gelip i\u00e7 ve d\u0131\u015f d\u00fc\u015fmanlarla sava\u015fan Atat\u00fcrk ve yak\u0131n arkada\u015flar\u0131, \u00fc\u00e7 d\u00f6rt y\u0131l i\u00e7erisinde neden birbirlerine kar\u015f\u0131 g\u00fcven bunal\u0131m\u0131na s\u00fcr\u00fcklendi? &#8220;Cumhuriyetin \u0130lan\u0131<span class=\"excerpt-hellip\"> [\u2026]<\/span><\/p>\n","protected":false},"featured_media":0,"template":"","meta":{"_monsterinsights_skip_tracking":false,"_monsterinsights_sitenote_active":false,"_monsterinsights_sitenote_note":"","_monsterinsights_sitenote_category":0},"product_brand":[],"product_cat":[12304,13493],"product_tag":[],"class_list":{"0":"post-713889","1":"product","2":"type-product","3":"status-publish","5":"product_cat-tarih","6":"product_cat-turkiye-ve-cumhuriyet-tarihi","7":"pa_cilt-ciltsiz","8":"pa_tur-kitap","9":"pa_yayinevi-efil-yayinevi","10":"pa_yazar-vural-fuat-savas","12":"first","13":"instock","14":"sale","15":"shipping-taxable","16":"purchasable","17":"product-type-simple"},"_links":{"self":[{"href":"https:\/\/roveyayinevi.com.tr\/index.php\/wp-json\/wp\/v2\/product\/713889","targetHints":{"allow":["GET"]}}],"collection":[{"href":"https:\/\/roveyayinevi.com.tr\/index.php\/wp-json\/wp\/v2\/product"}],"about":[{"href":"https:\/\/roveyayinevi.com.tr\/index.php\/wp-json\/wp\/v2\/types\/product"}],"wp:attachment":[{"href":"https:\/\/roveyayinevi.com.tr\/index.php\/wp-json\/wp\/v2\/media?parent=713889"}],"wp:term":[{"taxonomy":"product_brand","embeddable":true,"href":"https:\/\/roveyayinevi.com.tr\/index.php\/wp-json\/wp\/v2\/product_brand?post=713889"},{"taxonomy":"product_cat","embeddable":true,"href":"https:\/\/roveyayinevi.com.tr\/index.php\/wp-json\/wp\/v2\/product_cat?post=713889"},{"taxonomy":"product_tag","embeddable":true,"href":"https:\/\/roveyayinevi.com.tr\/index.php\/wp-json\/wp\/v2\/product_tag?post=713889"}],"curies":[{"name":"wp","href":"https:\/\/api.w.org\/{rel}","templated":true}]}}