{"id":713860,"date":"2025-08-27T17:12:30","date_gmt":"2025-08-27T14:12:30","guid":{"rendered":"https:\/\/roveyayinevi.com.tr\/index.php\/urun\/elif-ile-ahmetin-umre-gunlugu\/"},"modified":"2026-04-16T02:22:22","modified_gmt":"2026-04-15T23:22:22","slug":"elif-ile-ahmetin-umre-gunlugu","status":"publish","type":"product","link":"https:\/\/roveyayinevi.com.tr\/index.php\/urun\/elif-ile-ahmetin-umre-gunlugu\/","title":{"rendered":"Elif \u0130le Ahmet&#8217;in Umre G\u00fcnl\u00fc\u011f\u00fc"},"content":{"rendered":"<p>Elif ve a\u011fabeyi Ahmet, Peygamberimizi \u00e7ok seven iki karde\u015f. Peygamberimizin ya\u015fad\u0131\u011f\u0131 yerleri g\u00f6rmeyi \u00e7ok istediler, bunun i\u00e7in \u00e7ok dua ettiler. Bir g\u00fcn bu istekleri ger\u00e7ekle\u015fti ve aileleriyle birlikte umre seyahatine \u00e7\u0131kt\u0131lar. Elif, gitti\u011fi yerlerde g\u00f6rd\u00fcklerini, duyduklar\u0131n\u0131 bir bir g\u00fcnl\u00fc\u011f\u00fcne yazd\u0131. Peygamberimize olan sevgisini anlatt\u0131\u011f\u0131 sat\u0131rlarda \u015f\u00f6yle diyordu:&#8221;Can\u0131m Peygamberim, belki bir gun bu g\u00fcnl\u00fc\u011f\u00fc benim gibi seni \u00e7ok seven t\u00fcm \u00e7ocuklarla payla\u015fabilirim!&#8221; Elif ile Ahmet&#8217;in Umre gunlu\u011fu&#8217;nu okurken Mekke, Medine \u015fehirlerini; Kabesyi, Mescid-i Nebevi&#8217;yi ziyaret edecek ve Peygamber Efendimizin e\u015fsiz hayat\u0131na unutulmaz bir yolculuk yapacaks\u0131n\u0131z&#8230; <\/p>\n","protected":false},"excerpt":{"rendered":"<p>Elif ve a\u011fabeyi Ahmet, Peygamberimizi \u00e7ok seven iki karde\u015f. Peygamberimizin ya\u015fad\u0131\u011f\u0131 yerleri g\u00f6rmeyi \u00e7ok istediler, bunun i\u00e7in \u00e7ok dua ettiler. Bir g\u00fcn bu istekleri ger\u00e7ekle\u015fti ve<span class=\"excerpt-hellip\"> [\u2026]<\/span><\/p>\n","protected":false},"featured_media":0,"template":"","meta":{"_monsterinsights_skip_tracking":false,"_monsterinsights_sitenote_active":false,"_monsterinsights_sitenote_note":"","_monsterinsights_sitenote_category":0},"product_brand":[],"product_cat":[12274,18802],"product_tag":[],"class_list":{"0":"post-713860","1":"product","2":"type-product","3":"status-publish","5":"product_cat-cocuk-ve-genclik-kitaplari","6":"product_cat-din-egitimi","7":"pa_cilt-ciltsiz","8":"pa_tur-kitap","9":"pa_yayinevi-timas-cocuk","10":"pa_yazar-hatice-guloglu","12":"first","13":"instock","14":"sale","15":"shipping-taxable","16":"purchasable","17":"product-type-simple"},"_links":{"self":[{"href":"https:\/\/roveyayinevi.com.tr\/index.php\/wp-json\/wp\/v2\/product\/713860","targetHints":{"allow":["GET"]}}],"collection":[{"href":"https:\/\/roveyayinevi.com.tr\/index.php\/wp-json\/wp\/v2\/product"}],"about":[{"href":"https:\/\/roveyayinevi.com.tr\/index.php\/wp-json\/wp\/v2\/types\/product"}],"wp:attachment":[{"href":"https:\/\/roveyayinevi.com.tr\/index.php\/wp-json\/wp\/v2\/media?parent=713860"}],"wp:term":[{"taxonomy":"product_brand","embeddable":true,"href":"https:\/\/roveyayinevi.com.tr\/index.php\/wp-json\/wp\/v2\/product_brand?post=713860"},{"taxonomy":"product_cat","embeddable":true,"href":"https:\/\/roveyayinevi.com.tr\/index.php\/wp-json\/wp\/v2\/product_cat?post=713860"},{"taxonomy":"product_tag","embeddable":true,"href":"https:\/\/roveyayinevi.com.tr\/index.php\/wp-json\/wp\/v2\/product_tag?post=713860"}],"curies":[{"name":"wp","href":"https:\/\/api.w.org\/{rel}","templated":true}]}}