{"id":713795,"date":"2025-08-27T17:11:16","date_gmt":"2025-08-27T14:11:16","guid":{"rendered":"https:\/\/roveyayinevi.com.tr\/index.php\/urun\/kara-savaslari-turk-tarihinin-yonunu-degistiren-savaslar-1-hun-imparatorlugundan-osmanli-imparatorluguna\/"},"modified":"2026-04-16T02:22:20","modified_gmt":"2026-04-15T23:22:20","slug":"kara-savaslari-turk-tarihinin-yonunu-degistiren-savaslar-1-hun-imparatorlugundan-osmanli-imparatorluguna","status":"publish","type":"product","link":"https:\/\/roveyayinevi.com.tr\/index.php\/urun\/kara-savaslari-turk-tarihinin-yonunu-degistiren-savaslar-1-hun-imparatorlugundan-osmanli-imparatorluguna\/","title":{"rendered":"Kara Sava\u015flar\u0131 &#8211; T\u00fcrk Tarihinin Y\u00f6n\u00fcn\u00fc De\u011fi\u015ftiren Sava\u015flar 1 Hun \u0130mparatorlu\u011fu\u2019ndan Osmanl\u0131 \u0130mparatorlu\u011fu\u2019na"},"content":{"rendered":"<p>\u201cSava\u015flar bo\u015flukta ger\u00e7ekle\u015fmez. Bunlar\u0131n ger\u00e7ekle\u015ftikleri d\u00f6nemlerin \u00fcretimini, para sorunlar\u0131n\u0131, iklim de\u011fi\u015fikliklerini, do\u011fal afetleri, y\u00f6netim krizlerini ve has\u0131mlar\u0131n durumunu da incelemek gerekir. Kuru sava\u015f tarihi bir \u015fey kazand\u0131rmaz. \u00c7ok parlak baz\u0131 istisnalar haricinde ilgin\u00e7 de de\u011fildir. Zaten bunlar\u0131 her yerde bulabiliriz. Bizim i\u00e7in ilgin\u00e7 olan bunlar\u0131 genel ba\u011flamlar\u0131 i\u00e7erisinde etkileriyle birlikte anlayabilmektir.\u201d -Horasan\u2019daki kaos T\u00fcrk tarihinde nas\u0131l bir d\u00f6n\u00fcm noktas\u0131 yaratt\u0131? -Malazgirt ve Miryakefalon sava\u015flar\u0131 Bizans\u2019\u0131 nas\u0131l vergi alamaz, asker toplayamaz hale getirdi? -Do\u011fu seferleri imparatorlu\u011fun dengesini nas\u0131l alt\u00fcst etti? -\u0130slam d\u00fcnyas\u0131n\u0131n dengesini bozan hangi geli\u015fmeler halifeli\u011fin Osmanl\u0131 \u0130mparatorlu\u011fu\u2019na ge\u00e7mesinin \u00f6n\u00fcn\u00fc a\u00e7t\u0131? -Say\u0131s\u0131z istilaya ve ku\u015fatmaya kar\u015f\u0131 durabilen Bizans \u0130mparatorlu\u011fu, Fatih Sultan Mehmed\u2019in ku\u015fatmas\u0131n\u0131 neden engelleyemedi? Fetih hangi ko\u015fullarda ger\u00e7ekle\u015fti? -II. Viyana Ku\u015fatmas\u0131\u2019n\u0131n felaketle sonu\u00e7lanmas\u0131n\u0131n arkas\u0131ndaki hususlar nelerdi? -Osmanl\u0131lar\u0131n b\u00fcy\u00fck bunal\u0131m\u0131n\u0131n ve imparatorluk b\u00fcrokrasisinin seferlere etkisi  ne oldu? -Osmanl\u0131\u2019da baz\u0131 komutanlar aras\u0131ndaki k\u0131skan\u00e7l\u0131k, garez ve \u00e7\u0131kar h\u0131rs\u0131 imparatorlu\u011fu nas\u0131l etkiledi? -Cesaretleri kadar stratejik bilgileri ve zek\u00e2lar\u0131yla da dikkat \u00e7eken T\u00fcrk tarihinin en b\u00fcy\u00fck komutanlar\u0131 hangileriydi?  Mehmet Tanju Akad\u2019\u0131n kaleme ald\u0131\u011f\u0131 \u201cT\u00fcrk Tarihinin Y\u00f6n\u00fcn\u00fc De\u011fi\u015ftiren Sava\u015flar\u201d serisinin ilk kitab\u0131 olan Kara Sava\u015flar\u0131: Hun \u0130mparatorlu\u011fu\u2019ndan Osmanl\u0131 \u0130mparatorlu\u011fu\u2019na T\u00fcrklerin kara sava\u015flar\u0131n\u0131n arka planlar\u0131n\u0131 ve bilinmeyenlerini olgular \u0131\u015f\u0131\u011f\u0131nda okura sunuyor. <\/p>\n","protected":false},"excerpt":{"rendered":"<p>\u201cSava\u015flar bo\u015flukta ger\u00e7ekle\u015fmez. Bunlar\u0131n ger\u00e7ekle\u015ftikleri d\u00f6nemlerin \u00fcretimini, para sorunlar\u0131n\u0131, iklim de\u011fi\u015fikliklerini, do\u011fal afetleri, y\u00f6netim krizlerini ve has\u0131mlar\u0131n durumunu da incelemek gerekir. Kuru sava\u015f tarihi bir \u015fey<span class=\"excerpt-hellip\"> [\u2026]<\/span><\/p>\n","protected":false},"featured_media":0,"template":"","meta":{"_monsterinsights_skip_tracking":false,"_monsterinsights_sitenote_active":false,"_monsterinsights_sitenote_note":"","_monsterinsights_sitenote_category":0},"product_brand":[],"product_cat":[12304,13650],"product_tag":[],"class_list":{"0":"post-713795","1":"product","2":"type-product","3":"status-publish","5":"product_cat-tarih","6":"product_cat-turk-tarihi-arastirmalari","7":"pa_cilt-ciltsiz","8":"pa_tur-kitap","9":"pa_yayinevi-inkilap-kitabevi","10":"pa_yazar-mehmet-tanju-akad","12":"first","13":"instock","14":"sale","15":"shipping-taxable","16":"purchasable","17":"product-type-simple"},"_links":{"self":[{"href":"https:\/\/roveyayinevi.com.tr\/index.php\/wp-json\/wp\/v2\/product\/713795","targetHints":{"allow":["GET"]}}],"collection":[{"href":"https:\/\/roveyayinevi.com.tr\/index.php\/wp-json\/wp\/v2\/product"}],"about":[{"href":"https:\/\/roveyayinevi.com.tr\/index.php\/wp-json\/wp\/v2\/types\/product"}],"wp:attachment":[{"href":"https:\/\/roveyayinevi.com.tr\/index.php\/wp-json\/wp\/v2\/media?parent=713795"}],"wp:term":[{"taxonomy":"product_brand","embeddable":true,"href":"https:\/\/roveyayinevi.com.tr\/index.php\/wp-json\/wp\/v2\/product_brand?post=713795"},{"taxonomy":"product_cat","embeddable":true,"href":"https:\/\/roveyayinevi.com.tr\/index.php\/wp-json\/wp\/v2\/product_cat?post=713795"},{"taxonomy":"product_tag","embeddable":true,"href":"https:\/\/roveyayinevi.com.tr\/index.php\/wp-json\/wp\/v2\/product_tag?post=713795"}],"curies":[{"name":"wp","href":"https:\/\/api.w.org\/{rel}","templated":true}]}}