{"id":713676,"date":"2025-08-27T17:10:00","date_gmt":"2025-08-27T14:10:00","guid":{"rendered":"https:\/\/roveyayinevi.com.tr\/index.php\/urun\/devrimci-bir-subay\/"},"modified":"2026-04-16T02:22:18","modified_gmt":"2026-04-15T23:22:18","slug":"devrimci-bir-subay","status":"publish","type":"product","link":"https:\/\/roveyayinevi.com.tr\/index.php\/urun\/devrimci-bir-subay\/","title":{"rendered":"Devrimci Bir Subay"},"content":{"rendered":"<p>1960\u2019l\u0131 y\u0131llar\u0131n ikinci yar\u0131s\u0131, 1961 Anayasas\u0131\u2019n\u0131n g\u00f6receli \u00f6zg\u00fcrl\u00fck ortam\u0131 ve 1968\u2019de d\u00fcnyada h\u00e2kim olan m\u00fccadele iklimi, kendilerini yurtsever idealist olarak tan\u0131mlayan havac\u0131 subaylar\u0131 da derinden etkiledi. D\u00fcnya \u00e7ap\u0131nda yayg\u0131n antiemperyalist kurtulu\u015f m\u00fccadeleleri de onlar\u0131 olduk\u00e7a heyecanland\u0131r\u0131yordu. \u00d6\u011frenci iken Marksizm ile ha\u015f\u0131r ne\u015fir olanlar\u0131n say\u0131s\u0131 \u00fc\u00e7 be\u015f ki\u015fi ya var ya yoktu. \u00dclke sorunlar\u0131na kafa yoranlar i\u00e7in genel olarak Kemalizmin antiemperyalist a\u011f\u0131rl\u0131kl\u0131 yorumu etkili idi.   Saffet Alp bu s\u00fcre\u00e7ten etkilenen devrimci subaylar taraf\u0131ndan kurulan \u201cHava Kuvvetleri Proleter Devrimci \u00d6rg\u00fct\u00fc\u201d ve dolay\u0131s\u0131yla THKP-C\u2019nin kurucular\u0131ndan biridir.  K\u0131z\u0131ldere\u2019de yaral\u0131 olarak d\u0131\u015far\u0131 \u00e7\u0131kmas\u0131na, ba\u015f\u0131na s\u0131k\u0131lan bir mermiyle katledilmesine ra\u011fmen, onun subay olmas\u0131n\u0131 hazmedemeyenler karn\u0131n\u0131n bir b\u00f6l\u00fcm\u00fcn\u00fc s\u00fcng\u00fcyle par\u00e7alad\u0131lar. Saffet Alp\u2019in annesi, 40 y\u0131ld\u0131r unutamad\u0131\u011f\u0131 evlat ac\u0131s\u0131n\u0131 y\u00fcre\u011finde ya\u015fayan bu ola\u011fand\u0131\u015f\u0131 kad\u0131n gururla \u015funlar\u0131 s\u00f6yl\u00fcyor: Benim o\u011flum yaral\u0131yken bile aman dilemedi onlardan. THKP-C davas\u0131nda y\u00fcz\u00fcn \u00fczerinde Havac\u0131 subay yarg\u0131land\u0131. Bu kitap biraz da onlar\u0131n \u00f6yk\u00fcs\u00fcd\u00fcr.<\/p>\n","protected":false},"excerpt":{"rendered":"<p>1960\u2019l\u0131 y\u0131llar\u0131n ikinci yar\u0131s\u0131, 1961 Anayasas\u0131\u2019n\u0131n g\u00f6receli \u00f6zg\u00fcrl\u00fck ortam\u0131 ve 1968\u2019de d\u00fcnyada h\u00e2kim olan m\u00fccadele iklimi, kendilerini yurtsever idealist olarak tan\u0131mlayan havac\u0131 subaylar\u0131 da derinden etkiledi.<span class=\"excerpt-hellip\"> [\u2026]<\/span><\/p>\n","protected":false},"featured_media":0,"template":"","meta":{"_monsterinsights_skip_tracking":false,"_monsterinsights_sitenote_active":false,"_monsterinsights_sitenote_note":"","_monsterinsights_sitenote_category":0},"product_brand":[],"product_cat":[14009,12291],"product_tag":[],"class_list":{"0":"post-713676","1":"product","2":"type-product","3":"status-publish","5":"product_cat-biyografi-otobiyografi-edebiyat","6":"product_cat-edebiyat","7":"pa_cilt-ciltsiz","8":"pa_tur-kitap","9":"pa_yayinevi-ayrinti-yayinlari","10":"pa_yazar-murat-bjedug","12":"first","13":"instock","14":"sale","15":"shipping-taxable","16":"purchasable","17":"product-type-simple"},"_links":{"self":[{"href":"https:\/\/roveyayinevi.com.tr\/index.php\/wp-json\/wp\/v2\/product\/713676","targetHints":{"allow":["GET"]}}],"collection":[{"href":"https:\/\/roveyayinevi.com.tr\/index.php\/wp-json\/wp\/v2\/product"}],"about":[{"href":"https:\/\/roveyayinevi.com.tr\/index.php\/wp-json\/wp\/v2\/types\/product"}],"wp:attachment":[{"href":"https:\/\/roveyayinevi.com.tr\/index.php\/wp-json\/wp\/v2\/media?parent=713676"}],"wp:term":[{"taxonomy":"product_brand","embeddable":true,"href":"https:\/\/roveyayinevi.com.tr\/index.php\/wp-json\/wp\/v2\/product_brand?post=713676"},{"taxonomy":"product_cat","embeddable":true,"href":"https:\/\/roveyayinevi.com.tr\/index.php\/wp-json\/wp\/v2\/product_cat?post=713676"},{"taxonomy":"product_tag","embeddable":true,"href":"https:\/\/roveyayinevi.com.tr\/index.php\/wp-json\/wp\/v2\/product_tag?post=713676"}],"curies":[{"name":"wp","href":"https:\/\/api.w.org\/{rel}","templated":true}]}}