{"id":713534,"date":"2025-08-27T17:08:26","date_gmt":"2025-08-27T14:08:26","guid":{"rendered":"https:\/\/roveyayinevi.com.tr\/index.php\/urun\/payitahtta-nutuklarim-cemal-pasayi-yuceltme-amaciyla-yazilmis-bir-risale\/"},"modified":"2026-04-16T02:22:15","modified_gmt":"2026-04-15T23:22:15","slug":"payitahtta-nutuklarim-cemal-pasayi-yuceltme-amaciyla-yazilmis-bir-risale","status":"publish","type":"product","link":"https:\/\/roveyayinevi.com.tr\/index.php\/urun\/payitahtta-nutuklarim-cemal-pasayi-yuceltme-amaciyla-yazilmis-bir-risale\/","title":{"rendered":"Payitahtta Nutuklar\u0131m \u2013 Cemal Pa\u015fa&#8217;y\u0131 Y\u00fcceltme Amac\u0131yla Yaz\u0131lm\u0131\u015f Bir Risale"},"content":{"rendered":"<p>\u201cCemal Pa\u015fa\u2019n\u0131n Suriye\u2019ye gelmeleriyle bu y\u00f6re, kaptan\u0131n\u0131 bulmu\u015f gemiye benzedi. Ahali, selamete ula\u015fmak lezzetini tatm\u0131\u015f gibi canland\u0131lar. Suriye ve Filistin semalar\u0131nda ba\u015fka bir nur parlad\u0131, ba\u015fka bir ruh tecelli etti. Subaylarda istikamet ve \u00e7al\u0131\u015fkanl\u0131k, erlerde ise ne\u015fe ve sevin\u00e7&#8230; H\u00fclasa, ordu hayat\u0131nda bir tecelli ki, bu \u00e2deta damarlardaki gen\u00e7lik kan\u0131n\u0131n kaynamas\u0131na benzer.\u201d Muhammed Hab\u00eeb el-Ubeyd\u00ee \u201cAslen bir Arap olan ve D\u00f6rd\u00fcnc\u00fc Ordu b\u00fcnyesinde g\u00f6rev yapan es-Seyyid Muhammed Hab\u00eeb el-Ubeyd\u00ee, Birinci Kanal Harek\u00e2t\u0131 sonras\u0131nda D\u00f6rd\u00fcnc\u00fc Ordu ve Cemal Pa\u015fa hakk\u0131nda ele\u015ftiriler art\u0131nca hem ele\u015ftirilere cevap vermek hem de \u0130kinci Kanal Harek\u00e2t\u0131 \u00f6ncesi kamuoyunun deste\u011fini kazanmak amac\u0131yla Cemal Pa\u015fa taraf\u0131ndan 1915 Ekim ba\u015flar\u0131nda \u0130stanbul\u2019a g\u00f6nderilmi\u015fti. Buradaki \u0130ttihat ve Terakki toplant\u0131lar\u0131nda d\u00f6rt konu\u015fma yapan m\u00fcellif, Beyrut\u2019a d\u00f6nd\u00fc\u011f\u00fcnde bir konu\u015fma daha yapt\u0131. Muhammed Hab\u00eebel-Ubeyd\u00ee, bu konu\u015fmalar\u0131n metinlerini 1916 y\u0131l\u0131nda, Payitahtta Nutuklar\u0131m ba\u015fl\u0131\u011f\u0131 alt\u0131nda Beyrut\u2019ta kendisine ait olan \u0130lmiye Matbaas\u0131\u2019nda ne\u015fretti. Payitahtta Nutuklar\u0131m, yak\u0131n tarihimiz a\u00e7\u0131s\u0131ndan en az Cemal Pa\u015fa\u2019n\u0131n H\u00e2t\u0131ralar\u2019\u0131 kadar b\u00fcy\u00fck \u00f6nem arz etmektedir. Konu\u015fmalar\u0131n Birinci D\u00fcnya Sava\u015f\u0131\u2019n\u0131n b\u00fct\u00fcn hararetiyle devam etti\u011fi tarihlerde g\u00fcndeme ili\u015fkin hassas meseleler hakk\u0131nda olmas\u0131, Harbiye-Bahriye nez\u00e2retleri gibi son derece kritik karar verme mercilerinde ger\u00e7ekle\u015ftirilmesi ve Cemal Pa\u015fa\u2019n\u0131n duygu ve d\u00fc\u015f\u00fcncelerinin konu\u015fmalara bire bir yans\u0131t\u0131lm\u0131\u015f olmas\u0131 eserin \u00f6nemini kavramak i\u00e7in yeterli olacakt\u0131r.\u201d Do\u00e7. Dr. Nevzat Artu\u00e7 Edeb\u00ee-siyasi bir hitabet risalesi olan bu eser, d\u00f6nemin ideolojik s\u00f6ylemlerini incelemek i\u00e7in \u00f6nemli bir memba ve ayn\u0131 zamanda bir as\u0131r \u00f6ncesinin heng\u00e2meli g\u00fcnlerinden y\u00fckselen g\u00fc\u00e7l\u00fc bir seda niteli\u011finde. Do\u00e7. Dr. Nevzat Artu\u00e7 taraf\u0131ndan bask\u0131ya haz\u0131rlanan bu kitapta, konu\u015fma metinleri hem g\u00fcn\u00fcm\u00fcz hem de Osmanl\u0131 T\u00fcrk\u00e7esi ile Latin harflerine aktar\u0131l\u0131rken eserin 1916 tarihli orijinal Beyrut bask\u0131s\u0131n\u0131n t\u0131pk\u0131bas\u0131m\u0131na da yer veriliyor. <\/p>\n","protected":false},"excerpt":{"rendered":"<p>\u201cCemal Pa\u015fa\u2019n\u0131n Suriye\u2019ye gelmeleriyle bu y\u00f6re, kaptan\u0131n\u0131 bulmu\u015f gemiye benzedi. Ahali, selamete ula\u015fmak lezzetini tatm\u0131\u015f gibi canland\u0131lar. Suriye ve Filistin semalar\u0131nda ba\u015fka bir nur parlad\u0131, ba\u015fka<span class=\"excerpt-hellip\"> [\u2026]<\/span><\/p>\n","protected":false},"featured_media":0,"template":"","meta":{"_monsterinsights_skip_tracking":false,"_monsterinsights_sitenote_active":false,"_monsterinsights_sitenote_note":"","_monsterinsights_sitenote_category":0},"product_brand":[],"product_cat":[13517,12304],"product_tag":[],"class_list":{"0":"post-713534","1":"product","2":"type-product","3":"status-publish","5":"product_cat-osmanli-tarihi","6":"product_cat-tarih","7":"pa_cilt-ciltsiz","8":"pa_tur-kitap","9":"pa_yayinevi-kronik-kitap","10":"pa_yazar-muhammed-habib-el-ubeydi","12":"first","13":"instock","14":"sale","15":"shipping-taxable","16":"purchasable","17":"product-type-simple"},"_links":{"self":[{"href":"https:\/\/roveyayinevi.com.tr\/index.php\/wp-json\/wp\/v2\/product\/713534","targetHints":{"allow":["GET"]}}],"collection":[{"href":"https:\/\/roveyayinevi.com.tr\/index.php\/wp-json\/wp\/v2\/product"}],"about":[{"href":"https:\/\/roveyayinevi.com.tr\/index.php\/wp-json\/wp\/v2\/types\/product"}],"wp:attachment":[{"href":"https:\/\/roveyayinevi.com.tr\/index.php\/wp-json\/wp\/v2\/media?parent=713534"}],"wp:term":[{"taxonomy":"product_brand","embeddable":true,"href":"https:\/\/roveyayinevi.com.tr\/index.php\/wp-json\/wp\/v2\/product_brand?post=713534"},{"taxonomy":"product_cat","embeddable":true,"href":"https:\/\/roveyayinevi.com.tr\/index.php\/wp-json\/wp\/v2\/product_cat?post=713534"},{"taxonomy":"product_tag","embeddable":true,"href":"https:\/\/roveyayinevi.com.tr\/index.php\/wp-json\/wp\/v2\/product_tag?post=713534"}],"curies":[{"name":"wp","href":"https:\/\/api.w.org\/{rel}","templated":true}]}}