{"id":713532,"date":"2025-08-27T17:08:25","date_gmt":"2025-08-27T14:08:25","guid":{"rendered":"https:\/\/roveyayinevi.com.tr\/index.php\/urun\/sultanin-ordusu-mora-seferinde-organizasyon-ve-lojistik\/"},"modified":"2026-04-16T02:22:15","modified_gmt":"2026-04-15T23:22:15","slug":"sultanin-ordusu-mora-seferinde-organizasyon-ve-lojistik","status":"publish","type":"product","link":"https:\/\/roveyayinevi.com.tr\/index.php\/urun\/sultanin-ordusu-mora-seferinde-organizasyon-ve-lojistik\/","title":{"rendered":"Sultan\u0131n Ordusu &#8211; Mora Seferi&#8217;nde Organizasyon ve Lojistik"},"content":{"rendered":"<p>1715, MORAOSMANLI ORDUSU SEFERDE! Mavera\u00fcnnehir\u2019den Marmara\u2019ya kadar geni\u015f bir sahan\u0131n tarihsel birikimi, k\u00fclt\u00fcr\u00fc ve prati\u011fi \u00fczerine kurulan Osmanl\u0131 Devleti, zamanla, s\u0131n\u0131rlar\u0131n\u0131 Orta Avrupa\u2019dan Yemen\u2019e kadar geni\u015fletmi\u015f ve kadim d\u00fcnyan\u0131n merkezi olan Avrupa, Afrika ve Asya\u2019n\u0131n kesi\u015fti\u011fi co\u011frafyada, d\u00fcnyan\u0131n en etkili devletlerinden biri haline gelmi\u015ftir. Osmanl\u0131 Devleti\u2019ni \u00f6nemli k\u0131lan bir di\u011fer \u00f6zelli\u011fi ise geni\u015f bir co\u011frafyada, farkl\u0131 dil, din ve \u0131rktan y\u00fczlerce unsuru as\u0131rlarca bir arada ya\u015fatan idari ve toplumsal d\u00fczeni ve kesintisiz olarak tek bir hanedan taraf\u0131ndan y\u00f6netilmesiyle d\u00fcnya tarihinde benzeri olmayan bir siyasal yap\u0131 olmas\u0131d\u0131r. Hi\u00e7 \u015f\u00fcphesiz Osmanl\u0131 Devleti\u2019nin bu ba\u015far\u0131s\u0131nda, T\u00fcrklerin cesareti, yi\u011fitli\u011fi ile askeri \u00f6rg\u00fctlenme, sava\u015f becerisi ve fetih stratejilerinin pay\u0131 b\u00fcy\u00fckt\u00fc. Mehmet Ya\u015far Erta\u015f, Sultan\u0131n Ordusu: 1715 Mora Seferi\u2019nde Organizasyon ve Lojistik kitab\u0131nda Osmanl\u0131 ordusunun ba\u015far\u0131l\u0131 seferlerinden birinin perde arkas\u0131n\u0131 anlat\u0131yor. \u0130lk b\u00f6l\u00fcm\u00fcnde sefer yolunun belirlenmesi, yol \u00fczerindeki yap\u0131m ve onar\u0131m \u00e7al\u0131\u015fmalar\u0131 ve ula\u015f\u0131m vas\u0131talar\u0131n\u0131n anlat\u0131ld\u0131\u011f\u0131 kitab\u0131n ikinci b\u00f6l\u00fcm\u00fcnde ise merak edilen bir konuya, ordunun sefer s\u0131ras\u0131nda nas\u0131l beslendi\u011fi, yiyecek ve i\u00e7eceklerin nas\u0131l temin edildi\u011fi ve askerlere nas\u0131l da\u011f\u0131t\u0131ld\u0131\u011f\u0131 konusuna a\u00e7\u0131kl\u0131k getiriliyor. Seferberlik, ordunun toplanmas\u0131 ve asker\u00ee birliklerin incelendi\u011fi \u00fc\u00e7\u00fcnc\u00fc b\u00f6l\u00fcm\u00fc m\u00fcteakip Sultan\u0131n Ordusu\u2019nda, sava\u015f\u0131n finansman\u0131na yer veriliyor ve sava\u015f b\u00fct\u00e7esinin \u00e7\u0131kar\u0131ld\u0131\u011f\u0131 bu son b\u00f6l\u00fcmde seferin mali kaynaklar\u0131 ile masraflar\u0131 ayr\u0131nt\u0131lar\u0131yla ortaya konuluyor. D\u00fcnyan\u0131n en b\u00fcy\u00fck ordular\u0131ndan biri olan Osmanl\u0131 ordusuyla ilgili merak edilen bir\u00e7ok konuya a\u00e7\u0131kl\u0131k getiren bu \u00e7al\u0131\u015fma, Osmanl\u0131 sava\u015f tarihiyle ilgili \u00e7ok say\u0131da ara\u015ft\u0131rmaya da kaynakl\u0131k edecek. Bilhassa asker\u00ee tarih okumay\u0131 seven herkes i\u00e7in bulunmaz bir kaynak\u2026 <\/p>\n","protected":false},"excerpt":{"rendered":"<p>1715, MORAOSMANLI ORDUSU SEFERDE! Mavera\u00fcnnehir\u2019den Marmara\u2019ya kadar geni\u015f bir sahan\u0131n tarihsel birikimi, k\u00fclt\u00fcr\u00fc ve prati\u011fi \u00fczerine kurulan Osmanl\u0131 Devleti, zamanla, s\u0131n\u0131rlar\u0131n\u0131 Orta Avrupa\u2019dan Yemen\u2019e kadar geni\u015fletmi\u015f<span class=\"excerpt-hellip\"> [\u2026]<\/span><\/p>\n","protected":false},"featured_media":0,"template":"","meta":{"_monsterinsights_skip_tracking":false,"_monsterinsights_sitenote_active":false,"_monsterinsights_sitenote_note":"","_monsterinsights_sitenote_category":0},"product_brand":[],"product_cat":[13517,12304],"product_tag":[],"class_list":{"0":"post-713532","1":"product","2":"type-product","3":"status-publish","5":"product_cat-osmanli-tarihi","6":"product_cat-tarih","7":"pa_cilt-ciltsiz","8":"pa_tur-kitap","9":"pa_yayinevi-kronik-kitap","10":"pa_yazar-mehmet-yasar-ertas","12":"first","13":"instock","14":"sale","15":"shipping-taxable","16":"purchasable","17":"product-type-simple"},"_links":{"self":[{"href":"https:\/\/roveyayinevi.com.tr\/index.php\/wp-json\/wp\/v2\/product\/713532","targetHints":{"allow":["GET"]}}],"collection":[{"href":"https:\/\/roveyayinevi.com.tr\/index.php\/wp-json\/wp\/v2\/product"}],"about":[{"href":"https:\/\/roveyayinevi.com.tr\/index.php\/wp-json\/wp\/v2\/types\/product"}],"wp:attachment":[{"href":"https:\/\/roveyayinevi.com.tr\/index.php\/wp-json\/wp\/v2\/media?parent=713532"}],"wp:term":[{"taxonomy":"product_brand","embeddable":true,"href":"https:\/\/roveyayinevi.com.tr\/index.php\/wp-json\/wp\/v2\/product_brand?post=713532"},{"taxonomy":"product_cat","embeddable":true,"href":"https:\/\/roveyayinevi.com.tr\/index.php\/wp-json\/wp\/v2\/product_cat?post=713532"},{"taxonomy":"product_tag","embeddable":true,"href":"https:\/\/roveyayinevi.com.tr\/index.php\/wp-json\/wp\/v2\/product_tag?post=713532"}],"curies":[{"name":"wp","href":"https:\/\/api.w.org\/{rel}","templated":true}]}}