{"id":713530,"date":"2025-08-27T17:08:24","date_gmt":"2025-08-27T14:08:24","guid":{"rendered":"https:\/\/roveyayinevi.com.tr\/index.php\/urun\/osmanli-imparatorlugu-2-cilt-kutulu\/"},"modified":"2026-04-16T02:22:14","modified_gmt":"2026-04-15T23:22:14","slug":"osmanli-imparatorlugu-2-cilt-kutulu","status":"publish","type":"product","link":"https:\/\/roveyayinevi.com.tr\/index.php\/urun\/osmanli-imparatorlugu-2-cilt-kutulu\/","title":{"rendered":"Osmanl\u0131 \u0130mparatorlu\u011fu (2 Cilt, Kutulu)"},"content":{"rendered":"<p>&#8220;Milletleri millet yapan tarihleri ve k\u00fclt\u00fcrleridir. Tarihsiz bir millet, ki\u015fili\u011fini kaybetmi\u015f bireye benzer. Osmanl\u0131 tarihi, T\u00fcrk tarihinin g\u00f6rkemli bir d\u00f6nemidir.&#8221; Halil \u0130nalc\u0131kOsmanl\u0131 tarihi alan\u0131nda d\u00fcnyan\u0131n tart\u0131\u015fmas\u0131z en b\u00fcy\u00fck isimlerinden biri olan Halil \u0130nalc\u0131k, 25 Temmuz 2016\u2019da 100 ya\u015f\u0131nda vefat etti. T\u0131pk\u0131 hayattayken oldu\u011fu gibi vefat\u0131n\u0131n ard\u0131ndan da \u00e7al\u0131\u015fmalar\u0131 \u0131\u015f\u0131k sa\u00e7maya, hocas\u0131ndan \u00f6\u011fretmenine ufuk a\u00e7maya, yeni \u00e7al\u0131\u015fmalar i\u00e7in cesaret ve ilham vermeye devam ediyor. \u0130nalc\u0131k\u2019\u0131n bu gayretine bir katk\u0131 sunmak \u00fczere; onun Osmanl\u0131 tarihinde topluma, ekonomiye, sultana ve siyasete dair yazd\u0131\u011f\u0131 m\u00fchim ara\u015ft\u0131rmalar\u0131, iki cilt h\u00e2linde ve kutulu olarak sunmaktan mutluluk duyuyoruz. Okuyucular\u0131m\u0131z ilk ciltte Osmanl\u0131 toplumunun asl\u00ee unsurlar\u0131ndan sipahileri ve k\u00f6yl\u00fcleri, \u0130sl\u00e2m arazi ve vergi sistemini, raiyyetr\u00fcs\u00fbmunu yeniden tan\u0131yacak. 15. y\u00fczy\u0131lda Rumeli topraklar\u0131ndaki Hristiyan sipahileri ve men\u015felerini g\u00f6recek. Fatih devrinden \u00f6nceki t\u0131mar sistemini derinlemesine \u00f6\u011frenecek. Osmanl\u0131\u2019n\u0131n kurulu\u015f ve inki\u015faf devrinden 15. y\u00fczy\u0131la kadar T\u00fcrk topraklar\u0131ndaki iktisad\u00ee vaziyeti g\u00f6rme imk\u00e2n\u0131 bulacak. Yine bu y\u00fczy\u0131lda, tarihimizin m\u00fchim \u015fehirlerinden Bursa\u2019n\u0131n sanayisine ve ticaretine dair vesikalar\u0131 okuyacak. Hindistan ve \u0130ngiltere ile ya\u015fanan pazar rekabeti, \u00f6rf\u00ee-sultan\u00ee hukuk ile F\u00e2tih\u2019inkan\u00fbnlar\u0131, Sened-i \u0130ttifak, G\u00fclhane Hatt-\u0131 H\u00fcm\u00e2y\u00fbnu, Tanzimat\u2019\u0131n uygulanmas\u0131 ve sosyal tepkileri, bat\u0131dan k\u00fclt\u00fcr aktar\u0131m\u0131 gibi birbirinden kritik metinler, bu cildin di\u011fer meseleleri. \u0130kinci cilt, uzun zamand\u0131r hararetle tart\u0131\u015f\u0131lan Osmanl\u0131 tarihinde d\u00f6nemler meselesiyle ba\u015fl\u0131yor. Hemen ard\u0131ndan \u0130nalc\u0131k, \u201c\u00c2\u015f\u0131kpa\u015faz\u00e2de tarihi nas\u0131l okunmal\u0131?\u201d diye sorarak tarihyaz\u0131m\u0131 konusunda yine b\u00fcy\u00fck bir a\u00e7\u0131\u011f\u0131 kapat\u0131yor. Sultan ve Siyaset ba\u015fl\u0131\u011f\u0131 alt\u0131nda Osman Gazi\u2019nin \u0130znik Ku\u015fatmas\u0131 ve Bafeus Sava\u015f\u0131, Fatih Sultan Mehmed devri, Osmanl\u0131lar\u0131n karar alma mekanizmalar\u0131, kazasker ruznam\u00e7e defterine g\u00f6re kad\u0131l\u0131k kurumu, Osmanl\u0131 hukukunun \u0130sl\u00e2mla\u015fmas\u0131, vergi toplama, Rum Ortodoks patri\u011finin stat\u00fcs\u00fc gibi konular yer al\u0131yor. Okuyucular\u0131m\u0131z bu cildin son b\u00f6l\u00fcm\u00fcnde fethedilen Konstantinopolis \u015fehrinin yeniden in\u015fas\u0131, Galata\u2019n\u0131n Osmanl\u0131 \u015fehrine d\u00f6n\u00fc\u015fmesi ve Osmanl\u0131lar\u0131n Karadeniz ve Bo\u011fazlar \u00fczerindeki kontrol\u00fcne y\u00f6nelik son derece doyurucu metinlerle kar\u015f\u0131la\u015facaklar. Bu iki ciltle beraber Halil \u0130nalc\u0131k k\u00fclliyat\u0131m\u0131z\u0131n ciddi bir geni\u015fleme g\u00f6sterece\u011fine, T\u00fcrk tarih\u00e7ili\u011finin yan\u0131nda d\u00fcnya tarihi i\u00e7in de son derece \u00f6nemli bir a\u00e7\u0131\u011f\u0131n kapanaca\u011f\u0131na inan\u0131yoruz. <\/p>\n","protected":false},"excerpt":{"rendered":"<p>&#8220;Milletleri millet yapan tarihleri ve k\u00fclt\u00fcrleridir. Tarihsiz bir millet, ki\u015fili\u011fini kaybetmi\u015f bireye benzer. Osmanl\u0131 tarihi, T\u00fcrk tarihinin g\u00f6rkemli bir d\u00f6nemidir.&#8221; Halil \u0130nalc\u0131kOsmanl\u0131 tarihi alan\u0131nda d\u00fcnyan\u0131n tart\u0131\u015fmas\u0131z<span class=\"excerpt-hellip\"> [\u2026]<\/span><\/p>\n","protected":false},"featured_media":0,"template":"","meta":{"_monsterinsights_skip_tracking":false,"_monsterinsights_sitenote_active":false,"_monsterinsights_sitenote_note":"","_monsterinsights_sitenote_category":0},"product_brand":[],"product_cat":[13517,12304],"product_tag":[],"class_list":{"0":"post-713530","1":"product","2":"type-product","3":"status-publish","5":"product_cat-osmanli-tarihi","6":"product_cat-tarih","7":"pa_cilt-set","8":"pa_tur-kitap","9":"pa_yayinevi-kronik-kitap","10":"pa_yazar-halil-inalcik","12":"first","13":"instock","14":"sale","15":"shipping-taxable","16":"purchasable","17":"product-type-simple"},"_links":{"self":[{"href":"https:\/\/roveyayinevi.com.tr\/index.php\/wp-json\/wp\/v2\/product\/713530","targetHints":{"allow":["GET"]}}],"collection":[{"href":"https:\/\/roveyayinevi.com.tr\/index.php\/wp-json\/wp\/v2\/product"}],"about":[{"href":"https:\/\/roveyayinevi.com.tr\/index.php\/wp-json\/wp\/v2\/types\/product"}],"wp:attachment":[{"href":"https:\/\/roveyayinevi.com.tr\/index.php\/wp-json\/wp\/v2\/media?parent=713530"}],"wp:term":[{"taxonomy":"product_brand","embeddable":true,"href":"https:\/\/roveyayinevi.com.tr\/index.php\/wp-json\/wp\/v2\/product_brand?post=713530"},{"taxonomy":"product_cat","embeddable":true,"href":"https:\/\/roveyayinevi.com.tr\/index.php\/wp-json\/wp\/v2\/product_cat?post=713530"},{"taxonomy":"product_tag","embeddable":true,"href":"https:\/\/roveyayinevi.com.tr\/index.php\/wp-json\/wp\/v2\/product_tag?post=713530"}],"curies":[{"name":"wp","href":"https:\/\/api.w.org\/{rel}","templated":true}]}}