{"id":713505,"date":"2025-08-27T17:08:11","date_gmt":"2025-08-27T14:08:11","guid":{"rendered":"https:\/\/roveyayinevi.com.tr\/index.php\/urun\/bir-mucadele-gazetasi-demokrat-izmir\/"},"modified":"2026-04-16T02:22:14","modified_gmt":"2026-04-15T23:22:14","slug":"bir-mucadele-gazetasi-demokrat-izmir","status":"publish","type":"product","link":"https:\/\/roveyayinevi.com.tr\/index.php\/urun\/bir-mucadele-gazetasi-demokrat-izmir\/","title":{"rendered":"Bir M\u00fccadele Gazetas\u0131! Demokrat \u0130zmir"},"content":{"rendered":"<p>2. D\u00fcnya Sava\u015f\u0131 sonras\u0131nda \u201c\u00f6zg\u00fcr d\u00fcnya\u201d i\u00e7inde yer almak isteyen T\u00fcrkiye \u00e7ok partili hayata ad\u0131m atm\u0131\u015f, \u015eubat 1946\u2019da \u0130zmir ve \u0130stanbul merkez \u015fubeleri kurulan Demokrat Parti yurt genelinde yo\u011fun bir te\u015fkilatlanma s\u00fcrecine girmi\u015fti. Her k\u00f6\u015fe ba\u015f\u0131nda demokrasi nutuklar\u0131n\u0131n at\u0131ld\u0131\u011f\u0131 bu d\u00f6nemde tek parti iktidar\u0131 b\u00fct\u00fcn istibdad\u0131yla ayakta duruyor, kurulmakta olan muhalefet partisi, memleketin b\u00fct\u00fcn ayk\u0131r\u0131 sesleriyle birlikte sindiriliyordu.O g\u00fcnlerde, Demokrat Parti\u2019yi Ege b\u00f6lgesinde \u00f6rg\u00fctleyen isimler taraf\u0131ndan \u0130zmir\u2019de ne\u015fredilen ve tek yapraktan ibaret bir gazete, elden ele dola\u015fan n\u00fcshalar\u0131yla muhalefetin sesini yurt genelinde y\u00fckseltmeye gayret ediyordu.14 May\u0131s 1950\u2019de \u201cm\u00fccadelesinde zafere ula\u015fan\u201d Demokrat \u0130zmir gazetesi, iktidara getirdi\u011fi parti kurulu\u015f prensiplerinden uzakla\u015farak ifade \u00f6zg\u00fcrl\u00fc\u011f\u00fcn\u00fc bo\u011fmaya yeltendi\u011finde yeni bir m\u00fccadeleye giri\u015fmi\u015f, giderek artan antidemokratik uygulamalar\u0131 bas\u0131na ispat hakk\u0131 tan\u0131nmas\u0131 talebiyle durdurmaya \u00e7al\u0131\u015fan Egeli Demokratlarla birlikte H\u00fcrriyet Partisi hareketine kat\u0131lm\u0131\u015ft\u0131r.Elinizde tuttu\u011funuz kitap, \u201ciyi, do\u011fru ve g\u00fczeli\u201d arayanlar\u0131n \u201ciri baklal\u0131 zincirlerle\u201d m\u00fckafatland\u0131r\u0131ld\u0131\u011f\u0131 bir \u00fclkenin yak\u0131n tarihini ve T\u00fcrk bas\u0131n\u0131n\u0131n de\u011fi\u015fmeyen yazg\u0131s\u0131n\u0131 m\u00fccadeleci bir gazetenin g\u00f6zlerinden anlatmaktad\u0131r.Demokrat \u0130zmir \u00c7\u0131karkenBug\u00fcn, elinizde ilk say\u0131s\u0131 bulunan \u201cDemokrat \u0130zmir\u201d millet ve memleket u\u011frunda \u00e7al\u0131s\u0327mak \u00fczere inti\u015fara bas\u0327lam\u0131\u015f bulunuyor. Gazetemiz, T\u00fcrk milletinin sevinciyle sevinecek, onun kederine ortak olacakt\u0131r. Yeg\u00e2ne endi\u015fesi milletin demokrasi yolundaki heyecan\u0131n\u0131n uyu\u015fturulmas\u0131 olan Demokrat \u0130zmir, memlekette bir an evvel h\u00fcrriyet ve demokrasinin tam olarak elde edilmesini kendine ilk vazife yapm\u0131s\u0327t\u0131r.Gazetemiz, memleket \u00e7ap\u0131nda, demokrat olarak tan\u0131nm\u0131s\u0327 bir\u00e7ok siyaset adamlar\u0131m\u0131z\u0131n k\u0131ymetli makalelerini okuyucular\u0131na vermekle b\u00fcy\u00fck bir zevk duyacakt\u0131r. Bundan ba\u015fka, Ankara\u2019dan, \u0130stanbul\u2019dan ve memleketin her yan\u0131ndan gelecek en yeni haberlerle, d\u00fcnya bas\u0131n\u0131ndan yap\u0131lacak iktibaslarla ve T\u00fcrk bas\u0131n\u0131ndan g\u00fcn\u00fc g\u00fcn\u00fcne telefonla alarak okuyucular\u0131m\u0131za sunacag\u0306\u0131m\u0131z f\u0131kralarla, Demokrat \u0130zmir m\u00fctek\u00e2mil bir gazete oldug\u0306unu k\u0131sa zamanda g\u00f6sterecektir. Demokrat \u0130zmir, demokrasiyi sevenlerin, ve bu vatan\u0131 her bak\u0131mdan refah i\u00e7inde g\u00f6rmek isteyenlerin gazetesidir.Demokrat \u0130zmir, 25 Aral\u0131k 1946 <\/p>\n","protected":false},"excerpt":{"rendered":"<p>2. D\u00fcnya Sava\u015f\u0131 sonras\u0131nda \u201c\u00f6zg\u00fcr d\u00fcnya\u201d i\u00e7inde yer almak isteyen T\u00fcrkiye \u00e7ok partili hayata ad\u0131m atm\u0131\u015f, \u015eubat 1946\u2019da \u0130zmir ve \u0130stanbul merkez \u015fubeleri kurulan Demokrat Parti<span class=\"excerpt-hellip\"> [\u2026]<\/span><\/p>\n","protected":false},"featured_media":0,"template":"","meta":{"_monsterinsights_skip_tracking":false,"_monsterinsights_sitenote_active":false,"_monsterinsights_sitenote_note":"","_monsterinsights_sitenote_category":0},"product_brand":[],"product_cat":[12370,12304],"product_tag":[],"class_list":{"0":"post-713505","1":"product","2":"type-product","3":"status-publish","5":"product_cat-arastirma-inceleme","6":"product_cat-tarih","7":"pa_cilt-ciltsiz","8":"pa_tur-kitap","9":"pa_yayinevi-yapi-kredi-yayinlari","10":"pa_yazar-aytac-demirci-yusuf-riza-duvenci","12":"first","13":"instock","14":"sale","15":"shipping-taxable","16":"purchasable","17":"product-type-simple"},"_links":{"self":[{"href":"https:\/\/roveyayinevi.com.tr\/index.php\/wp-json\/wp\/v2\/product\/713505","targetHints":{"allow":["GET"]}}],"collection":[{"href":"https:\/\/roveyayinevi.com.tr\/index.php\/wp-json\/wp\/v2\/product"}],"about":[{"href":"https:\/\/roveyayinevi.com.tr\/index.php\/wp-json\/wp\/v2\/types\/product"}],"wp:attachment":[{"href":"https:\/\/roveyayinevi.com.tr\/index.php\/wp-json\/wp\/v2\/media?parent=713505"}],"wp:term":[{"taxonomy":"product_brand","embeddable":true,"href":"https:\/\/roveyayinevi.com.tr\/index.php\/wp-json\/wp\/v2\/product_brand?post=713505"},{"taxonomy":"product_cat","embeddable":true,"href":"https:\/\/roveyayinevi.com.tr\/index.php\/wp-json\/wp\/v2\/product_cat?post=713505"},{"taxonomy":"product_tag","embeddable":true,"href":"https:\/\/roveyayinevi.com.tr\/index.php\/wp-json\/wp\/v2\/product_tag?post=713505"}],"curies":[{"name":"wp","href":"https:\/\/api.w.org\/{rel}","templated":true}]}}