{"id":713488,"date":"2025-08-27T17:08:02","date_gmt":"2025-08-27T14:08:02","guid":{"rendered":"https:\/\/roveyayinevi.com.tr\/index.php\/urun\/geometri-2\/"},"modified":"2025-12-30T10:14:00","modified_gmt":"2025-12-30T07:14:00","slug":"geometri-2","status":"publish","type":"product","link":"https:\/\/roveyayinevi.com.tr\/index.php\/urun\/geometri-2\/","title":{"rendered":"Geometri"},"content":{"rendered":"<p>\u201cBu kitab\u0131 Atat\u00fcrk, \u00f6l\u00fcm\u00fcnden bir bu\u00e7uk y\u0131l kadar \u00f6nce, III. T\u00fcrk Dil Kurultay\u0131\u2019ndan hemen sonra 1936-1937 y\u0131l\u0131 k\u0131\u015f aylar\u0131nda Dolmabah\u00e7e Saray\u0131\u2019nda kendi eliyle yazm\u0131\u015ft\u0131r. 1936 sonbahar\u0131nda bir g\u00fcn Atat\u00fcrk beni, \u00d6zel Kalem M\u00fcd\u00fcr\u00fc S\u00fcreyya Anderiman\u2019\u0131n yan\u0131na katarak Beyo\u011flu\u2019ndaki Ha\u015fet Kitabevi\u2019ne g\u00f6nderip uygun g\u00f6rd\u00fc\u011f\u00fcm\u00fcz Frans\u0131zca geometri kitaplar\u0131ndan birer tane ald\u0131rtt\u0131. Bunlar Atat\u00fcrk\u2019le birlikte g\u00f6zden ge\u00e7irildikten sonra, yaz\u0131lacak geometri kitab\u0131n\u0131n genel tasar\u0131s\u0131 \u00e7izildi. Bir s\u00fcre sonra ben ayr\u0131ld\u0131m ve k\u0131\u015f aylar\u0131nda Atat\u00fcrk bu yap\u0131t \u00fczerinde \u00e7al\u0131\u015ft\u0131. Elinizdeki kitap\u00e7\u0131k bu eme\u011fin \u00fcr\u00fcn\u00fcd\u00fcr.\u201d A. Dila\u00e7ar <\/p>\n","protected":false},"excerpt":{"rendered":"<p>\u201cBu kitab\u0131 Atat\u00fcrk, \u00f6l\u00fcm\u00fcnden bir bu\u00e7uk y\u0131l kadar \u00f6nce, III. T\u00fcrk Dil Kurultay\u0131\u2019ndan hemen sonra 1936-1937 y\u0131l\u0131 k\u0131\u015f aylar\u0131nda Dolmabah\u00e7e Saray\u0131\u2019nda kendi eliyle yazm\u0131\u015ft\u0131r. 1936 sonbahar\u0131nda<span class=\"excerpt-hellip\"> [\u2026]<\/span><\/p>\n","protected":false},"featured_media":0,"template":"","meta":{"_monsterinsights_skip_tracking":false,"_monsterinsights_sitenote_active":false,"_monsterinsights_sitenote_note":"","_monsterinsights_sitenote_category":0},"product_brand":[],"product_cat":[13005,16724],"product_tag":[],"class_list":{"0":"post-713488","1":"product","2":"type-product","3":"status-publish","5":"product_cat-bilim-muhendislik","6":"product_cat-matematik","7":"pa_cilt-ciltsiz","8":"pa_tur-kitap","9":"pa_yayinevi-panama-yayincilik","10":"pa_yazar-mustafa-kemal-ataturk","12":"first","13":"instock","14":"sale","15":"shipping-taxable","16":"purchasable","17":"product-type-simple"},"_links":{"self":[{"href":"https:\/\/roveyayinevi.com.tr\/index.php\/wp-json\/wp\/v2\/product\/713488","targetHints":{"allow":["GET"]}}],"collection":[{"href":"https:\/\/roveyayinevi.com.tr\/index.php\/wp-json\/wp\/v2\/product"}],"about":[{"href":"https:\/\/roveyayinevi.com.tr\/index.php\/wp-json\/wp\/v2\/types\/product"}],"wp:attachment":[{"href":"https:\/\/roveyayinevi.com.tr\/index.php\/wp-json\/wp\/v2\/media?parent=713488"}],"wp:term":[{"taxonomy":"product_brand","embeddable":true,"href":"https:\/\/roveyayinevi.com.tr\/index.php\/wp-json\/wp\/v2\/product_brand?post=713488"},{"taxonomy":"product_cat","embeddable":true,"href":"https:\/\/roveyayinevi.com.tr\/index.php\/wp-json\/wp\/v2\/product_cat?post=713488"},{"taxonomy":"product_tag","embeddable":true,"href":"https:\/\/roveyayinevi.com.tr\/index.php\/wp-json\/wp\/v2\/product_tag?post=713488"}],"curies":[{"name":"wp","href":"https:\/\/api.w.org\/{rel}","templated":true}]}}