{"id":713421,"date":"2025-08-27T17:07:17","date_gmt":"2025-08-27T14:07:17","guid":{"rendered":"https:\/\/roveyayinevi.com.tr\/index.php\/urun\/bizans-dunyasi-2-bizans-imparatorlugu-641-1204\/"},"modified":"2026-04-16T02:21:49","modified_gmt":"2026-04-15T23:21:49","slug":"bizans-dunyasi-2-bizans-imparatorlugu-641-1204","status":"publish","type":"product","link":"https:\/\/roveyayinevi.com.tr\/index.php\/urun\/bizans-dunyasi-2-bizans-imparatorlugu-641-1204\/","title":{"rendered":"Bizans D\u00fcnyas\u0131 2 Bizans \u0130mparatorlu\u011fu (641-1204)"},"content":{"rendered":"<p>VII-XIII. y\u00fczy\u0131llar\u0131 irdeleyen bu eser, farkl\u0131 disiplinlerden \u00e7ok say\u0131da uzman\u0131n ekip \u00e7al\u0131\u015fmas\u0131. Orta\u00e7a\u011f\u2019da, bir\u00e7ok etnik grubu bir araya getiren devasa Bizans \u0130mparatorlu\u011fu, Slav ve \u00f6zellikle de Arap M\u00fcsl\u00fcman sald\u0131r\u0131lar\u0131n\u0131n alt\u0131nda neredeyse yok olma noktas\u0131na gelmi\u015f, Ermeni ve Slavlara kucak a\u00e7maya devam ederken, esasen Grek yo\u011funluklu bir n\u00fcfus \u00fczerine kapanm\u0131\u015ft\u0131r. Bizansl\u0131 egemenler, bu durumdan inan\u0131lmaz bir geri d\u00f6n\u00fc\u015f\u00fc ba\u015farm\u0131\u015f, Bizans\u2019\u0131 X-XI. y\u00fczy\u0131llar\u0131n en b\u00fcy\u00fck H\u0131ristiyan g\u00fcc\u00fc yapmay\u0131 ba\u015far\u0131rm\u0131\u015flard\u0131r. Ancak art\u0131k ufukta, Do\u011fu steplerinden gelen yeni bir rakip olan T\u00fcrkler belirmi\u015f, \u0130mparatorluk s\u00fcrekli kan kaybetmeye ba\u015flam\u0131\u015ft\u0131r. \u0130mparatorlu\u011fun adaptasyon kabiliyeti, muhafazak\u00e2r ve donuk bir Bizans imaj\u0131n\u0131 yalanlar niteliktedir. Bizansl\u0131lar yapt\u0131klar\u0131 yeniliklere bile eski geleneklere geri d\u00f6n\u00fc\u015f s\u00fcs\u00fc verirler. Kurumlar, hiyerar\u015fi, ordular, hem yeni d\u00fc\u015fmanlara kar\u015f\u0131 durabilmek hem de geni\u015flemeyi devam ettirebilmek \u00fczere birden \u00e7ok kere de\u011fi\u015ftirilmi\u015ftir. \u0130mparatorun iktidar\u0131 bile daha ailevi bir sisteme evrilmi\u015f ve hanedan en m\u00fckemmel imaj\u0131na Komnenoslar\u0131n iktidar\u0131 s\u0131ras\u0131nda eri\u015fmi\u015ftir. \u0130mparatorluk, kimli\u011fini Ortodoks H\u0131ristiyanl\u0131kta bulmu\u015ftur. \u0130konoklazma\u2019n\u0131n reddi, tasvirlerin y\u00fcceltilmesiyle kendini bulan \u00f6zel bir din\u00ee sanata esin perisi olmu\u015ftur. Bizans Kilisesi Roma Kilisesi\u2019nden ayr\u0131lm\u0131\u015f, ancak etki alan\u0131n\u0131 Bulgar ve Rus karde\u015f Kiliselere do\u011fru geni\u015fletmeye devam etmi\u015ftir. Bu d\u00f6nem boyunca, Bizans k\u00fclt\u00fcr\u00fc yeniden Pagan Helen harfleri benimsemi\u015f ve kendi \u00fcst\u00fcnl\u00fc\u011f\u00fcne inanm\u0131\u015ft\u0131r. Latinlerin asker\u00ee ve ekonomik g\u00fcc\u00fc, 1204\u2019te Konstantinopolis\u2019in ele ge\u00e7irilmesi sonucunu getirerek, Bizansl\u0131lar\u0131 kimliklerinin \u00fczerine kapanmaya itmi\u015f, bir sonraki d\u00f6nemde ger\u00e7ekle\u015fecek olan \u2018\u2018Ulus-devlet\u2019\u2019in kurulu\u015funa g\u00f6t\u00fcren \u015fartlar\u0131 yaratm\u0131\u015ft\u0131r. <\/p>\n","protected":false},"excerpt":{"rendered":"<p>VII-XIII. y\u00fczy\u0131llar\u0131 irdeleyen bu eser, farkl\u0131 disiplinlerden \u00e7ok say\u0131da uzman\u0131n ekip \u00e7al\u0131\u015fmas\u0131. Orta\u00e7a\u011f\u2019da, bir\u00e7ok etnik grubu bir araya getiren devasa Bizans \u0130mparatorlu\u011fu, Slav ve \u00f6zellikle de<span class=\"excerpt-hellip\"> [\u2026]<\/span><\/p>\n","protected":false},"featured_media":0,"template":"","meta":{"_monsterinsights_skip_tracking":false,"_monsterinsights_sitenote_active":false,"_monsterinsights_sitenote_note":"","_monsterinsights_sitenote_category":0},"product_brand":[],"product_cat":[12370,12304],"product_tag":[],"class_list":{"0":"post-713421","1":"product","2":"type-product","3":"status-publish","5":"product_cat-arastirma-inceleme","6":"product_cat-tarih","7":"pa_cilt-ciltsiz","8":"pa_tur-kitap","9":"pa_yayinevi-ayrinti-yayinlari","10":"pa_yazar-jean-claude-cheynet","12":"first","13":"instock","14":"sale","15":"shipping-taxable","16":"purchasable","17":"product-type-simple"},"_links":{"self":[{"href":"https:\/\/roveyayinevi.com.tr\/index.php\/wp-json\/wp\/v2\/product\/713421","targetHints":{"allow":["GET"]}}],"collection":[{"href":"https:\/\/roveyayinevi.com.tr\/index.php\/wp-json\/wp\/v2\/product"}],"about":[{"href":"https:\/\/roveyayinevi.com.tr\/index.php\/wp-json\/wp\/v2\/types\/product"}],"wp:attachment":[{"href":"https:\/\/roveyayinevi.com.tr\/index.php\/wp-json\/wp\/v2\/media?parent=713421"}],"wp:term":[{"taxonomy":"product_brand","embeddable":true,"href":"https:\/\/roveyayinevi.com.tr\/index.php\/wp-json\/wp\/v2\/product_brand?post=713421"},{"taxonomy":"product_cat","embeddable":true,"href":"https:\/\/roveyayinevi.com.tr\/index.php\/wp-json\/wp\/v2\/product_cat?post=713421"},{"taxonomy":"product_tag","embeddable":true,"href":"https:\/\/roveyayinevi.com.tr\/index.php\/wp-json\/wp\/v2\/product_tag?post=713421"}],"curies":[{"name":"wp","href":"https:\/\/api.w.org\/{rel}","templated":true}]}}