{"id":713401,"date":"2025-08-27T17:07:06","date_gmt":"2025-08-27T14:07:06","guid":{"rendered":"https:\/\/roveyayinevi.com.tr\/index.php\/urun\/onlarin-oykusu\/"},"modified":"2026-04-16T02:21:48","modified_gmt":"2026-04-15T23:21:48","slug":"onlarin-oykusu","status":"publish","type":"product","link":"https:\/\/roveyayinevi.com.tr\/index.php\/urun\/onlarin-oykusu\/","title":{"rendered":"Onlar&#8217;\u0131n \u00d6yk\u00fcs\u00fc"},"content":{"rendered":"<p>Herkesin bir \u00f6yk\u00fcs\u00fc vard\u0131r bu hayatta\u2026  Baz\u0131s\u0131n\u0131 ya\u015far\u0131z, baz\u0131s\u0131n\u0131 izleriz, bazen de  okuruz.  Mesleklerinin zirvesindeki isimler Onlar\u2019\u0131n\u00d6yk\u00fcs\u00fc\u2019n\u00fc kaleme ald\u0131 bu kitapta.  Bir de \u015fiirimiz var. Okuyamayan k\u0131z \u00e7ocuklar\u0131m\u0131z i\u00e7in yazd\u0131lar. \u015eu an elinizde tuttu\u011funuz ve ald\u0131\u011f\u0131n\u0131z her kitap, o k\u0131z \u00e7ocuklar\u0131m\u0131z\u0131n e\u011fitimi i\u00e7in kullan\u0131lacak. Ajda Pekkan \u201cSessizlik\u201d Arzum Onan \u201c\u0130ki Zeynep\u201d Bel\u00e7im Bilgin \u201cI\u015f\u0131k \u00c7ocuklar\u201d Berg\u00fczar Korel \u201cMucizenin Ad\u0131: Babam\u201d Demet Evgar \u201cBen Kim miyim?\u201d Fatma Girik \u201c\u0130\u015fte Benim Sevdam\u201d Monik\u0130pekel \u201cYa\u015f\u0131 K\u00fc\u00e7\u00fck Kalbi B\u00fcy\u00fck\u201d Nazl\u0131 \u00c7elik \u201cMehmet\u201d Nebahat \u00c7ehre \u201c\u00dclkemin Ac\u0131 Ger\u00e7e\u011fi\u201d \u00d6m\u00fcr Sabuncuo\u011flu \u201cCan\u0131m A\u011fabeyim\u201d S\u0131la Gen\u00e7o\u011flu \u201cTomurcuk\u201d Song\u00fcl \u00d6den \u201cBayku\u015f\u201d \u015e\u00fckran Oval\u0131 \u201cKilitli Dolap\u201d   Bu yaz\u0131lar\u0131 kaleme alan t\u00fcm isimler, bug\u00fcne de\u011fin g\u00fczel davran\u0131\u015flar\u0131yla, ba\u015far\u0131lar\u0131yla ve  iyilikleriyle hep hayatlar\u0131m\u0131za dokundu. Umar\u0131m bizi bir araya getiren bu saf ve iyi enerjimiz, o minicik kalplerin hayat\u0131na da ayn\u0131 g\u00fczellikte dokunur. <\/p>\n","protected":false},"excerpt":{"rendered":"<p>Herkesin bir \u00f6yk\u00fcs\u00fc vard\u0131r bu hayatta\u2026 Baz\u0131s\u0131n\u0131 ya\u015far\u0131z, baz\u0131s\u0131n\u0131 izleriz, bazen de okuruz. Mesleklerinin zirvesindeki isimler Onlar\u2019\u0131n\u00d6yk\u00fcs\u00fc\u2019n\u00fc kaleme ald\u0131 bu kitapta. Bir de \u015fiirimiz var. Okuyamayan<span class=\"excerpt-hellip\"> [\u2026]<\/span><\/p>\n","protected":false},"featured_media":0,"template":"","meta":{"_monsterinsights_skip_tracking":false,"_monsterinsights_sitenote_active":false,"_monsterinsights_sitenote_note":"","_monsterinsights_sitenote_category":0},"product_brand":[],"product_cat":[14009,12291],"product_tag":[],"class_list":{"0":"post-713401","1":"product","2":"type-product","3":"status-publish","5":"product_cat-biyografi-otobiyografi-edebiyat","6":"product_cat-edebiyat","7":"pa_cilt-ciltsiz","8":"pa_tur-kitap","9":"pa_yayinevi-inkilap-kitabevi","10":"pa_yazar-omur-sabuncuoglu","12":"first","13":"instock","14":"sale","15":"shipping-taxable","16":"purchasable","17":"product-type-simple"},"_links":{"self":[{"href":"https:\/\/roveyayinevi.com.tr\/index.php\/wp-json\/wp\/v2\/product\/713401","targetHints":{"allow":["GET"]}}],"collection":[{"href":"https:\/\/roveyayinevi.com.tr\/index.php\/wp-json\/wp\/v2\/product"}],"about":[{"href":"https:\/\/roveyayinevi.com.tr\/index.php\/wp-json\/wp\/v2\/types\/product"}],"wp:attachment":[{"href":"https:\/\/roveyayinevi.com.tr\/index.php\/wp-json\/wp\/v2\/media?parent=713401"}],"wp:term":[{"taxonomy":"product_brand","embeddable":true,"href":"https:\/\/roveyayinevi.com.tr\/index.php\/wp-json\/wp\/v2\/product_brand?post=713401"},{"taxonomy":"product_cat","embeddable":true,"href":"https:\/\/roveyayinevi.com.tr\/index.php\/wp-json\/wp\/v2\/product_cat?post=713401"},{"taxonomy":"product_tag","embeddable":true,"href":"https:\/\/roveyayinevi.com.tr\/index.php\/wp-json\/wp\/v2\/product_tag?post=713401"}],"curies":[{"name":"wp","href":"https:\/\/api.w.org\/{rel}","templated":true}]}}