{"id":713382,"date":"2025-08-27T17:06:55","date_gmt":"2025-08-27T14:06:55","guid":{"rendered":"https:\/\/roveyayinevi.com.tr\/index.php\/urun\/quo-vadis-kamu-yonetimi\/"},"modified":"2026-04-16T02:21:48","modified_gmt":"2026-04-15T23:21:48","slug":"quo-vadis-kamu-yonetimi","status":"publish","type":"product","link":"https:\/\/roveyayinevi.com.tr\/index.php\/urun\/quo-vadis-kamu-yonetimi\/","title":{"rendered":"Quo Vadis: Kamu Y\u00f6netimi"},"content":{"rendered":"<p>Quo Vadis: Kamu Y\u00f6netimi kitab\u0131, hem kamu y\u00f6netimi disiplininin i\u00e7sel sorunlar\u0131n\u0131, hem de sosyal bilim a\u00e7\u0131s\u0131ndan temel niteliklerini tart\u0131\u015fmaktad\u0131r. Kamu y\u00f6netimi alan\u0131nda \u201ckimlik sorunsal\u0131\u201dn\u0131n a\u015f\u0131lmas\u0131 i\u00e7in farkl\u0131 disiplinlerden yararlan\u0131lmas\u0131, ele\u015ftirel bak\u0131\u015f a\u00e7\u0131lar\u0131n\u0131n geli\u015ftirilmesi olduk\u00e7a \u00f6nemlidir. Sadece akademik alanda de\u011fil, toplumsal bilgiyi yayg\u0131nla\u015ft\u0131rma \u00e7abas\u0131yla ortaya \u00e7\u0131kan her \u00fcr\u00fcn, ayd\u0131nlanma ad\u0131mlar\u0131n\u0131n bir par\u00e7as\u0131 niteli\u011finde say\u0131lmal\u0131d\u0131r. Bu kitapta kamu y\u00f6netimi disiplininde bilinen tart\u0131\u015fmalara yer verilmekle birlikte, yeni bir ara\u015ft\u0131rma evreninin ve kaz\u0131 alan\u0131n\u0131n yarat\u0131lmas\u0131 da hedeflenmi\u015ftir. Kitap, \u201cTarih ve Disiplin,\u201d \u201cReform ve Politika\u201d ana ba\u015fl\u0131klar\u0131 alt\u0131nda, \u201cyeni\u201d seslere, tart\u0131\u015fmalara yer vermeyi ama\u00e7lam\u0131\u015ft\u0131r. Katk\u0131lar\u0131n niteli\u011fi, bize, kamu y\u00f6netimi alan\u0131ndaki yeni a\u00e7\u0131l\u0131mlar\u0131 ve olanaklar\u0131 g\u00f6sterecektir. <\/p>\n","protected":false},"excerpt":{"rendered":"<p>Quo Vadis: Kamu Y\u00f6netimi kitab\u0131, hem kamu y\u00f6netimi disiplininin i\u00e7sel sorunlar\u0131n\u0131, hem de sosyal bilim a\u00e7\u0131s\u0131ndan temel niteliklerini tart\u0131\u015fmaktad\u0131r. Kamu y\u00f6netimi alan\u0131nda \u201ckimlik sorunsal\u0131\u201dn\u0131n a\u015f\u0131lmas\u0131 i\u00e7in<span class=\"excerpt-hellip\"> [\u2026]<\/span><\/p>\n","protected":false},"featured_media":0,"template":"","meta":{"_monsterinsights_skip_tracking":false,"_monsterinsights_sitenote_active":false,"_monsterinsights_sitenote_note":"","_monsterinsights_sitenote_category":0},"product_brand":[],"product_cat":[12337,14706],"product_tag":[],"class_list":{"0":"post-713382","1":"product","2":"type-product","3":"status-publish","5":"product_cat-politika-siyaset","6":"product_cat-siyaset-bilimi","7":"pa_cilt-ciltsiz","8":"pa_tur-kitap","9":"pa_yayinevi-nika-yayinevi","10":"pa_yazar-kollektif","12":"first","13":"instock","14":"sale","15":"shipping-taxable","16":"purchasable","17":"product-type-simple"},"_links":{"self":[{"href":"https:\/\/roveyayinevi.com.tr\/index.php\/wp-json\/wp\/v2\/product\/713382","targetHints":{"allow":["GET"]}}],"collection":[{"href":"https:\/\/roveyayinevi.com.tr\/index.php\/wp-json\/wp\/v2\/product"}],"about":[{"href":"https:\/\/roveyayinevi.com.tr\/index.php\/wp-json\/wp\/v2\/types\/product"}],"wp:attachment":[{"href":"https:\/\/roveyayinevi.com.tr\/index.php\/wp-json\/wp\/v2\/media?parent=713382"}],"wp:term":[{"taxonomy":"product_brand","embeddable":true,"href":"https:\/\/roveyayinevi.com.tr\/index.php\/wp-json\/wp\/v2\/product_brand?post=713382"},{"taxonomy":"product_cat","embeddable":true,"href":"https:\/\/roveyayinevi.com.tr\/index.php\/wp-json\/wp\/v2\/product_cat?post=713382"},{"taxonomy":"product_tag","embeddable":true,"href":"https:\/\/roveyayinevi.com.tr\/index.php\/wp-json\/wp\/v2\/product_tag?post=713382"}],"curies":[{"name":"wp","href":"https:\/\/api.w.org\/{rel}","templated":true}]}}