{"id":713311,"date":"2025-08-27T17:06:14","date_gmt":"2025-08-27T14:06:14","guid":{"rendered":"https:\/\/roveyayinevi.com.tr\/index.php\/urun\/59-yuz-portreler\/"},"modified":"2026-04-16T02:21:46","modified_gmt":"2026-04-15T23:21:46","slug":"59-yuz-portreler","status":"publish","type":"product","link":"https:\/\/roveyayinevi.com.tr\/index.php\/urun\/59-yuz-portreler\/","title":{"rendered":"59 Y\u00fcz Portreler"},"content":{"rendered":"<p>F\u0131rt\u0131nalara y\u00f6n veren kelebeklerin kanat \u00e7\u0131rp\u0131\u015f\u0131d\u0131r, Necmettin Asma bu kitapta f\u0131rt\u0131nal\u0131 d\u00f6nemlerde feveran etmi\u015f, insan olman\u0131n y\u00fck\u00fcml\u00fcl\u00fcklerini \u00fcstlenmi\u015f 59 y\u00fcz\u00fc \u00e7izgisine ta\u015f\u0131yor.  \u00c7izimlerini Necmettin Asma&#8217;n\u0131n yapt\u0131\u011f\u0131, metinlerini G\u00fcven Ad\u0131g\u00fczel&#8217;in yazd\u0131\u011f\u0131 &#8220;59 Y\u00fcz: Portreler&#8221;, al\u0131\u015f\u0131lm\u0131\u015f portre \u00e7al\u0131\u015fmalar\u0131ndan \u00e7ok uzak. Kitap; Malcolm X, \u015eeyh \u015eamil, Necmettin Erbakan, Muhammed Ali ve Rachel Corrie gibi ku\u015fand\u0131klar\u0131 vazife \u015fuuruyla hareket eden isimlerin hem portrelerini i\u00e7eriyor hem de bu isimlerin \u0131\u015f\u0131k tuttuklar\u0131 izle\u011fi ve \u015fiar edindikleri meseleleri de okura i\u015faret ediyor. <\/p>\n","protected":false},"excerpt":{"rendered":"<p>F\u0131rt\u0131nalara y\u00f6n veren kelebeklerin kanat \u00e7\u0131rp\u0131\u015f\u0131d\u0131r, Necmettin Asma bu kitapta f\u0131rt\u0131nal\u0131 d\u00f6nemlerde feveran etmi\u015f, insan olman\u0131n y\u00fck\u00fcml\u00fcl\u00fcklerini \u00fcstlenmi\u015f 59 y\u00fcz\u00fc \u00e7izgisine ta\u015f\u0131yor. \u00c7izimlerini Necmettin Asma&#8217;n\u0131n yapt\u0131\u011f\u0131,<span class=\"excerpt-hellip\"> [\u2026]<\/span><\/p>\n","protected":false},"featured_media":0,"template":"","meta":{"_monsterinsights_skip_tracking":false,"_monsterinsights_sitenote_active":false,"_monsterinsights_sitenote_note":"","_monsterinsights_sitenote_category":0},"product_brand":[],"product_cat":[14009,12291],"product_tag":[],"class_list":{"0":"post-713311","1":"product","2":"type-product","3":"status-publish","5":"product_cat-biyografi-otobiyografi-edebiyat","6":"product_cat-edebiyat","7":"pa_cilt-ciltsiz","8":"pa_tur-kitap","9":"pa_yayinevi-ketebe-yayinlari","10":"pa_yazar-necmettin-asma","12":"first","13":"instock","14":"sale","15":"shipping-taxable","16":"purchasable","17":"product-type-simple"},"_links":{"self":[{"href":"https:\/\/roveyayinevi.com.tr\/index.php\/wp-json\/wp\/v2\/product\/713311","targetHints":{"allow":["GET"]}}],"collection":[{"href":"https:\/\/roveyayinevi.com.tr\/index.php\/wp-json\/wp\/v2\/product"}],"about":[{"href":"https:\/\/roveyayinevi.com.tr\/index.php\/wp-json\/wp\/v2\/types\/product"}],"wp:attachment":[{"href":"https:\/\/roveyayinevi.com.tr\/index.php\/wp-json\/wp\/v2\/media?parent=713311"}],"wp:term":[{"taxonomy":"product_brand","embeddable":true,"href":"https:\/\/roveyayinevi.com.tr\/index.php\/wp-json\/wp\/v2\/product_brand?post=713311"},{"taxonomy":"product_cat","embeddable":true,"href":"https:\/\/roveyayinevi.com.tr\/index.php\/wp-json\/wp\/v2\/product_cat?post=713311"},{"taxonomy":"product_tag","embeddable":true,"href":"https:\/\/roveyayinevi.com.tr\/index.php\/wp-json\/wp\/v2\/product_tag?post=713311"}],"curies":[{"name":"wp","href":"https:\/\/api.w.org\/{rel}","templated":true}]}}