{"id":713283,"date":"2025-08-27T17:05:58","date_gmt":"2025-08-27T14:05:58","guid":{"rendered":"https:\/\/roveyayinevi.com.tr\/index.php\/urun\/ataturkun-kaleminden-7-emperyalizm-ve-tam-bagimsizlik\/"},"modified":"2026-04-16T02:21:46","modified_gmt":"2026-04-15T23:21:46","slug":"ataturkun-kaleminden-7-emperyalizm-ve-tam-bagimsizlik","status":"publish","type":"product","link":"https:\/\/roveyayinevi.com.tr\/index.php\/urun\/ataturkun-kaleminden-7-emperyalizm-ve-tam-bagimsizlik\/","title":{"rendered":"Atat\u00fcrk\u2019\u00fcn Kaleminden 7 &#8211; Emperyalizm ve Tam Ba\u011f\u0131ms\u0131zl\u0131k"},"content":{"rendered":"<p>Sevr Antla\u015fmas\u0131\u2019yla Bat\u0131 emperyalizmi &#8220;baklay\u0131 a\u011fz\u0131ndan \u00e7\u0131karm\u0131\u015f&#8221;, Osmanl\u0131 \u0130mparatorlu\u011fu (T\u00fcrkiye) i\u00e7in d\u00fc\u015f\u00fcn\u00fclen &#8220;nihai \u00e7\u00f6z\u00fcm\u00fc&#8221; netli\u011fe kavu\u015fturmu\u015ftu. Sevr g\u00f6steriyordu ki Bat\u0131l\u0131lar\u0131n  hedefi k\u0131sa ya da orta erimde Osmanl\u0131&#8217;y\u0131 t\u00fcm\u00fcyle yok etmek, Anadolu&#8217;yu Yunanistan ile Ermenistan aras\u0131nda b\u00f6l\u00fc\u015ft\u00fcrmek ve bir K\u00fcrt devleti kurmakt\u0131. T\u00fcrkler de bir \u015fekilde etnik temizli\u011fe u\u011frayacakt\u0131. Atat\u00fcrk, emperyalist Bat\u0131\u2019n\u0131n T\u00fcrkiye\u2019ye sald\u0131r\u0131s\u0131n\u0131 p\u00fcsk\u00fcrtmenin ve T\u00fcrk milletinin varl\u0131\u011f\u0131n\u0131 s\u00fcrd\u00fcrebilmesinin ancak \u00e7a\u011fda\u015f, g\u00fc\u00e7l\u00fc bir devlet kurmakla m\u00fcmk\u00fcn oldu\u011funu g\u00f6r\u00fcyordu. Devrim bunun i\u00e7in yap\u0131ld\u0131; yoksa \u201c\u015f\u0131kl\u0131k, ho\u015fluk, z\u00fcppelik olsun diye\u201d de\u011fil&#8230;   Elinizdeki kitapta Atat\u00fcrk\u2019\u00fcn emperyalizme kar\u015f\u0131 tam ba\u011f\u0131ms\u0131zl\u0131k m\u00fccadelesinin ifadesi olan yaz\u0131 ve konu\u015fmalar\u0131n\u0131 bulacaks\u0131n\u0131z. <\/p>\n","protected":false},"excerpt":{"rendered":"<p>Sevr Antla\u015fmas\u0131\u2019yla Bat\u0131 emperyalizmi &#8220;baklay\u0131 a\u011fz\u0131ndan \u00e7\u0131karm\u0131\u015f&#8221;, Osmanl\u0131 \u0130mparatorlu\u011fu (T\u00fcrkiye) i\u00e7in d\u00fc\u015f\u00fcn\u00fclen &#8220;nihai \u00e7\u00f6z\u00fcm\u00fc&#8221; netli\u011fe kavu\u015fturmu\u015ftu. Sevr g\u00f6steriyordu ki Bat\u0131l\u0131lar\u0131n hedefi k\u0131sa ya da orta erimde<span class=\"excerpt-hellip\"> [\u2026]<\/span><\/p>\n","protected":false},"featured_media":0,"template":"","meta":{"_monsterinsights_skip_tracking":false,"_monsterinsights_sitenote_active":false,"_monsterinsights_sitenote_note":"","_monsterinsights_sitenote_category":0},"product_brand":[],"product_cat":[12530,12304],"product_tag":[],"class_list":{"0":"post-713283","1":"product","2":"type-product","3":"status-publish","5":"product_cat-mustafa-kemal-ataturk","6":"product_cat-tarih","7":"pa_cilt-ciltsiz","8":"pa_tur-kitap","9":"pa_yayinevi-kaynak-yayinlari","10":"pa_yazar-kollektif","12":"first","13":"instock","14":"sale","15":"shipping-taxable","16":"purchasable","17":"product-type-simple"},"_links":{"self":[{"href":"https:\/\/roveyayinevi.com.tr\/index.php\/wp-json\/wp\/v2\/product\/713283","targetHints":{"allow":["GET"]}}],"collection":[{"href":"https:\/\/roveyayinevi.com.tr\/index.php\/wp-json\/wp\/v2\/product"}],"about":[{"href":"https:\/\/roveyayinevi.com.tr\/index.php\/wp-json\/wp\/v2\/types\/product"}],"wp:attachment":[{"href":"https:\/\/roveyayinevi.com.tr\/index.php\/wp-json\/wp\/v2\/media?parent=713283"}],"wp:term":[{"taxonomy":"product_brand","embeddable":true,"href":"https:\/\/roveyayinevi.com.tr\/index.php\/wp-json\/wp\/v2\/product_brand?post=713283"},{"taxonomy":"product_cat","embeddable":true,"href":"https:\/\/roveyayinevi.com.tr\/index.php\/wp-json\/wp\/v2\/product_cat?post=713283"},{"taxonomy":"product_tag","embeddable":true,"href":"https:\/\/roveyayinevi.com.tr\/index.php\/wp-json\/wp\/v2\/product_tag?post=713283"}],"curies":[{"name":"wp","href":"https:\/\/api.w.org\/{rel}","templated":true}]}}