{"id":713265,"date":"2025-08-27T17:05:47","date_gmt":"2025-08-27T14:05:47","guid":{"rendered":"https:\/\/roveyayinevi.com.tr\/index.php\/urun\/kahramani-yaratmak-ittihadcilarin-alemdar-mustafa-pasayi-hatirlamasi\/"},"modified":"2026-04-16T02:21:45","modified_gmt":"2026-04-15T23:21:45","slug":"kahramani-yaratmak-ittihadcilarin-alemdar-mustafa-pasayi-hatirlamasi","status":"publish","type":"product","link":"https:\/\/roveyayinevi.com.tr\/index.php\/urun\/kahramani-yaratmak-ittihadcilarin-alemdar-mustafa-pasayi-hatirlamasi\/","title":{"rendered":"Kahraman\u0131 Yaratmak \u0130ttihadc\u0131lar\u0131n Alemdar Mustafa Pa\u015fa&#8217;y\u0131 Hat\u0131rlamas\u0131"},"content":{"rendered":"<p>\u0130ttihadc\u0131lar, alt\u0131 asr\u0131 devirmi\u015f yorgun imparatorlu\u011fun \u00e7\u00f6k\u00fc\u015f senaryolar\u0131n\u0131n \u00e7izildi\u011fi 20. y\u00fczy\u0131l\u0131n ba\u015f\u0131nda, Me\u015frutiyet iktidar\u0131n\u0131n me\u015fruiyetini sa\u011flamla\u015ft\u0131rmak i\u00e7in ihti\u015faml\u0131 mazinin de\u011ferlerine s\u0131k\u0131 s\u0131k\u0131ya sar\u0131lm\u0131\u015flard\u0131. Alt\u0131 y\u00fcz y\u0131la yay\u0131lan parlak zaferlerin \u015fanl\u0131 kahramanlar\u0131n\u0131n yeniden hat\u0131rlat\u0131lmas\u0131yla, halk\u0131n bozulan maneviyat\u0131n\u0131n y\u00fckseltilece\u011fi hesap edilmi\u015fti. Bu kahramanlardan biri de Alemdar Mustafa Pa\u015fa idi. Tarihimizin ilgin\u00e7 ve en \u00e7ok tart\u0131\u015f\u0131lan simalar\u0131ndan olan Alemdar Mustafa Pa\u015fa, payitaht \u0130stanbul\u2019da 3 ay 19 g\u00fcn\u00fc sadrazaml\u0131k g\u00f6revi olmak \u00fczere sadece d\u00f6rt ay \u00f6m\u00fcr s\u00fcrm\u00fc\u015f olmas\u0131na ra\u011fmen, Osmanl\u0131 siyasi tarihinin ak\u0131\u015f\u0131n\u0131 de\u011fi\u015ftirmek, yenile\u015fme hareketlerinin \u00f6n\u00fcn\u00fc a\u00e7mak, anayasal ve demokratik s\u00fcreci ba\u015flatmak ve hatta insan haklar\u0131 gibi modern kavramlar\u0131 T\u00fcrkiye kamuoyunun g\u00fcndemine getirmek t\u00fcr\u00fcnden referanslarla tarih, hukuk ve siyaset bilimi gibi farkl\u0131 disiplinlerde \u00e7al\u0131\u015fan bir\u00e7ok ara\u015ft\u0131rmac\u0131n\u0131n ilgi sahas\u0131nda yer alm\u0131\u015ft\u0131r.Prof. Dr. Kemalettin Kuzucu, Kahraman\u0131 Yaratmak ad\u0131n\u0131 verdi\u011fi bu \u00e7al\u0131\u015fmada \u0130ttihadc\u0131lar\u0131n, Alemdar Mustafa Pa\u015fa \u00fczerinden, bug\u00fcn anma t\u00f6reni diye ifade edilen \u2018ihtifal\u2019 olgusunu, \u0130ttihad ve Terakki pop\u00fclizminin, Me\u015frutiyet\u2019i ve bunun \u00f6ng\u00f6rd\u00fc\u011f\u00fc y\u00f6netim sistemini kitlelere benimsetmek i\u00e7in nas\u0131l etkin bi\u00e7imde kulland\u0131\u011f\u0131n\u0131 enfes bir \u00fcslupla anlatarak T\u00fcrkiye\u2019de tarih yaz\u0131m\u0131 alan\u0131nda yap\u0131lan ender \u00e7al\u0131\u015fmalara bir yenisini ekliyor.Alemdar Mustafa Pa\u015fa\u2019n\u0131n monografisini okuduk\u00e7a gelene\u011fin nas\u0131l icat edildi\u011fini bir kez daha g\u00f6receksiniz\u2026 <\/p>\n","protected":false},"excerpt":{"rendered":"<p>\u0130ttihadc\u0131lar, alt\u0131 asr\u0131 devirmi\u015f yorgun imparatorlu\u011fun \u00e7\u00f6k\u00fc\u015f senaryolar\u0131n\u0131n \u00e7izildi\u011fi 20. y\u00fczy\u0131l\u0131n ba\u015f\u0131nda, Me\u015frutiyet iktidar\u0131n\u0131n me\u015fruiyetini sa\u011flamla\u015ft\u0131rmak i\u00e7in ihti\u015faml\u0131 mazinin de\u011ferlerine s\u0131k\u0131 s\u0131k\u0131ya sar\u0131lm\u0131\u015flard\u0131. Alt\u0131 y\u00fcz y\u0131la<span class=\"excerpt-hellip\"> [\u2026]<\/span><\/p>\n","protected":false},"featured_media":0,"template":"","meta":{"_monsterinsights_skip_tracking":false,"_monsterinsights_sitenote_active":false,"_monsterinsights_sitenote_note":"","_monsterinsights_sitenote_category":0},"product_brand":[],"product_cat":[13517,12304],"product_tag":[],"class_list":{"0":"post-713265","1":"product","2":"type-product","3":"status-publish","5":"product_cat-osmanli-tarihi","6":"product_cat-tarih","7":"pa_cilt-ciltsiz","8":"pa_tur-kitap","9":"pa_yayinevi-timas-yayinlari","10":"pa_yazar-kemalettin-kuzucu","12":"first","13":"instock","14":"sale","15":"shipping-taxable","16":"purchasable","17":"product-type-simple"},"_links":{"self":[{"href":"https:\/\/roveyayinevi.com.tr\/index.php\/wp-json\/wp\/v2\/product\/713265","targetHints":{"allow":["GET"]}}],"collection":[{"href":"https:\/\/roveyayinevi.com.tr\/index.php\/wp-json\/wp\/v2\/product"}],"about":[{"href":"https:\/\/roveyayinevi.com.tr\/index.php\/wp-json\/wp\/v2\/types\/product"}],"wp:attachment":[{"href":"https:\/\/roveyayinevi.com.tr\/index.php\/wp-json\/wp\/v2\/media?parent=713265"}],"wp:term":[{"taxonomy":"product_brand","embeddable":true,"href":"https:\/\/roveyayinevi.com.tr\/index.php\/wp-json\/wp\/v2\/product_brand?post=713265"},{"taxonomy":"product_cat","embeddable":true,"href":"https:\/\/roveyayinevi.com.tr\/index.php\/wp-json\/wp\/v2\/product_cat?post=713265"},{"taxonomy":"product_tag","embeddable":true,"href":"https:\/\/roveyayinevi.com.tr\/index.php\/wp-json\/wp\/v2\/product_tag?post=713265"}],"curies":[{"name":"wp","href":"https:\/\/api.w.org\/{rel}","templated":true}]}}