{"id":713187,"date":"2025-08-27T17:04:55","date_gmt":"2025-08-27T14:04:55","guid":{"rendered":"https:\/\/roveyayinevi.com.tr\/index.php\/urun\/cokus-kapitalizmin-nihai-krizi-uzerine-bir-deneme\/"},"modified":"2026-04-16T02:21:44","modified_gmt":"2026-04-15T23:21:44","slug":"cokus-kapitalizmin-nihai-krizi-uzerine-bir-deneme","status":"publish","type":"product","link":"https:\/\/roveyayinevi.com.tr\/index.php\/urun\/cokus-kapitalizmin-nihai-krizi-uzerine-bir-deneme\/","title":{"rendered":"\u00c7\u00f6k\u00fc\u015f &#8211; Kapitalizmin Nihai Krizi \u00dczerine Bir Deneme"},"content":{"rendered":"<p>Daha \u00f6nce Paradigman\u0131n \u0130flas\u0131 \u00e7er\u00e7evesinde resm\u00ee ideolojinin k\u00f6kl\u00fc bir ele\u015ftirisini geli\u015ftiren, Ba\u015fka Bir Uygarl\u0131k \u0130\u00e7in Manifesto yazarak \u201cneyi, nerede, nas\u0131l \u00fcretmeli, nas\u0131l t\u00fcketmeli, nas\u0131l ya\u015famal\u0131?\u201d sorular\u0131 ekseninde m\u00fc\u015ftereklere dayanan yeni bir demokrasiyi tart\u0131\u015fan Fikret Ba\u015fkaya, \u015fimdi de \u00c7\u00f6k\u00fc\u015f\u2019\u00fc anlat\u0131yor. Kapitalizmin son b\u00fcy\u00fck krizi, onun ayn\u0131 zamanda nihai krizi mi? Bug\u00fcne kadarki krizlerin dinamikleri nelerdi, bug\u00fcn ya\u015fad\u0131\u011f\u0131m\u0131z kriz di\u011ferlerinden farkl\u0131 olarak ne gibi dinamiklere sahip? Asl\u0131nda \u201ckriz\u201d, ondan \u00e7\u0131k\u0131\u015f ihtimalini de bar\u0131nd\u0131rd\u0131\u011f\u0131 i\u00e7in, \u201c\u00e7\u00f6k\u00fc\u015f\u201d gibi farkl\u0131 bir kavram ekseninde mi d\u00fc\u015f\u00fcnmeliyiz? Bir \u00e7\u00f6k\u00fc\u015f ya\u015fanacaksa bu birdenbire mi ger\u00e7ekle\u015fecek, yoksa bir s\u00fcre\u00e7, e\u011filim olarak m\u0131 kendini g\u00f6sterecek? Ekolojik y\u0131k\u0131m hangi noktaya dayand\u0131? Ger\u00e7ekten hepimiz \u201cayn\u0131 gemide\u201d miyiz? Mevcut sistem geri d\u00f6n\u00fc\u015f\u00fc olmayan bir yola m\u0131 girdi, \u00f6yleyse bunun verileri neler? Ba\u015fkaya\u2019n\u0131n \u00c7\u00f6k\u00fc\u015f\u2019\u00fc bu sorular\u0131n yan\u0131tlar\u0131n\u0131 olu\u015fturan; kalk\u0131nma, teknoloji, uygarl\u0131k, finansalla\u015fma gibi kavramlar\u0131 ayr\u0131nt\u0131s\u0131yla tart\u0131\u015fan \u00e7ok \u00f6nemli bir yap\u0131t. Peki, b\u00fct\u00fcn bu tart\u0131\u015fmalar\u0131n \u0131\u015f\u0131\u011f\u0131nda \u00f6n\u00fcm\u00fczde ne gibi se\u00e7enekler beliriyor? Yoksa se\u00e7eneksiz miyiz? K\u0131sa yan\u0131t\u0131n\u0131 Fikret Ba\u015fkaya\u2019n\u0131n \u015fu s\u00f6zlerine, uzun yan\u0131t\u0131n\u0131 ise t\u00fcm bir kitaba b\u0131rakal\u0131m: \u201cE\u011fer mevcut durum s\u00fcrd\u00fcr\u00fclebilir de\u011filse, \u00e7\u00f6k\u00fc\u015f ka\u00e7\u0131n\u0131lmaz ise, \u00f6n\u00fcm\u00fczde iki se\u00e7enek var demektir: Birincisi, \u00e7\u00f6k\u00fc\u015f\u00fc radikal bir devrimle bir f\u0131rsata d\u00f6n\u00fc\u015ft\u00fcrmek, arac\u0131n direksiyonunu sola k\u0131rmak, ama bu i\u015fi de vakitlice yapmak, zira zaman daralmakta; ikincisi, \u00e7\u00f6k\u00fc\u015f\u00fcn alt\u0131nda kalmak\u2026 Bu ikisi aras\u0131nda bir orta yol, bir \u00fc\u00e7\u00fcnc\u00fc se\u00e7enek yok\u2026\u201d <\/p>\n","protected":false},"excerpt":{"rendered":"<p>Daha \u00f6nce Paradigman\u0131n \u0130flas\u0131 \u00e7er\u00e7evesinde resm\u00ee ideolojinin k\u00f6kl\u00fc bir ele\u015ftirisini geli\u015ftiren, Ba\u015fka Bir Uygarl\u0131k \u0130\u00e7in Manifesto yazarak \u201cneyi, nerede, nas\u0131l \u00fcretmeli, nas\u0131l t\u00fcketmeli, nas\u0131l ya\u015famal\u0131?\u201d sorular\u0131<span class=\"excerpt-hellip\"> [\u2026]<\/span><\/p>\n","protected":false},"featured_media":0,"template":"","meta":{"_monsterinsights_skip_tracking":false,"_monsterinsights_sitenote_active":false,"_monsterinsights_sitenote_note":"","_monsterinsights_sitenote_category":0},"product_brand":[],"product_cat":[23323,12364],"product_tag":[],"class_list":{"0":"post-713187","1":"product","2":"type-product","3":"status-publish","5":"product_cat-ekoloji","6":"product_cat-genel-konular","7":"pa_cilt-ciltsiz","8":"pa_tur-kitap","9":"pa_yayinevi-yordam-kitap","10":"pa_yazar-fikret-baskaya","12":"first","13":"instock","14":"sale","15":"shipping-taxable","16":"purchasable","17":"product-type-simple"},"_links":{"self":[{"href":"https:\/\/roveyayinevi.com.tr\/index.php\/wp-json\/wp\/v2\/product\/713187","targetHints":{"allow":["GET"]}}],"collection":[{"href":"https:\/\/roveyayinevi.com.tr\/index.php\/wp-json\/wp\/v2\/product"}],"about":[{"href":"https:\/\/roveyayinevi.com.tr\/index.php\/wp-json\/wp\/v2\/types\/product"}],"wp:attachment":[{"href":"https:\/\/roveyayinevi.com.tr\/index.php\/wp-json\/wp\/v2\/media?parent=713187"}],"wp:term":[{"taxonomy":"product_brand","embeddable":true,"href":"https:\/\/roveyayinevi.com.tr\/index.php\/wp-json\/wp\/v2\/product_brand?post=713187"},{"taxonomy":"product_cat","embeddable":true,"href":"https:\/\/roveyayinevi.com.tr\/index.php\/wp-json\/wp\/v2\/product_cat?post=713187"},{"taxonomy":"product_tag","embeddable":true,"href":"https:\/\/roveyayinevi.com.tr\/index.php\/wp-json\/wp\/v2\/product_tag?post=713187"}],"curies":[{"name":"wp","href":"https:\/\/api.w.org\/{rel}","templated":true}]}}