{"id":713186,"date":"2025-08-27T17:04:55","date_gmt":"2025-08-27T14:04:55","guid":{"rendered":"https:\/\/roveyayinevi.com.tr\/index.php\/urun\/paradigmanin-iflasi-resmi-ideolojinin-elestirisine-giris\/"},"modified":"2026-04-16T02:21:44","modified_gmt":"2026-04-15T23:21:44","slug":"paradigmanin-iflasi-resmi-ideolojinin-elestirisine-giris","status":"publish","type":"product","link":"https:\/\/roveyayinevi.com.tr\/index.php\/urun\/paradigmanin-iflasi-resmi-ideolojinin-elestirisine-giris\/","title":{"rendered":"Paradigman\u0131n \u0130flas\u0131 &#8211; Resmi \u0130deolojinin Ele\u015ftirisine Giri\u015f"},"content":{"rendered":"<p>T\u00fcrkiye\u2019de resm\u00ee ideolojiye getirilmi\u015f en keskin ve kapsaml\u0131 ele\u015ftirilerden biri&#8230; \u00d6nc\u00fc bir \u00e7al\u0131\u015fma&#8230; Ve 27 y\u0131l\u0131n ard\u0131ndan, yapt\u0131\u011f\u0131 onca bas\u0131m, a\u00e7t\u0131\u011f\u0131 onca tart\u0131\u015fma ve g\u00f6rd\u00fc\u011f\u00fc onca \u201chukuki muamele\u201d ile art\u0131k bir klasik\u2026 Fikret Ba\u015fkaya\u2019n\u0131n 1991 y\u0131l\u0131nda ilk bask\u0131s\u0131n\u0131 yapt\u0131ktan sonra siyaset bilimi ve yak\u0131n tarih alan\u0131nda klasik bir yap\u0131t haline gelen bu \u00e7al\u0131\u015fmas\u0131, \u201cresm\u00ee ideoloji\u201d cephesinde \u00f6yle bir endi\u015fe yaratt\u0131 ki, Ba\u015fkaya\u2019n\u0131n yarg\u0131lanmas\u0131, 20 ay hapis ve para cezas\u0131na \u00e7arpt\u0131r\u0131lmas\u0131 bir yana, g\u00f6zalt\u0131 aramalar\u0131nda, ev bask\u0131nlar\u0131nda \u2013demokrasinin geldi\u011fi \u201cileri\u201d a\u015faman\u0131n da bir i\u015fareti olarak\u2013 \u201csak\u0131ncal\u0131 bir belge\u201d, hatta \u201csu\u00e7 unsuru\u201d olarak g\u00f6sterilebildi! Bir anlamda \u201cresm\u00ee ideoloji\u201dyle hesapla\u015fma, bir kitab\u0131n sayfalar\u0131yla s\u0131n\u0131rl\u0131 kalmad\u0131, soka\u011fa ta\u015ft\u0131! Paradigman\u0131n \u0130flas\u0131, ayd\u0131nlar\u0131n resm\u00ee ideoloji kar\u015f\u0131s\u0131ndaki konumunu ve \u201cdevlet ayd\u0131n\u0131\u201dn\u0131n \u00e7eli\u015fkilerini; milli m\u00fccadelenin niteli\u011fini, anti-emperyalist bir karakter ta\u015f\u0131y\u0131p ta\u015f\u0131mad\u0131\u011f\u0131n\u0131 ve kitle kat\u0131l\u0131m\u0131n\u0131n boyutlar\u0131n\u0131; milli m\u00fccadelenin ulusall\u0131\u011f\u0131 sorununu ve K\u00fcrt meselesini; Sovyet Rusya ve Komintern\u2019le milli m\u00fccadelenin ili\u015fkilerini; tarihte bireyin rol\u00fc ba\u011flam\u0131nda Mustafa Kemal\u2019i ve Kemalist rejimin Bonapartizmle ba\u011flant\u0131s\u0131n\u0131; Cumhuriyet d\u00f6nemi iktisat politikalar\u0131n\u0131, sermaye birikimi ile Bonapartist rejim aras\u0131ndaki ba\u011f\u0131; s\u0131n\u0131fs\u0131z, imtiyazs\u0131z bir kitle iddias\u0131n\u0131n ard\u0131ndaki ger\u00e7e\u011fi ve yeni s\u00f6m\u00fcrgecilik kavram\u0131n\u0131 kapsaml\u0131 bir \u015fekilde tart\u0131\u015fan b\u00f6l\u00fcmlerden olu\u015fuyor. Son b\u00f6l\u00fcmde de t\u00fcm bu tart\u0131\u015fmalar\u0131n oda\u011f\u0131nda yer alan \u201cparadigma\u201dn\u0131n iflas edip etmedi\u011fini ele al\u0131yor. <\/p>\n","protected":false},"excerpt":{"rendered":"<p>T\u00fcrkiye\u2019de resm\u00ee ideolojiye getirilmi\u015f en keskin ve kapsaml\u0131 ele\u015ftirilerden biri&#8230; \u00d6nc\u00fc bir \u00e7al\u0131\u015fma&#8230; Ve 27 y\u0131l\u0131n ard\u0131ndan, yapt\u0131\u011f\u0131 onca bas\u0131m, a\u00e7t\u0131\u011f\u0131 onca tart\u0131\u015fma ve g\u00f6rd\u00fc\u011f\u00fc onca<span class=\"excerpt-hellip\"> [\u2026]<\/span><\/p>\n","protected":false},"featured_media":0,"template":"","meta":{"_monsterinsights_skip_tracking":false,"_monsterinsights_sitenote_active":false,"_monsterinsights_sitenote_note":"","_monsterinsights_sitenote_category":0},"product_brand":[],"product_cat":[12351,12324],"product_tag":[],"class_list":{"0":"post-713186","1":"product","2":"type-product","3":"status-publish","5":"product_cat-siyaset-sosyolojisi","6":"product_cat-sosyoloji","7":"pa_cilt-ciltsiz","8":"pa_tur-kitap","9":"pa_yayinevi-yordam-kitap","10":"pa_yazar-fikret-baskaya","12":"first","13":"instock","14":"sale","15":"shipping-taxable","16":"purchasable","17":"product-type-simple"},"_links":{"self":[{"href":"https:\/\/roveyayinevi.com.tr\/index.php\/wp-json\/wp\/v2\/product\/713186","targetHints":{"allow":["GET"]}}],"collection":[{"href":"https:\/\/roveyayinevi.com.tr\/index.php\/wp-json\/wp\/v2\/product"}],"about":[{"href":"https:\/\/roveyayinevi.com.tr\/index.php\/wp-json\/wp\/v2\/types\/product"}],"wp:attachment":[{"href":"https:\/\/roveyayinevi.com.tr\/index.php\/wp-json\/wp\/v2\/media?parent=713186"}],"wp:term":[{"taxonomy":"product_brand","embeddable":true,"href":"https:\/\/roveyayinevi.com.tr\/index.php\/wp-json\/wp\/v2\/product_brand?post=713186"},{"taxonomy":"product_cat","embeddable":true,"href":"https:\/\/roveyayinevi.com.tr\/index.php\/wp-json\/wp\/v2\/product_cat?post=713186"},{"taxonomy":"product_tag","embeddable":true,"href":"https:\/\/roveyayinevi.com.tr\/index.php\/wp-json\/wp\/v2\/product_tag?post=713186"}],"curies":[{"name":"wp","href":"https:\/\/api.w.org\/{rel}","templated":true}]}}