{"id":713179,"date":"2025-08-27T17:04:51","date_gmt":"2025-08-27T14:04:51","guid":{"rendered":"https:\/\/roveyayinevi.com.tr\/index.php\/urun\/cocuk-bayrami\/"},"modified":"2026-04-16T02:21:44","modified_gmt":"2026-04-15T23:21:44","slug":"cocuk-bayrami","status":"publish","type":"product","link":"https:\/\/roveyayinevi.com.tr\/index.php\/urun\/cocuk-bayrami\/","title":{"rendered":"\u00c7ocuk Bayram\u0131"},"content":{"rendered":"<p>\u00c7ocuk Bayram\u0131, bir milletin en karanl\u0131k zaman\u0131nda bile gelecek g\u00fcnlere olan inanc\u0131n\u0131n bir simgesi. Milletin vefas\u0131n\u0131n, dayan\u0131\u015fma g\u00fcc\u00fcn\u00fcn ve ortak bir ama\u00e7 i\u00e7in \u00e7al\u0131\u015fanlara deste\u011finin en g\u00fczel \u00f6rne\u011fi. 23 Nisan \u201c\u00c7ocuk Bayram\u0131\u201d olarak en son ne zaman kutland\u0131? Bayram\u0131n gelenek h\u00e2line gelmesinde kimin ve hangi kurumun pay\u0131 vard\u0131? Mustafa Kemal Pa\u015fa, \u201c\u00c7ocuk Bayram\u0131\u201d fikrine nas\u0131l destek verdi? T\u00fcrk \u00e7ocuklar\u0131na arma\u011fan edilen bayram, nas\u0131l d\u00fcnya \u00e7ocuklar\u0131n\u0131n da sevinci oldu? \u0130nsanl\u0131\u011fa \u00f6rnek olacak bir bayram\u0131n y\u00fcz y\u0131ll\u0131k \u00f6yk\u00fcs\u00fc bu kitapta. Cevdet Cant\u00fcrk, yay\u0131mlanan bu ikinci kitab\u0131nda, anlat\u0131m\u0131n\u0131 d\u00f6nemin gazeteleri ve belgeleri ile destekliyor. <\/p>\n","protected":false},"excerpt":{"rendered":"<p>\u00c7ocuk Bayram\u0131, bir milletin en karanl\u0131k zaman\u0131nda bile gelecek g\u00fcnlere olan inanc\u0131n\u0131n bir simgesi. Milletin vefas\u0131n\u0131n, dayan\u0131\u015fma g\u00fcc\u00fcn\u00fcn ve ortak bir ama\u00e7 i\u00e7in \u00e7al\u0131\u015fanlara deste\u011finin en<span class=\"excerpt-hellip\"> [\u2026]<\/span><\/p>\n","protected":false},"featured_media":0,"template":"","meta":{"_monsterinsights_skip_tracking":false,"_monsterinsights_sitenote_active":false,"_monsterinsights_sitenote_note":"","_monsterinsights_sitenote_category":0},"product_brand":[],"product_cat":[12312,12304],"product_tag":[],"class_list":{"0":"post-713179","1":"product","2":"type-product","3":"status-publish","5":"product_cat-diger","6":"product_cat-tarih","7":"pa_cilt-ciltsiz","8":"pa_tur-kitap","9":"pa_yayinevi-yade-yayinlari","10":"pa_yazar-cevdet-canturk","12":"first","13":"instock","14":"sale","15":"shipping-taxable","16":"purchasable","17":"product-type-simple"},"_links":{"self":[{"href":"https:\/\/roveyayinevi.com.tr\/index.php\/wp-json\/wp\/v2\/product\/713179","targetHints":{"allow":["GET"]}}],"collection":[{"href":"https:\/\/roveyayinevi.com.tr\/index.php\/wp-json\/wp\/v2\/product"}],"about":[{"href":"https:\/\/roveyayinevi.com.tr\/index.php\/wp-json\/wp\/v2\/types\/product"}],"wp:attachment":[{"href":"https:\/\/roveyayinevi.com.tr\/index.php\/wp-json\/wp\/v2\/media?parent=713179"}],"wp:term":[{"taxonomy":"product_brand","embeddable":true,"href":"https:\/\/roveyayinevi.com.tr\/index.php\/wp-json\/wp\/v2\/product_brand?post=713179"},{"taxonomy":"product_cat","embeddable":true,"href":"https:\/\/roveyayinevi.com.tr\/index.php\/wp-json\/wp\/v2\/product_cat?post=713179"},{"taxonomy":"product_tag","embeddable":true,"href":"https:\/\/roveyayinevi.com.tr\/index.php\/wp-json\/wp\/v2\/product_tag?post=713179"}],"curies":[{"name":"wp","href":"https:\/\/api.w.org\/{rel}","templated":true}]}}