{"id":713063,"date":"2025-08-27T17:03:45","date_gmt":"2025-08-27T14:03:45","guid":{"rendered":"https:\/\/roveyayinevi.com.tr\/index.php\/urun\/buyuk-turk-fatih-sultan-mehmed\/"},"modified":"2026-04-16T02:21:41","modified_gmt":"2026-04-15T23:21:41","slug":"buyuk-turk-fatih-sultan-mehmed","status":"publish","type":"product","link":"https:\/\/roveyayinevi.com.tr\/index.php\/urun\/buyuk-turk-fatih-sultan-mehmed\/","title":{"rendered":"B\u00fcy\u00fck T\u00fcrk Fatih Sultan Mehmed"},"content":{"rendered":"<p>Osmanl\u0131 hanedan\u0131 bir\u00e7ok b\u00fcy\u00fck komutan \u00e7\u0131karm\u0131\u015ft\u0131r, ancak Fatih Sultan Mehmed kadar bilime, felsefeye, tart\u0131\u015fmaya ve sanata \u00f6nem veren ikinci bir h\u00fck\u00fcmdar \u00e7\u0131karamam\u0131\u015ft\u0131r. Fatih, hem karakteri, hem de icraat\u0131 a\u00e7\u0131s\u0131ndan Osmanl\u0131 padi\u015fahlar\u0131 aras\u0131nda istisnai bir h\u00fck\u00fcmdard\u0131r.Fatih Sultan Mehmed zaman\u0131nda Bo\u011fazlar&#8217;da, Osmanl\u0131 h\u00e2kimiyeti kurulmu\u015f, Balkanlar\u2019da s\u0131n\u0131rlar Tuna&#8217;ya kadar geni\u015fletilmi\u015f ve buralardaki topraklar emniyet alt\u0131na al\u0131nm\u0131\u015ft\u0131r. Anadolu ve Rumeli&#8217;deki Osmanl\u0131 topraklar\u0131 da birle\u015ftirilmi\u015ftir. Uzun Hasan tehlikesinin ortadan kald\u0131r\u0131lmas\u0131, hem Osmanl\u0131lar\u0131n Timur&#8217;dan itibaren i\u00e7ine girdi\u011fi do\u011fudan gelecek tehlike sendromundan kurtulmalar\u0131n\u0131, hem de beyliklerin ondan alaca\u011f\u0131 deste\u011fi \u00f6nleyerek, Anadolu topraklar\u0131nda h\u00e2kimiyetin tesis edilmesini sa\u011flam\u0131\u015ft\u0131r. K\u0131r\u0131m&#8217;\u0131n ve Karadeniz k\u0131y\u0131lar\u0131n\u0131n Osmanl\u0131 \u0130mparatorlu\u011fu&#8217;na d\u00e2hil edilmesi ile birlikte Karadeniz&#8217;de belirli bir \u00fcst\u00fcnl\u00fck kurulmu\u015ftur.Fatih&#8217;in en \u00f6nemli icraat\u0131ndan birisi de \u0130stanbul&#8217;un yeniden imar ve in\u015fas\u0131d\u0131r. Bu, \u0130stanbul&#8217;un fethi kadar \u00f6nemlidir. \u015eehirden ka\u00e7an Rumlar geri getirilmeye \u00e7al\u0131\u015f\u0131lm\u0131\u015f, Ermeni patrikli\u011fi \u0130stanbul&#8217;a ta\u015f\u0131nm\u0131\u015f, Anadolu&#8217;nun \u00e7e\u015fitli b\u00f6lgelerinden T\u00fcrkler getirilerek, \u0130stanbul&#8217;a isk\u00e2n edilmi\u015ftir. N\u00fcfus y\u00f6n\u00fcnden b\u00fcy\u00fct\u00fclmeye \u00e7al\u0131\u015f\u0131lan \u015fehir, Fatih&#8217;in te\u015fvikleri ile vezirleri taraf\u0131ndan bir\u00e7ok eserle s\u00fcslenmi\u015ftir. Kapal\u0131\u00e7ar\u015f\u0131&#8217;n\u0131n in\u015faat\u0131 ile \u0130stanbul, h\u00e2l\u00e2 \u00f6nemini koruyan bir ticaret merkezine kavu\u015fmu\u015ftur.Osmanl\u0131 devlet te\u015fkilat\u0131 ana yap\u0131s\u0131na bu d\u00f6nemde kavu\u015fmu\u015ftur. B\u00fcrokrasiden saray te\u015fkilat\u0131na, oradan askeri \u00f6rg\u00fctlenmeye kadar bir\u00e7ok d\u00fczenleme bu d\u00f6nemde yap\u0131lm\u0131\u015ft\u0131r. Onun h\u00fck\u00fcmdarl\u0131k d\u00f6nemi tarih\u00e7ilikten edebiyata, mimariden medrese e\u011fitimine, b\u00fcrokrasiden saray idaresine kadar bir\u00e7ok alanda klasikle\u015fmenin ba\u015flang\u0131c\u0131d\u0131r. <\/p>\n","protected":false},"excerpt":{"rendered":"<p>Osmanl\u0131 hanedan\u0131 bir\u00e7ok b\u00fcy\u00fck komutan \u00e7\u0131karm\u0131\u015ft\u0131r, ancak Fatih Sultan Mehmed kadar bilime, felsefeye, tart\u0131\u015fmaya ve sanata \u00f6nem veren ikinci bir h\u00fck\u00fcmdar \u00e7\u0131karamam\u0131\u015ft\u0131r. Fatih, hem karakteri, hem<span class=\"excerpt-hellip\"> [\u2026]<\/span><\/p>\n","protected":false},"featured_media":0,"template":"","meta":{"_monsterinsights_skip_tracking":false,"_monsterinsights_sitenote_active":false,"_monsterinsights_sitenote_note":"","_monsterinsights_sitenote_category":0},"product_brand":[],"product_cat":[13946,12304],"product_tag":[],"class_list":{"0":"post-713063","1":"product","2":"type-product","3":"status-publish","5":"product_cat-biyografi-otobiyografi","6":"product_cat-tarih","7":"pa_cilt-ciltsiz","8":"pa_tur-kitap","9":"pa_yayinevi-yeditepe-yayinevi","10":"pa_yazar-nicolae-jorca","12":"first","13":"instock","14":"sale","15":"shipping-taxable","16":"purchasable","17":"product-type-simple"},"_links":{"self":[{"href":"https:\/\/roveyayinevi.com.tr\/index.php\/wp-json\/wp\/v2\/product\/713063","targetHints":{"allow":["GET"]}}],"collection":[{"href":"https:\/\/roveyayinevi.com.tr\/index.php\/wp-json\/wp\/v2\/product"}],"about":[{"href":"https:\/\/roveyayinevi.com.tr\/index.php\/wp-json\/wp\/v2\/types\/product"}],"wp:attachment":[{"href":"https:\/\/roveyayinevi.com.tr\/index.php\/wp-json\/wp\/v2\/media?parent=713063"}],"wp:term":[{"taxonomy":"product_brand","embeddable":true,"href":"https:\/\/roveyayinevi.com.tr\/index.php\/wp-json\/wp\/v2\/product_brand?post=713063"},{"taxonomy":"product_cat","embeddable":true,"href":"https:\/\/roveyayinevi.com.tr\/index.php\/wp-json\/wp\/v2\/product_cat?post=713063"},{"taxonomy":"product_tag","embeddable":true,"href":"https:\/\/roveyayinevi.com.tr\/index.php\/wp-json\/wp\/v2\/product_tag?post=713063"}],"curies":[{"name":"wp","href":"https:\/\/api.w.org\/{rel}","templated":true}]}}