{"id":713049,"date":"2025-08-27T17:03:36","date_gmt":"2025-08-27T14:03:36","guid":{"rendered":"https:\/\/roveyayinevi.com.tr\/index.php\/urun\/maske-ve-bayrak-populizm-yurttascilik-ve-kuresel-protesto\/"},"modified":"2026-04-16T02:21:41","modified_gmt":"2026-04-15T23:21:41","slug":"maske-ve-bayrak-populizm-yurttascilik-ve-kuresel-protesto","status":"publish","type":"product","link":"https:\/\/roveyayinevi.com.tr\/index.php\/urun\/maske-ve-bayrak-populizm-yurttascilik-ve-kuresel-protesto\/","title":{"rendered":"Maske ve Bayrak: Pop\u00fclizm, Yurtta\u015f\u00e7\u0131l\u0131k ve K\u00fcresel Protesto"},"content":{"rendered":"<p>\u2018M\u0131s\u0131r\u2019dan Amerika\u2019ya de\u011fin neoliberal kemer s\u0131kma politikalar\u0131yla ve giderek artan bir \u015fekilde otoriter devletlerle kar\u015f\u0131 kar\u015f\u0131ya kalan yeni nesil, anar\u015fist a\u011f olu\u015fturmay\u0131 sol pop\u00fclizmin zengin miras\u0131yla birle\u015ftiren bir direni\u015f hareketi yaratt\u0131. Bu fenomenin sarih bir a\u00e7\u0131klamas\u0131 olarak Maske ve Bayrak daha iyi bir zamanlamaya sahip olamazd\u0131.\u2019 Paul Mason, PostCapitalism ve Why It\u2019s Kicking Off Everywhere\u2019in yazar\u0131. \u2018Maske ve Bayrak, \u201cmeydanlar hareketi\u201d konusundaki her zamanki baya\u011f\u0131l\u0131klar\u0131n ve h\u00fcsn\u00fckuruntular\u0131n \u00f6tesine ge\u00e7en ve ger\u00e7ekten k\u0131\u015fk\u0131rt\u0131c\u0131 bir kavray\u0131\u015f sa\u011flayan az say\u0131daki \u00e7al\u0131\u015fmadan biri. Umutla, bu hareketle ilgili gelecekteki \u00e7al\u0131\u015fmalara ve yan\u0131 s\u0131ra daha genel olarak yirmi birinci y\u00fczy\u0131l\u0131n ba\u015f\u0131ndaki ilerici siyasete ilham verecek.\u2019 Cas Muddle, University of Georgia ve University of Oslo, Populism: A Very Short Introduction\u2019\u0131n yazar\u0131. \u2018Pop\u00fclizm teriminin hem kullan\u0131ld\u0131\u011f\u0131 hem de istismar edildi\u011fi bir zamanda, bu kitap, yurtta\u015fl\u0131k ve demokrasiye dair yeni kavramlarla karakterize edilen uzun s\u00fcreli \u00e7eki\u015fme siyaseti dalgas\u0131n\u0131n ortaya \u00e7\u0131kmas\u0131na i\u015faret ederek \u00f6zg\u00fcn bir siyasal \u00e7er\u00e7eve ve kemer s\u0131kma politikalar\u0131na kar\u015f\u0131 geni\u015f yelpazeli yo\u011fun ampirik bir analiz ortaya koyuyor. \u0130lerici siyasetin ba\u015far\u0131lar\u0131 ve ayn\u0131 zamanda kar\u015f\u0131la\u015ft\u0131\u011f\u0131 zorluklar \u00fczerine ufuk a\u00e7\u0131c\u0131 bir \u00e7al\u0131\u015fma.\u2019 Donatella della Porta, European University Institute\u2019te sosyoloji profes\u00f6r\u00fc, Social Movements in Times of Austerity\u2019nin yazar\u0131. \u2018Bu kitap, Brexit ve Trump zaman\u0131nda \u00e7ok \u00f6nemli bir okuma, \u00e7\u00fcnk\u00fc bize pop\u00fclizmin y\u00fckseli\u015finin bir \u015fok mesaj\u0131 oldu\u011fu kadar bir umut mesaj\u0131 oldu\u011funu da hat\u0131rlat\u0131yor. Aktivistlerin anlat\u0131mlar\u0131ndan yararlanan Gerbaudo, yenilenen demokrasinin temelini olu\u015fturan hareketlerin hem hayallerinin hem de karma\u015fas\u0131n\u0131n i\u00e7erisine giriyor.\u2019 Tim Jordan, University of Sussex\u2019te Dijital K\u00fclt\u00fcrler profes\u00f6r\u00fc ve Information Politics\u2019in yazar\u0131. <\/p>\n","protected":false},"excerpt":{"rendered":"<p>\u2018M\u0131s\u0131r\u2019dan Amerika\u2019ya de\u011fin neoliberal kemer s\u0131kma politikalar\u0131yla ve giderek artan bir \u015fekilde otoriter devletlerle kar\u015f\u0131 kar\u015f\u0131ya kalan yeni nesil, anar\u015fist a\u011f olu\u015fturmay\u0131 sol pop\u00fclizmin zengin miras\u0131yla<span class=\"excerpt-hellip\"> [\u2026]<\/span><\/p>\n","protected":false},"featured_media":0,"template":"","meta":{"_monsterinsights_skip_tracking":false,"_monsterinsights_sitenote_active":false,"_monsterinsights_sitenote_note":"","_monsterinsights_sitenote_category":0},"product_brand":[],"product_cat":[12312,12304],"product_tag":[],"class_list":{"0":"post-713049","1":"product","2":"type-product","3":"status-publish","5":"product_cat-diger","6":"product_cat-tarih","7":"pa_cilt-ciltsiz","8":"pa_tur-kitap","9":"pa_yayinevi-kafka-yayinevi","10":"pa_yazar-paolo-gerbaudo","12":"first","13":"instock","14":"sale","15":"shipping-taxable","16":"purchasable","17":"product-type-simple"},"_links":{"self":[{"href":"https:\/\/roveyayinevi.com.tr\/index.php\/wp-json\/wp\/v2\/product\/713049","targetHints":{"allow":["GET"]}}],"collection":[{"href":"https:\/\/roveyayinevi.com.tr\/index.php\/wp-json\/wp\/v2\/product"}],"about":[{"href":"https:\/\/roveyayinevi.com.tr\/index.php\/wp-json\/wp\/v2\/types\/product"}],"wp:attachment":[{"href":"https:\/\/roveyayinevi.com.tr\/index.php\/wp-json\/wp\/v2\/media?parent=713049"}],"wp:term":[{"taxonomy":"product_brand","embeddable":true,"href":"https:\/\/roveyayinevi.com.tr\/index.php\/wp-json\/wp\/v2\/product_brand?post=713049"},{"taxonomy":"product_cat","embeddable":true,"href":"https:\/\/roveyayinevi.com.tr\/index.php\/wp-json\/wp\/v2\/product_cat?post=713049"},{"taxonomy":"product_tag","embeddable":true,"href":"https:\/\/roveyayinevi.com.tr\/index.php\/wp-json\/wp\/v2\/product_tag?post=713049"}],"curies":[{"name":"wp","href":"https:\/\/api.w.org\/{rel}","templated":true}]}}