{"id":713029,"date":"2025-08-27T17:02:52","date_gmt":"2025-08-27T14:02:52","guid":{"rendered":"https:\/\/roveyayinevi.com.tr\/index.php\/urun\/yahya-kemal-tarihin-estetik-yankisi\/"},"modified":"2026-04-16T02:21:40","modified_gmt":"2026-04-15T23:21:40","slug":"yahya-kemal-tarihin-estetik-yankisi","status":"publish","type":"product","link":"https:\/\/roveyayinevi.com.tr\/index.php\/urun\/yahya-kemal-tarihin-estetik-yankisi\/","title":{"rendered":"Yahya Kemal Tarihin Estetik Yank\u0131s\u0131"},"content":{"rendered":"<p>\u00d6mer \u00d6zden, bu \u00e7al\u0131\u015fmas\u0131nda Yahya Kemal Beyatl\u0131\u2019y\u0131, tarih ve tarih\u00ee hadiselere estetik a\u00e7\u0131dan bakan, etkilendi\u011fi Avrupal\u0131 filozof ve tarih\u00e7ilerin izinde sezgi ve izlenimleriyle T\u00fcrk milleti ve vatan\u0131n\u0131n varolu\u015fu meselelerini \u00e7\u00f6zecek estetik bir tarih felsefesi ortaya koyan bir m\u00fctefekkir-\u015fair olarak de\u011ferlendirmektedir. Bu perspektif i\u00e7inde tarihin ortas\u0131nda T\u00fcrkl\u00fc\u011f\u00fc arayan Beyatl\u0131, T\u00fcrk\u00e7eyi kullan\u0131rken, \u0130stanbul\u2019u anlat\u0131rken, \u00f6zg\u00fcn bir vatan, musik\u00ee ve mimar\u00ee anlay\u0131\u015f\u0131 \u00e7er\u00e7evesinde milliyetimizi temellendirirken yahut \u00f6l\u00fcm gibi \u00e7ok daha ki\u015fisel meselelere de\u011finirken hep bir estetik felsefesinin ilkeleri i\u00e7inde hareket etmi\u015ftir. \u00d6mer \u00d6zden\u2019e g\u00f6re, Yahya Kemal, i\u015fte tam da bu sebeple, yani estetik tavra uygun olarak tarihi anlama ve ya\u015fama problemine yakla\u015f\u0131m tarz\u0131yla orijinal bir sanat\u00e7\u0131-d\u00fc\u015f\u00fcn\u00fcr olarak belirmekte, nesir ve \u015fiirlerinde bu konularda ula\u015ft\u0131\u011f\u0131 sonu\u00e7lar\u0131 tutarl\u0131 bi\u00e7imde i\u015flemektedir. Okur, bu bak\u0131\u015f a\u00e7\u0131s\u0131yla \u015fekillenen \u00e7al\u0131\u015fmay\u0131 bitirince g\u00f6recektir ki; Yahya Kemal, beslendi\u011fi kaynaklar ve kulland\u0131\u011f\u0131 metot itibariyle de bu konularda kafa yoran Bat\u0131l\u0131 d\u00fc\u015f\u00fcn\u00fcrlerle ayn\u0131 kategoriye girebilecek k\u0131ratta bir filozofumuzdur. Yahya Kemal, felsefesini, zamana bak\u0131\u015f\u0131n\u0131 belirleyen imtidat fikriyle Herakleitos\u2019a, sezgiyi bir bilme y\u00f6ntemi olarak ele al\u0131\u015f\u0131yla Croce\u2019a, tarih aray\u0131\u015flar\u0131yla Camille Julian ve Michelet\u2019ye ba\u011flayan uzun bir zaman aral\u0131\u011f\u0131nda yo\u011furmu\u015ftur. <\/p>\n","protected":false},"excerpt":{"rendered":"<p>\u00d6mer \u00d6zden, bu \u00e7al\u0131\u015fmas\u0131nda Yahya Kemal Beyatl\u0131\u2019y\u0131, tarih ve tarih\u00ee hadiselere estetik a\u00e7\u0131dan bakan, etkilendi\u011fi Avrupal\u0131 filozof ve tarih\u00e7ilerin izinde sezgi ve izlenimleriyle T\u00fcrk milleti ve<span class=\"excerpt-hellip\"> [\u2026]<\/span><\/p>\n","protected":false},"featured_media":0,"template":"","meta":{"_monsterinsights_skip_tracking":false,"_monsterinsights_sitenote_active":false,"_monsterinsights_sitenote_note":"","_monsterinsights_sitenote_category":0},"product_brand":[],"product_cat":[14009,12291],"product_tag":[],"class_list":{"0":"post-713029","1":"product","2":"type-product","3":"status-publish","5":"product_cat-biyografi-otobiyografi-edebiyat","6":"product_cat-edebiyat","7":"pa_cilt-ciltsiz","8":"pa_tur-kitap","9":"pa_yayinevi-otuken-nesriyat","10":"pa_yazar-h-omer-ozden","12":"first","13":"instock","14":"sale","15":"shipping-taxable","16":"purchasable","17":"product-type-simple"},"_links":{"self":[{"href":"https:\/\/roveyayinevi.com.tr\/index.php\/wp-json\/wp\/v2\/product\/713029","targetHints":{"allow":["GET"]}}],"collection":[{"href":"https:\/\/roveyayinevi.com.tr\/index.php\/wp-json\/wp\/v2\/product"}],"about":[{"href":"https:\/\/roveyayinevi.com.tr\/index.php\/wp-json\/wp\/v2\/types\/product"}],"wp:attachment":[{"href":"https:\/\/roveyayinevi.com.tr\/index.php\/wp-json\/wp\/v2\/media?parent=713029"}],"wp:term":[{"taxonomy":"product_brand","embeddable":true,"href":"https:\/\/roveyayinevi.com.tr\/index.php\/wp-json\/wp\/v2\/product_brand?post=713029"},{"taxonomy":"product_cat","embeddable":true,"href":"https:\/\/roveyayinevi.com.tr\/index.php\/wp-json\/wp\/v2\/product_cat?post=713029"},{"taxonomy":"product_tag","embeddable":true,"href":"https:\/\/roveyayinevi.com.tr\/index.php\/wp-json\/wp\/v2\/product_tag?post=713029"}],"curies":[{"name":"wp","href":"https:\/\/api.w.org\/{rel}","templated":true}]}}