{"id":712923,"date":"2025-08-27T17:01:48","date_gmt":"2025-08-27T14:01:48","guid":{"rendered":"https:\/\/roveyayinevi.com.tr\/index.php\/urun\/dussel-detaylar-ya-da-dahi-ressam-ivan-marchuk\/"},"modified":"2026-04-16T02:21:38","modified_gmt":"2026-04-15T23:21:38","slug":"dussel-detaylar-ya-da-dahi-ressam-ivan-marchuk","status":"publish","type":"product","link":"https:\/\/roveyayinevi.com.tr\/index.php\/urun\/dussel-detaylar-ya-da-dahi-ressam-ivan-marchuk\/","title":{"rendered":"D\u00fc\u015fsel Detaylar \u2013 Ya da Dahi Ressam Ivan Marchuk"},"content":{"rendered":"<p>Yap\u0131tlar\u0131n\u0131 tarifleyen \u201cPliontanizm\u201d (\u00f6rg\u00fcc\u00fcl\u00fck \/ dokumac\u0131l\u0131k) tarz\u0131n\u0131n \u00f6nc\u00fcs\u00fc ve Ukrayna avangartlar\u0131 i\u00e7in oldu\u011fu kadar, halk\u0131nca da bir \u201ck\u00fclt\u00fcr ikonu\u201d. Marchuk, ortaya \u00e7\u0131kartt\u0131\u011f\u0131 \u00fcsl\u00fbbu \u201cPliontanizm\u201di, biraz da \u015faka yollu olarak kendisi isimlendirmi\u015f. \u0130lk ki\u015fisel sergisini 1979&#8217;da Moskova&#8217;da, Malaya Gruzinskaya Caddesi&#8217;nde a\u00e7an, 2006&#8217;da Roma Akademisi Bilim Konseyi&#8217;nce \u201cAlt\u0131n Kurul\u201da (Golden Guild) kabul edilen sanat\u00e7\u0131n\u0131n eserlerindeki \u201ca\u011f\u201dlar, do\u011faya at\u0131f yapt\u0131\u011f\u0131 kadar, g\u00fcn\u00fcm\u00fcz sanal a\u011flar\u0131na da g\u00f6ndermede bulunuyor. Yap\u0131tlar\u0131ndaki b\u00fct\u00fcn ve par\u00e7a ili\u015fkisi, g\u00f6rd\u00fc\u011f\u00fcm\u00fcz\u00fcn herhangi bir yeni varl\u0131k ihtimalinin gerilimi mi, yoksa s\u00fcre giden, \u00f6nlenemez bir \u00e7\u00fcr\u00fcmenin, t\u00fckeni\u015fin yans\u0131mas\u0131 m\u0131 oldu\u011funu bize defaten sorgulat\u0131yor. Bug\u00fcne kadar 100&#8217;\u00fcn \u00fczerinde ki\u015fisel sergi a\u00e7an sanat\u00e7\u0131, rengin ve dokunun g\u00fcn\u00fcm\u00fczdeki \u201csorun\u201d ve \u201c\u00e7\u00f6z\u00fcm\u201d hallerine, bilin\u00e7le s\u0131n\u0131rland\u0131rd\u0131\u011f\u0131, grafik bir nezaketle dengeledi\u011fi paletlerindeki renkler \u00fczerinden bak\u0131yor. Bu y\u00f6n\u00fcyle Ivan Marchuk&#8217;un eserlerinde, zaman\u0131n kendisinde e\u015f s\u00f6z ve eylem hakk\u0131 bulunan ya\u015fam ve \u00f6l\u00fcm d\u00f6ng\u00fcs\u00fcn\u00fc sezmek de, \u0131\u015f\u0131\u011f\u0131ndan dokusuna, ka\u00e7\u0131n\u0131lmaz oluyor. 82 ya\u015f\u0131ndaki Ukraynal\u0131 modern ressam Ivan Marchuk&#8217;un resimlerinde haf\u0131za, organikli\u011fi, k\u0131r\u0131lganl\u0131\u011f\u0131, g\u00fczelli\u011fi ve r\u00fcyadan eyleme ko\u015fan umut ve ihtimaller sa\u011fana\u011f\u0131yla, bedenle\u015ftik\u00e7e \u00f6mr\u00fc ve anlamlar\u0131n\u0131 da \u00e7o\u011falt\u0131yor. Marchuk, bir f\u0131s\u0131lt\u0131lar orman\u0131n\u0131 and\u0131r\u0131r yumaks\u0131, d\u00fc\u011f\u00fcms\u00fc eserleriyle, D\u00fcnyan\u0131n hik\u00e2yesini bilinen ve bilinmeyen t\u00fcm boyutlar\u0131yla tek kelime etmeden &#8216;yazmay\u0131&#8217; bug\u00fcn de s\u00fcrd\u00fcr\u00fcyor. Bu y\u00fczden, &#8216;g\u00f6rd\u00fc\u011f\u00fcme mi, k\u00f6rd\u00fc\u011f\u00fcme mi inansam&#8217; dedirten \u015fu fani hayat, onun \u201cPliontanizm\u201d tekni\u011fiyle var etti\u011fi ilgin\u00e7 resimleriyle, g\u00f6z\u00fcm\u00fczden ge\u00e7ip, bo\u011faz\u0131m\u0131zda d\u00fc\u011f\u00fcmleniyor ve yine g\u00f6zlerimizden, hem mutluluk, hem de mutsuzlukla yanaklar\u0131m\u0131za, \u0131l\u0131k \u0131l\u0131k ta\u015f\u0131yor.                          (Evrim Altu\u011f) <\/p>\n","protected":false},"excerpt":{"rendered":"<p>Yap\u0131tlar\u0131n\u0131 tarifleyen \u201cPliontanizm\u201d (\u00f6rg\u00fcc\u00fcl\u00fck \/ dokumac\u0131l\u0131k) tarz\u0131n\u0131n \u00f6nc\u00fcs\u00fc ve Ukrayna avangartlar\u0131 i\u00e7in oldu\u011fu kadar, halk\u0131nca da bir \u201ck\u00fclt\u00fcr ikonu\u201d. Marchuk, ortaya \u00e7\u0131kartt\u0131\u011f\u0131 \u00fcsl\u00fbbu \u201cPliontanizm\u201di, biraz da<span class=\"excerpt-hellip\"> [\u2026]<\/span><\/p>\n","protected":false},"featured_media":0,"template":"","meta":{"_monsterinsights_skip_tracking":false,"_monsterinsights_sitenote_active":false,"_monsterinsights_sitenote_note":"","_monsterinsights_sitenote_category":0},"product_brand":[],"product_cat":[14556,40131],"product_tag":[],"class_list":{"0":"post-712923","1":"product","2":"type-product","3":"status-publish","5":"product_cat-muzik","6":"product_cat-sanatcilar","7":"pa_cilt-ciltli","8":"pa_tur-kitap","9":"pa_yayinevi-folkart-gallery","10":"pa_yazar-kollektif","12":"first","13":"instock","14":"sale","15":"shipping-taxable","16":"purchasable","17":"product-type-simple"},"_links":{"self":[{"href":"https:\/\/roveyayinevi.com.tr\/index.php\/wp-json\/wp\/v2\/product\/712923","targetHints":{"allow":["GET"]}}],"collection":[{"href":"https:\/\/roveyayinevi.com.tr\/index.php\/wp-json\/wp\/v2\/product"}],"about":[{"href":"https:\/\/roveyayinevi.com.tr\/index.php\/wp-json\/wp\/v2\/types\/product"}],"wp:attachment":[{"href":"https:\/\/roveyayinevi.com.tr\/index.php\/wp-json\/wp\/v2\/media?parent=712923"}],"wp:term":[{"taxonomy":"product_brand","embeddable":true,"href":"https:\/\/roveyayinevi.com.tr\/index.php\/wp-json\/wp\/v2\/product_brand?post=712923"},{"taxonomy":"product_cat","embeddable":true,"href":"https:\/\/roveyayinevi.com.tr\/index.php\/wp-json\/wp\/v2\/product_cat?post=712923"},{"taxonomy":"product_tag","embeddable":true,"href":"https:\/\/roveyayinevi.com.tr\/index.php\/wp-json\/wp\/v2\/product_tag?post=712923"}],"curies":[{"name":"wp","href":"https:\/\/api.w.org\/{rel}","templated":true}]}}