{"id":712877,"date":"2025-08-27T17:01:18","date_gmt":"2025-08-27T14:01:18","guid":{"rendered":"https:\/\/roveyayinevi.com.tr\/index.php\/urun\/hakikate-yelken-acmak-aydinlanma-donemi-felsefesinin-oteki-tarihi\/"},"modified":"2026-04-16T02:21:37","modified_gmt":"2026-04-15T23:21:37","slug":"hakikate-yelken-acmak-aydinlanma-donemi-felsefesinin-oteki-tarihi","status":"publish","type":"product","link":"https:\/\/roveyayinevi.com.tr\/index.php\/urun\/hakikate-yelken-acmak-aydinlanma-donemi-felsefesinin-oteki-tarihi\/","title":{"rendered":"Hakikate Yelken A\u00e7mak \u2013 Ayd\u0131nlanma D\u00f6nemi Felsefesinin \u00d6teki Tarihi"},"content":{"rendered":"<p>Ayd\u0131nlanma D\u00f6nemi\u2019ne yeni bir bak\u0131\u015f a\u00e7\u0131s\u0131 sunan St\u00e9phane Van Damme d\u00fc\u015f\u00fcnce ve kavramlar tarihinin \u00f6tesinde, filozoflar\u0131n seyahatleri, dostluklar\u0131, yaz\u0131\u015fmalar\u0131 ve ar\u015fivlerinin, gittikleri salon, kolej ve botanik bah\u00e7eleri gibi bilme\/bilgi mek\u00e2nlar\u0131n\u0131n Roma, Paris ve Edinburgh gibi \u015fehirlerde izini s\u00fcrerek felsefe tarihine \u201ca\u00e7\u0131k havada\u201d katk\u0131 sa\u011fl\u0131yor. \u201cEntelekt\u00fcel felsefe tarihi 19. y\u00fczy\u0131ldan beri hem bir t\u00fcr hem de kurumsal ve pedagojik bir faaliyet olarak g\u00f6r\u00fclm\u00fc\u015f felsefi sorunu anlamaya \u00f6ncelik tan\u0131yan y\u00f6ntemi tesis etti. Felsefenin kurumsalla\u015fmas\u0131na ve siyaset ve toplum nezdinde tan\u0131nmas\u0131na b\u00fcy\u00fck katk\u0131 yapt\u0131. Bununla birlikte meseleye daha yak\u0131ndan bakacak olursak felsefe tarihi dedi\u011fimiz \u015fey bug\u00fcn bile s\u0131kl\u0131kla tarihsel sabite olarak tasavvur edilen faaliyetlerin ve nesnelerin zay\u0131f bi\u00e7imde tarihselle\u015ftirilmesiyle nitelenir&#8230; Bu y\u00fczden, tarihle edebiyat aras\u0131ndaki, tarihle bilimler tarihi aras\u0131ndaki, yahut tarihle sanat tarihi aras\u0131ndaki semeresi bol al\u0131\u015fveri\u015fleri uzun s\u00fcre boyunca g\u00f6rmezden geldi ki bu al\u0131\u015fveri\u015fler y\u00f6ntemlerin dola\u015f\u0131m\u0131n\u0131 ayd\u0131nlat\u0131p epistemolojik s\u0131n\u0131rlar\u0131n\u0131 yeniden \u015fekillendirebilirdi.\u201d <\/p>\n","protected":false},"excerpt":{"rendered":"<p>Ayd\u0131nlanma D\u00f6nemi\u2019ne yeni bir bak\u0131\u015f a\u00e7\u0131s\u0131 sunan St\u00e9phane Van Damme d\u00fc\u015f\u00fcnce ve kavramlar tarihinin \u00f6tesinde, filozoflar\u0131n seyahatleri, dostluklar\u0131, yaz\u0131\u015fmalar\u0131 ve ar\u015fivlerinin, gittikleri salon, kolej ve botanik<span class=\"excerpt-hellip\"> [\u2026]<\/span><\/p>\n","protected":false},"featured_media":0,"template":"","meta":{"_monsterinsights_skip_tracking":false,"_monsterinsights_sitenote_active":false,"_monsterinsights_sitenote_note":"","_monsterinsights_sitenote_category":0},"product_brand":[],"product_cat":[12312,12304],"product_tag":[],"class_list":{"0":"post-712877","1":"product","2":"type-product","3":"status-publish","5":"product_cat-diger","6":"product_cat-tarih","7":"pa_cilt-ciltsiz","8":"pa_tur-kitap","9":"pa_yayinevi-yapi-kredi-yayinlari","10":"pa_yazar-stephane-van-damme","12":"first","13":"instock","14":"sale","15":"shipping-taxable","16":"purchasable","17":"product-type-simple"},"_links":{"self":[{"href":"https:\/\/roveyayinevi.com.tr\/index.php\/wp-json\/wp\/v2\/product\/712877","targetHints":{"allow":["GET"]}}],"collection":[{"href":"https:\/\/roveyayinevi.com.tr\/index.php\/wp-json\/wp\/v2\/product"}],"about":[{"href":"https:\/\/roveyayinevi.com.tr\/index.php\/wp-json\/wp\/v2\/types\/product"}],"wp:attachment":[{"href":"https:\/\/roveyayinevi.com.tr\/index.php\/wp-json\/wp\/v2\/media?parent=712877"}],"wp:term":[{"taxonomy":"product_brand","embeddable":true,"href":"https:\/\/roveyayinevi.com.tr\/index.php\/wp-json\/wp\/v2\/product_brand?post=712877"},{"taxonomy":"product_cat","embeddable":true,"href":"https:\/\/roveyayinevi.com.tr\/index.php\/wp-json\/wp\/v2\/product_cat?post=712877"},{"taxonomy":"product_tag","embeddable":true,"href":"https:\/\/roveyayinevi.com.tr\/index.php\/wp-json\/wp\/v2\/product_tag?post=712877"}],"curies":[{"name":"wp","href":"https:\/\/api.w.org\/{rel}","templated":true}]}}