{"id":712817,"date":"2025-08-27T16:59:58","date_gmt":"2025-08-27T13:59:58","guid":{"rendered":"https:\/\/roveyayinevi.com.tr\/index.php\/urun\/istisna-hali\/"},"modified":"2026-04-16T02:21:08","modified_gmt":"2026-04-15T23:21:08","slug":"istisna-hali","status":"publish","type":"product","link":"https:\/\/roveyayinevi.com.tr\/index.php\/urun\/istisna-hali\/","title":{"rendered":"\u0130stisna Hali"},"content":{"rendered":"<p>Bu irdelemenin amac\u0131 -\u201ci\u00e7inde ya\u015fad\u0131\u011f\u0131m\u0131z\u201d istisna h\u00e2linin acilli\u011finde- zaman\u0131m\u0131z\u0131n bu tam anlam\u0131yla g\u00fcc\u00fcn gizemine y\u00f6n veren kurmacay\u0131 g\u00fcn \u0131\u015f\u0131\u011f\u0131na \u00e7\u0131karmak. \u0130ktidar sand\u0131\u011f\u0131n\u0131n\/lahtinin merkezinde bar\u0131nd\u0131rd\u0131\u011f\u0131 \u015fey, istisna h\u00e2lidir; ama bu, temel olarak hukukla ili\u015fkisiz bir insan eyleminin ya\u015famla ili\u015fkisiz bir normla kar\u015f\u0131 kar\u015f\u0131ya geldi\u011fi bo\u015f bir uzamd\u0131r. Bu, bo\u015f merkeziyle, makinenin etkili olmad\u0131\u011f\u0131 anlam\u0131na gelmez; aksine, g\u00f6stermeye \u00e7al\u0131\u015ft\u0131\u011f\u0131m\u0131z \u015fey, kesin olarak, bu makinenin I. D\u00fcnya Sava\u015f\u0131\u2019ndan ba\u015flayarak, fa\u015fizm ve nasyonal sosyalizm arac\u0131l\u0131\u011f\u0131yla, g\u00fcn\u00fcm\u00fcze kadar neredeyse aral\u0131ks\u0131z olarak i\u015flemeye devam etti\u011fidir. Asl\u0131nda, istisna h\u00e2li bug\u00fcn yery\u00fcz\u00fcnde azami yay\u0131lma noktas\u0131na ula\u015fm\u0131\u015ft\u0131r. B\u00f6ylece, d\u0131\u015far\u0131da uluslararas\u0131 hukuku g\u00f6z ard\u0131 ederek, i\u00e7eride ise kal\u0131c\u0131 bir istisna h\u00e2li yaratarak, gene de hukuku uygulad\u0131\u011f\u0131n\u0131 \u00f6ne s\u00fcren bir \u015fiddet rejimi, ceza g\u00f6rmeksizin hukukun normatif y\u00f6n\u00fcn\u00fc yok sayabilir ve ona kar\u015f\u0131 \u00e7\u0131kabilir. Hukuku ya\u015famla ili\u015fkisizli\u011fi ve ya\u015fam\u0131 hukukla ili\u015fkisizli\u011fi i\u00e7inde sergilemek, onlar aras\u0131nda insan eylemi i\u00e7in bir alan a\u00e7mak demektir: Bir zamanlar kendisi i\u00e7in \u201csiyaset\u201d ad\u0131n\u0131 talep eden bir alan. Siyaset, en iyi durumda -salt hukukla m\u00fczakere etme g\u00fcc\u00fcne indirgenmedi\u011finde- kendini kurucu g\u00fc\u00e7 (yani, hukuku kuran \u015fiddet) olarak alg\u0131lamak suretiyle hukukla kirlendi\u011fi i\u00e7in s\u00fcrekli bir gerilemeye u\u011fram\u0131\u015ft\u0131r. Oysa asl\u0131nda siyaset, \u015fiddet ile hukuk aras\u0131ndaki ba\u011f\u0131 kesen eylemdir yaln\u0131zca. Ve ancak b\u00f6ylece a\u00e7\u0131lan uzamdan yola \u00e7\u0131karak, hukukun, istisna h\u00e2linde onu ya\u015fama ba\u011flayan d\u00fczene\u011fin devre d\u0131\u015f\u0131 b\u0131rak\u0131lmas\u0131ndan sonra olas\u0131 bir kullan\u0131m\u0131na ili\u015fkin soruyu sormak olanakl\u0131 olacakt\u0131r. O zaman, Benjamin\u2019in \u201csaf\u201d bir dilden ve \u201csaf\u201d bir \u015fiddetten s\u00f6z etti\u011fi anlamda \u201csaf\u201d bir hukuku kar\u015f\u0131m\u0131zda bulaca\u011f\u0131z. Zorlay\u0131c\u0131 olmayan, ne buyuran, ne herhangi bir \u015feyi yasaklayan, yaln\u0131zca kendi kendisini s\u00f6yleyen bir s\u00f6ze, bir ama\u00e7la ili\u015fkisi olmaks\u0131z\u0131n yaln\u0131zca kendi kendisini g\u00f6steren saf ara\u00e7 olarak bir eylem kar\u015f\u0131l\u0131k gelecektir.- G. Agamben <\/p>\n","protected":false},"excerpt":{"rendered":"<p>Bu irdelemenin amac\u0131 -\u201ci\u00e7inde ya\u015fad\u0131\u011f\u0131m\u0131z\u201d istisna h\u00e2linin acilli\u011finde- zaman\u0131m\u0131z\u0131n bu tam anlam\u0131yla g\u00fcc\u00fcn gizemine y\u00f6n veren kurmacay\u0131 g\u00fcn \u0131\u015f\u0131\u011f\u0131na \u00e7\u0131karmak. \u0130ktidar sand\u0131\u011f\u0131n\u0131n\/lahtinin merkezinde bar\u0131nd\u0131rd\u0131\u011f\u0131 \u015fey, istisna<span class=\"excerpt-hellip\"> [\u2026]<\/span><\/p>\n","protected":false},"featured_media":0,"template":"","meta":{"_monsterinsights_skip_tracking":false,"_monsterinsights_sitenote_active":false,"_monsterinsights_sitenote_note":"","_monsterinsights_sitenote_category":0},"product_brand":[],"product_cat":[16038,12388],"product_tag":[],"class_list":{"0":"post-712817","1":"product","2":"type-product","3":"status-publish","5":"product_cat-arastirma-inceleme-referans-felsefe","6":"product_cat-felsefe","7":"pa_cilt-ciltsiz","8":"pa_tur-kitap","9":"pa_yayinevi-ayrinti-yayinlari","10":"pa_yazar-giorgio-agamben","12":"first","13":"instock","14":"sale","15":"shipping-taxable","16":"purchasable","17":"product-type-simple"},"_links":{"self":[{"href":"https:\/\/roveyayinevi.com.tr\/index.php\/wp-json\/wp\/v2\/product\/712817","targetHints":{"allow":["GET"]}}],"collection":[{"href":"https:\/\/roveyayinevi.com.tr\/index.php\/wp-json\/wp\/v2\/product"}],"about":[{"href":"https:\/\/roveyayinevi.com.tr\/index.php\/wp-json\/wp\/v2\/types\/product"}],"wp:attachment":[{"href":"https:\/\/roveyayinevi.com.tr\/index.php\/wp-json\/wp\/v2\/media?parent=712817"}],"wp:term":[{"taxonomy":"product_brand","embeddable":true,"href":"https:\/\/roveyayinevi.com.tr\/index.php\/wp-json\/wp\/v2\/product_brand?post=712817"},{"taxonomy":"product_cat","embeddable":true,"href":"https:\/\/roveyayinevi.com.tr\/index.php\/wp-json\/wp\/v2\/product_cat?post=712817"},{"taxonomy":"product_tag","embeddable":true,"href":"https:\/\/roveyayinevi.com.tr\/index.php\/wp-json\/wp\/v2\/product_tag?post=712817"}],"curies":[{"name":"wp","href":"https:\/\/api.w.org\/{rel}","templated":true}]}}