{"id":712692,"date":"2025-08-27T16:58:44","date_gmt":"2025-08-27T13:58:44","guid":{"rendered":"https:\/\/roveyayinevi.com.tr\/index.php\/urun\/mustafa-kemal-ve-ismet-pasa\/"},"modified":"2026-04-16T02:21:05","modified_gmt":"2026-04-15T23:21:05","slug":"mustafa-kemal-ve-ismet-pasa","status":"publish","type":"product","link":"https:\/\/roveyayinevi.com.tr\/index.php\/urun\/mustafa-kemal-ve-ismet-pasa\/","title":{"rendered":"Mustafa Kemal ve \u0130smet Pa\u015fa"},"content":{"rendered":"<p>Mustafa Kemal ve \u0130smet Pa\u015fa, T\u00fcrkiye Cumhuriyeti\u2019nin iki temel ta\u015f\u0131d\u0131r. Laik, demokratik ve \u00e7a\u011fda\u015f uygarl\u0131\u011fa y\u00f6nelik devletimizi kuran iki asker, iki siyaset\u00e7i ve iki diplomatt\u0131r.\u0130stiklal Sava\u015f\u0131 ba\u015flad\u0131\u011f\u0131 g\u00fcn bir araya gelmi\u015f, sava\u015f\u0131n her a\u015famas\u0131nda yan yana olmu\u015f, hem yurt i\u00e7i ve hem de yurt d\u0131\u015f\u0131 d\u00fc\u015fmanlarla sava\u015fm\u0131\u015flard\u0131r. Bar\u0131\u015f\u0131 birlikte yaratm\u0131\u015f, yeni T\u00fcrkiye\u2019yi birlikte kurmu\u015flard\u0131r.Bu kitap, ne Mustafa Kemal\u2019in ne de \u0130smet Pa\u015fa\u2019n\u0131n hayat hik\u00e2yesidir. Bu kitap bu iki liderin bir araya gelmesinin, birlikte \u00e7al\u0131\u015fmas\u0131n\u0131n ve birlikte y\u00fcklendikleri sorumluluklar\u0131n hik\u00e2yesidir. Yirminci y\u00fczy\u0131l\u0131n ba\u015f\u0131nda ba\u015flar ve Mustafa Kemal\u2019in ebediyete g\u00f6\u00e7 etti\u011fi tarihe kadar s\u00fcrer. Bu nedenle bir a\u00e7\u0131dan, \u201cmilli m\u00fccadelemiz\u201din bir tarihidir.Bu tarihi olu\u015fturmada, o g\u00fcnleri ya\u015fam\u0131\u015f kimselerin hat\u0131ralar\u0131 temel kayna\u011f\u0131m\u0131z oldu. Mustafa Kemal de \u0130smet Pa\u015fa da sevgi, sayg\u0131 ve minnetle ba\u011fl\u0131 oldu\u011fumuz b\u00fcy\u00fcklerimiz oldu\u011fu i\u00e7in \u00f6\u011frendiklerimizi tarafs\u0131z bir g\u00f6zle yans\u0131tmam\u0131z ka\u00e7\u0131n\u0131lmazd\u0131. Bu \u00e7al\u0131\u015fmam\u0131z\u0131n onlar\u0131 daha iyi tan\u0131mam\u0131za yard\u0131mc\u0131 olaca\u011f\u0131n\u0131 umuyoruz. <\/p>\n","protected":false},"excerpt":{"rendered":"<p>Mustafa Kemal ve \u0130smet Pa\u015fa, T\u00fcrkiye Cumhuriyeti\u2019nin iki temel ta\u015f\u0131d\u0131r. Laik, demokratik ve \u00e7a\u011fda\u015f uygarl\u0131\u011fa y\u00f6nelik devletimizi kuran iki asker, iki siyaset\u00e7i ve iki diplomatt\u0131r.\u0130stiklal Sava\u015f\u0131<span class=\"excerpt-hellip\"> [\u2026]<\/span><\/p>\n","protected":false},"featured_media":0,"template":"","meta":{"_monsterinsights_skip_tracking":false,"_monsterinsights_sitenote_active":false,"_monsterinsights_sitenote_note":"","_monsterinsights_sitenote_category":0},"product_brand":[],"product_cat":[12304,13493],"product_tag":[],"class_list":{"0":"post-712692","1":"product","2":"type-product","3":"status-publish","5":"product_cat-tarih","6":"product_cat-turkiye-ve-cumhuriyet-tarihi","7":"pa_cilt-ciltsiz","8":"pa_tur-kitap","9":"pa_yayinevi-efil-yayinevi","10":"pa_yazar-vural-fuat-savas","12":"first","13":"instock","14":"sale","15":"shipping-taxable","16":"purchasable","17":"product-type-simple"},"_links":{"self":[{"href":"https:\/\/roveyayinevi.com.tr\/index.php\/wp-json\/wp\/v2\/product\/712692","targetHints":{"allow":["GET"]}}],"collection":[{"href":"https:\/\/roveyayinevi.com.tr\/index.php\/wp-json\/wp\/v2\/product"}],"about":[{"href":"https:\/\/roveyayinevi.com.tr\/index.php\/wp-json\/wp\/v2\/types\/product"}],"wp:attachment":[{"href":"https:\/\/roveyayinevi.com.tr\/index.php\/wp-json\/wp\/v2\/media?parent=712692"}],"wp:term":[{"taxonomy":"product_brand","embeddable":true,"href":"https:\/\/roveyayinevi.com.tr\/index.php\/wp-json\/wp\/v2\/product_brand?post=712692"},{"taxonomy":"product_cat","embeddable":true,"href":"https:\/\/roveyayinevi.com.tr\/index.php\/wp-json\/wp\/v2\/product_cat?post=712692"},{"taxonomy":"product_tag","embeddable":true,"href":"https:\/\/roveyayinevi.com.tr\/index.php\/wp-json\/wp\/v2\/product_tag?post=712692"}],"curies":[{"name":"wp","href":"https:\/\/api.w.org\/{rel}","templated":true}]}}