{"id":712584,"date":"2025-08-27T16:57:35","date_gmt":"2025-08-27T13:57:35","guid":{"rendered":"https:\/\/roveyayinevi.com.tr\/index.php\/urun\/turkun-atesle-imtihani-1921-1922\/"},"modified":"2026-04-16T02:21:03","modified_gmt":"2026-04-15T23:21:03","slug":"turkun-atesle-imtihani-1921-1922","status":"publish","type":"product","link":"https:\/\/roveyayinevi.com.tr\/index.php\/urun\/turkun-atesle-imtihani-1921-1922\/","title":{"rendered":"T\u00fcrk\u2019\u00fcn Ate\u015fle \u0130mtihan\u0131 1921-1922"},"content":{"rendered":"<p>Elinizdeki kitap CNN T\u00fcrk\u2019te yay\u0131nlanan \u201cT\u00fcrk\u2019\u00fcn Ate\u015fle \u0130mtihan\u0131\u201d belgeselinin hayli geni\u015fletilmi\u015f bir metnidir.Almanya\u2019n\u0131n y\u00fckselmesiyle Avrupa\u2019da kuvvet dengelerinin bozulmas\u0131 ve Osmanl\u0131\u2019n\u0131n Almanya saflar\u0131nda harbe girmek durumunda kalmas\u0131, Mondros M\u00fctarekesi ve Sevr Antla\u015fmas\u0131 kitapta belgeselde oldu\u011fundan daha geni\u015ftir.Kitab\u0131n a\u011f\u0131rl\u0131kl\u0131 konusu, 1921-1922 y\u0131llar\u0131 olmakla beraber \u00f6nceki y\u0131llar da ana hatlar\u0131yla anlat\u0131l\u0131yor.T\u00fcrk\u2019\u00fcn Ate\u015fle \u0130mtihan\u0131\u2019n\u0131n Kurtulu\u015f Sava\u015f\u0131\u2019yla ilgili di\u011fer kitaplardan fark\u0131 sadece askeri tarih olmay\u0131p iktisat, siyaset ve diplomasi konular\u0131na da geni\u015f yer vermesidir. B\u00f6ylece Kurtulu\u015f Sava\u015f\u0131m\u0131z\u0131n sadece sava\u015f de\u011fil siyasetiyle, d\u0131\u015f politikas\u0131yla, ekonomisiyle ve hukukuyla b\u00fct\u00fcnc\u00fcl bir milli hareket oldu\u011fu ortaya konuluyor.Mustafa Kemal Pa\u015fa\u2019n\u0131n Milli M\u00fccadele d\u00f6nemindeki \u0130slam, Bol\u015fevizm, Bat\u0131 ile ili\u015fkiler konusundaki politikalar\u0131 kitab\u0131n temel konular\u0131ndan biridir.Sava\u015f devam ederken yap\u0131lan 1921 Anayasas\u0131 ve bunun anayasa tarihimize etkilerini de bu kitapta okuyacaks\u0131n\u0131z. <\/p>\n","protected":false},"excerpt":{"rendered":"<p>Elinizdeki kitap CNN T\u00fcrk\u2019te yay\u0131nlanan \u201cT\u00fcrk\u2019\u00fcn Ate\u015fle \u0130mtihan\u0131\u201d belgeselinin hayli geni\u015fletilmi\u015f bir metnidir.Almanya\u2019n\u0131n y\u00fckselmesiyle Avrupa\u2019da kuvvet dengelerinin bozulmas\u0131 ve Osmanl\u0131\u2019n\u0131n Almanya saflar\u0131nda harbe girmek durumunda kalmas\u0131,<span class=\"excerpt-hellip\"> [\u2026]<\/span><\/p>\n","protected":false},"featured_media":0,"template":"","meta":{"_monsterinsights_skip_tracking":false,"_monsterinsights_sitenote_active":false,"_monsterinsights_sitenote_note":"","_monsterinsights_sitenote_category":0},"product_brand":[],"product_cat":[12304,13493],"product_tag":[],"class_list":{"0":"post-712584","1":"product","2":"type-product","3":"status-publish","5":"product_cat-tarih","6":"product_cat-turkiye-ve-cumhuriyet-tarihi","7":"pa_cilt-ciltsiz","8":"pa_tur-kitap","9":"pa_yayinevi-dogan-kitap","10":"pa_yazar-taha-akyol","12":"first","13":"instock","14":"sale","15":"shipping-taxable","16":"purchasable","17":"product-type-simple"},"_links":{"self":[{"href":"https:\/\/roveyayinevi.com.tr\/index.php\/wp-json\/wp\/v2\/product\/712584","targetHints":{"allow":["GET"]}}],"collection":[{"href":"https:\/\/roveyayinevi.com.tr\/index.php\/wp-json\/wp\/v2\/product"}],"about":[{"href":"https:\/\/roveyayinevi.com.tr\/index.php\/wp-json\/wp\/v2\/types\/product"}],"wp:attachment":[{"href":"https:\/\/roveyayinevi.com.tr\/index.php\/wp-json\/wp\/v2\/media?parent=712584"}],"wp:term":[{"taxonomy":"product_brand","embeddable":true,"href":"https:\/\/roveyayinevi.com.tr\/index.php\/wp-json\/wp\/v2\/product_brand?post=712584"},{"taxonomy":"product_cat","embeddable":true,"href":"https:\/\/roveyayinevi.com.tr\/index.php\/wp-json\/wp\/v2\/product_cat?post=712584"},{"taxonomy":"product_tag","embeddable":true,"href":"https:\/\/roveyayinevi.com.tr\/index.php\/wp-json\/wp\/v2\/product_tag?post=712584"}],"curies":[{"name":"wp","href":"https:\/\/api.w.org\/{rel}","templated":true}]}}