{"id":712565,"date":"2025-08-27T16:57:24","date_gmt":"2025-08-27T13:57:24","guid":{"rendered":"https:\/\/roveyayinevi.com.tr\/index.php\/urun\/arastirmaya-dayali-sosyal-bilgiler-ogretimi\/"},"modified":"2025-10-06T04:27:28","modified_gmt":"2025-10-06T01:27:28","slug":"arastirmaya-dayali-sosyal-bilgiler-ogretimi","status":"publish","type":"product","link":"https:\/\/roveyayinevi.com.tr\/index.php\/urun\/arastirmaya-dayali-sosyal-bilgiler-ogretimi\/","title":{"rendered":"Ara\u015ft\u0131rmaya Dayal\u0131 Sosyal Bilgiler \u00d6\u011fretimi"},"content":{"rendered":"<p>Sosyal bilgilerin i\u00e7eri\u011fi ve konu alanlar\u0131n\u0131n ne olmas\u0131 gerekti\u011fi ile ilgili tart\u0131\u015fmalar d\u00fcnyada ve T\u00fcrkiye\u2019de uzun y\u0131llard\u0131r s\u00fcrmektedir.  Bu tart\u0131\u015fmalara kar\u015f\u0131n, sosyal bilgiler e\u011fitiminde yap\u0131land\u0131rmac\u0131l\u0131k esaslar\u0131na dayanan ve \u00f6\u011frencinin aktif kat\u0131l\u0131m\u0131na olanak veren \u00f6\u011fretim y\u00f6ntemlerinin kullan\u0131lmas\u0131n\u0131n gereklili\u011fi konusunda e\u011fitimciler aras\u0131nda genel bir fikir birli\u011fi olu\u015fmaya ba\u015flam\u0131\u015ft\u0131r. Bu kitap tam da bu nedenle, bu \u00f6\u011fretim y\u00f6ntemlerinin \u00f6zellikle sosyal bilgiler dersine \u00f6zg\u00fc olarak tan\u0131t\u0131lmas\u0131 ve uygulama \u00f6rnekleriyle a\u00e7\u0131klanmas\u0131 d\u00fc\u015f\u00fcncesine dayanmaktad\u0131r. Bu ba\u011flamda bu kitap sosyal bilgiler \u00f6\u011fretmen adaylar\u0131 i\u00e7in temel bir kaynak olarak tasarlanm\u0131\u015ft\u0131r. Son y\u0131llarda sosyal bilgiler e\u011fitiminde geleneksel \u00f6\u011fretim y\u00f6ntemleri d\u0131\u015f\u0131nda \u00f6\u011frencinin ara\u015ft\u0131rma, inceleme ve de\u011ferlendirmeler yapt\u0131\u011f\u0131 \u00f6\u011fretim y\u00f6ntemlerinin \u00f6n plana \u00e7\u0131kmaya ba\u015flad\u0131\u011f\u0131 g\u00f6r\u00fclmektedir. Bu \u00f6\u011fretim y\u00f6ntemleri \u00f6\u011frencinin \u00f6\u011frenme s\u00fcreci boyunca aktif oldu\u011fu ve kendi \u00f6\u011frenmesinden do\u011frudan sorumlu oldu\u011fu y\u00f6ntemlerdir. Bu kitap ile \u00f6\u011frencileri yo\u011fun olarak ara\u015ft\u0131rma ve incelemeye sevk eden bu y\u00f6ntemlerin teorik altyap\u0131lar\u0131n\u0131n, geli\u015fim s\u00fcre\u00e7lerinin ve uygulama a\u015famalar\u0131n\u0131n a\u00e7\u0131klanmas\u0131 hedeflenmi\u015ftir. Ayr\u0131ca uygulama basamaklar\u0131 ayr\u0131nt\u0131l\u0131 olarak verilen etkinlik \u00f6rnekleriyle de desteklenmi\u015ftir.  Bu t\u00fcr \u00f6\u011fretim y\u00f6ntemlerinin okullar\u0131m\u0131zda hen\u00fcz istenilen d\u00fczeyde uygulanamad\u0131\u011f\u0131 dikkate al\u0131nd\u0131\u011f\u0131nda, bu kitab\u0131n g\u00f6revde olan \u00f6\u011fretmelere de yol g\u00f6sterici olaca\u011f\u0131 d\u00fc\u015f\u00fcn\u00fclmektedir.   Son olarak, bu y\u00f6ntemlerin teorik altyap\u0131lar\u0131n\u0131n ve temel ilkelerinin alan yaz\u0131n ile desteklenerek ayr\u0131nt\u0131l\u0131 a\u00e7\u0131klanm\u0131\u015f olmas\u0131 sebebiyle bu kitap, lisans\u00fcst\u00fc \u00f6\u011frencilerin ara\u015ft\u0131rmalar\u0131na y\u00f6n verecek bir ba\u015fvuru kayna\u011f\u0131 olabilir. Bu \u00e7al\u0131\u015fman\u0131n sosyal bilgiler e\u011fitimi alan\u0131na katk\u0131 sa\u011flayaca\u011f\u0131 ve yararl\u0131 olaca\u011f\u0131 umuduyla\u2026 <\/p>\n","protected":false},"excerpt":{"rendered":"<p>Sosyal bilgilerin i\u00e7eri\u011fi ve konu alanlar\u0131n\u0131n ne olmas\u0131 gerekti\u011fi ile ilgili tart\u0131\u015fmalar d\u00fcnyada ve T\u00fcrkiye\u2019de uzun y\u0131llard\u0131r s\u00fcrmektedir. Bu tart\u0131\u015fmalara kar\u015f\u0131n, sosyal bilgiler e\u011fitiminde yap\u0131land\u0131rmac\u0131l\u0131k esaslar\u0131na<span class=\"excerpt-hellip\"> [\u2026]<\/span><\/p>\n","protected":false},"featured_media":0,"template":"","meta":{"_monsterinsights_skip_tracking":false,"_monsterinsights_sitenote_active":false,"_monsterinsights_sitenote_note":"","_monsterinsights_sitenote_category":0},"product_brand":[],"product_cat":[12573,12566],"product_tag":[],"class_list":{"0":"post-712565","1":"product","2":"type-product","3":"status-publish","5":"product_cat-akademik-kitaplar","6":"product_cat-egitim","7":"pa_cilt-ciltsiz","8":"pa_tur-kitap","9":"pa_yayinevi-yeni-insan-yayinlari","10":"pa_yazar-mehmet-acikalin","12":"first","13":"instock","14":"sale","15":"shipping-taxable","16":"purchasable","17":"product-type-simple"},"_links":{"self":[{"href":"https:\/\/roveyayinevi.com.tr\/index.php\/wp-json\/wp\/v2\/product\/712565","targetHints":{"allow":["GET"]}}],"collection":[{"href":"https:\/\/roveyayinevi.com.tr\/index.php\/wp-json\/wp\/v2\/product"}],"about":[{"href":"https:\/\/roveyayinevi.com.tr\/index.php\/wp-json\/wp\/v2\/types\/product"}],"wp:attachment":[{"href":"https:\/\/roveyayinevi.com.tr\/index.php\/wp-json\/wp\/v2\/media?parent=712565"}],"wp:term":[{"taxonomy":"product_brand","embeddable":true,"href":"https:\/\/roveyayinevi.com.tr\/index.php\/wp-json\/wp\/v2\/product_brand?post=712565"},{"taxonomy":"product_cat","embeddable":true,"href":"https:\/\/roveyayinevi.com.tr\/index.php\/wp-json\/wp\/v2\/product_cat?post=712565"},{"taxonomy":"product_tag","embeddable":true,"href":"https:\/\/roveyayinevi.com.tr\/index.php\/wp-json\/wp\/v2\/product_tag?post=712565"}],"curies":[{"name":"wp","href":"https:\/\/api.w.org\/{rel}","templated":true}]}}