{"id":712528,"date":"2025-08-27T16:57:04","date_gmt":"2025-08-27T13:57:04","guid":{"rendered":"https:\/\/roveyayinevi.com.tr\/index.php\/urun\/yas-danismanligi\/"},"modified":"2026-04-16T02:21:02","modified_gmt":"2026-04-15T23:21:02","slug":"yas-danismanligi","status":"publish","type":"product","link":"https:\/\/roveyayinevi.com.tr\/index.php\/urun\/yas-danismanligi\/","title":{"rendered":"Yas Dan\u0131\u015fmanl\u0131\u011f\u0131"},"content":{"rendered":"<p>G\u00fcnl\u00fck hayat\u0131m\u0131zda \u00e7e\u015fitli kay\u0131plar ya\u015f\u0131yoruz, sevdiklerimizin \u00f6l\u00fcm\u00fc, bo\u015fanma, ili\u015fki kayb\u0131, madd\u00ee ya da manev\u00ee kay\u0131plar gibi. B\u00fct\u00fcn bu kay\u0131plar kar\u015f\u0131s\u0131nda da yas tepkileri g\u00f6steriyoruz. Yas denilince akl\u0131m\u0131za ilk ba\u015fta yaln\u0131zca \u00f6l\u00fcm geliyor belki, ama farkl\u0131 kay\u0131plar da yas ya\u015famam\u0131za neden olabiliyor ve \u00e7o\u011fu zaman farkl\u0131 kay\u0131plardan kaynaklanan yas s\u00fcrecini anlamland\u0131rmakta zorluk \u00e7ekiyoruz ya da \u00e7evremizdeki ki\u015filerin bu kay\u0131plar\u0131n\u0131 g\u00f6rmezden gelebiliyoruz. Bu kitab\u0131n ortaya \u00e7\u0131k\u0131\u015f amac\u0131, tam da bu noktada ya\u015fad\u0131\u011f\u0131m\u0131z kay\u0131plar\u0131 anlamland\u0131rmaya yard\u0131mc\u0131 olmakt\u0131r. Yas Dan\u0131\u015fmanl\u0131\u011f\u0131 kitab\u0131nda ilk b\u00f6l\u00fcmde kay\u0131p ve yas konusunda temel kavramlar\u0131n verilmesinin ard\u0131ndan, ikinci b\u00f6l\u00fcmde \u00e7ocuk ve ergenlerde kay\u0131p ve yas\u0131n nas\u0131l g\u00f6r\u00fcld\u00fc\u011f\u00fc ele al\u0131nm\u0131\u015ft\u0131r. \u00dc\u00e7\u00fcnc\u00fc b\u00f6l\u00fcmde \u00f6l\u00fcm ve kay\u0131p kavramlar\u0131n\u0131 anlamland\u0131rmakta zorluk \u00e7ekebilece\u011fi i\u00e7in zihinsel yetersizli\u011fi olan bireylerin yas s\u00fcre\u00e7lerine de\u011finilmi\u015f ve zihinsel yetersizli\u011fi olan bireylerin ailelerine y\u00f6nelik \u00f6neriler sunulmu\u015ftur. D\u00f6rd\u00fcnc\u00fc b\u00f6l\u00fcmde yas dan\u0131\u015fmanl\u0131\u011f\u0131 kuramlar\u0131 detayl\u0131 olarak ele al\u0131nm\u0131\u015f ve be\u015finci b\u00f6l\u00fcmde de Bili\u015fsel Davran\u0131\u015f\u00e7\u0131 Terapilerin yasa bak\u0131\u015f\u0131 detayland\u0131r\u0131lm\u0131\u015ft\u0131r. Temel kavramlar\u0131n ve kuramsal yakla\u015f\u0131mlar\u0131n ard\u0131ndan yas dan\u0131\u015fmanl\u0131\u011f\u0131nda uygulamaya y\u00f6nelik konular verilmi\u015ftir. Kitab\u0131n alt\u0131nc\u0131, yedinci ve sekizinci b\u00f6l\u00fcmlerinde \u00e7ocuklarla yas s\u00fcrecinde \u00e7al\u0131\u015fma, okul odakl\u0131 m\u00fcdahale ve yas dan\u0131\u015fmanl\u0131\u011f\u0131nda kullan\u0131labilecek \u00f6rnek etkinlikler konular\u0131na yer verilmi\u015ftir. Kitab\u0131n dokuzuncu b\u00f6l\u00fcm\u00fcnde yas s\u00fcrecinde dan\u0131\u015fma hizmeti verenlerin kendi yaslar\u0131 ve \u00f6z bak\u0131mlar\u0131 konusu \u00fczerinde durulmu\u015f ve kitap toplumsal kay\u0131p odakl\u0131 bir kriz sosyodramas\u0131 \u00f6rne\u011fiyle sonland\u0131r\u0131lm\u0131\u015ft\u0131r.<\/p>\n","protected":false},"excerpt":{"rendered":"<p>G\u00fcnl\u00fck hayat\u0131m\u0131zda \u00e7e\u015fitli kay\u0131plar ya\u015f\u0131yoruz, sevdiklerimizin \u00f6l\u00fcm\u00fc, bo\u015fanma, ili\u015fki kayb\u0131, madd\u00ee ya da manev\u00ee kay\u0131plar gibi. B\u00fct\u00fcn bu kay\u0131plar kar\u015f\u0131s\u0131nda da yas tepkileri g\u00f6steriyoruz. Yas denilince<span class=\"excerpt-hellip\"> [\u2026]<\/span><\/p>\n","protected":false},"featured_media":0,"template":"","meta":{"_monsterinsights_skip_tracking":false,"_monsterinsights_sitenote_active":false,"_monsterinsights_sitenote_note":"","_monsterinsights_sitenote_category":0},"product_brand":[],"product_cat":[25175,12357],"product_tag":[],"class_list":{"0":"post-712528","1":"product","2":"type-product","3":"status-publish","5":"product_cat-egitim-psikolojisi","6":"product_cat-psikoloji","7":"pa_cilt-ciltsiz","8":"pa_tur-kitap","9":"pa_yayinevi-ani-yayincilik","10":"pa_yazar-ozgur-erdur-baker-idil-aksoz-efe","12":"first","13":"instock","14":"sale","15":"shipping-taxable","16":"purchasable","17":"product-type-simple"},"_links":{"self":[{"href":"https:\/\/roveyayinevi.com.tr\/index.php\/wp-json\/wp\/v2\/product\/712528","targetHints":{"allow":["GET"]}}],"collection":[{"href":"https:\/\/roveyayinevi.com.tr\/index.php\/wp-json\/wp\/v2\/product"}],"about":[{"href":"https:\/\/roveyayinevi.com.tr\/index.php\/wp-json\/wp\/v2\/types\/product"}],"wp:attachment":[{"href":"https:\/\/roveyayinevi.com.tr\/index.php\/wp-json\/wp\/v2\/media?parent=712528"}],"wp:term":[{"taxonomy":"product_brand","embeddable":true,"href":"https:\/\/roveyayinevi.com.tr\/index.php\/wp-json\/wp\/v2\/product_brand?post=712528"},{"taxonomy":"product_cat","embeddable":true,"href":"https:\/\/roveyayinevi.com.tr\/index.php\/wp-json\/wp\/v2\/product_cat?post=712528"},{"taxonomy":"product_tag","embeddable":true,"href":"https:\/\/roveyayinevi.com.tr\/index.php\/wp-json\/wp\/v2\/product_tag?post=712528"}],"curies":[{"name":"wp","href":"https:\/\/api.w.org\/{rel}","templated":true}]}}