{"id":712501,"date":"2025-08-27T16:56:50","date_gmt":"2025-08-27T13:56:50","guid":{"rendered":"https:\/\/roveyayinevi.com.tr\/index.php\/urun\/20-yuzyil-siyasi-tarihi-1914-1995-ciltli\/"},"modified":"2026-04-16T02:21:01","modified_gmt":"2026-04-15T23:21:01","slug":"20-yuzyil-siyasi-tarihi-1914-1995-ciltli","status":"publish","type":"product","link":"https:\/\/roveyayinevi.com.tr\/index.php\/urun\/20-yuzyil-siyasi-tarihi-1914-1995-ciltli\/","title":{"rendered":"20. Y\u00fczy\u0131l Siyasi Tarihi (1914 &#8211; 1995) (Ciltli)"},"content":{"rendered":"<p>\u201cG\u00fcn\u00fcm\u00fcz d\u00fcnyas\u0131n\u0131 milletleraras\u0131 m\u00fcnasebetlerin yap\u0131s\u0131n\u0131 ve niteli\u011fini olu\u015fturan geli\u015fmelerin ba\u015flang\u0131c\u0131, 1914-18 aras\u0131nda cereyan etmi\u015f olan Birinci D\u00fcnya Sava\u015f\u0131\u2019n\u0131n sonu\u00e7lar\u0131na kadar gitmektedir. Fakat Birinci D\u00fcnya Sava\u015f\u0131 da durup dururken patlak vermi\u015f olan bir milletleraras\u0131 buhran de\u011fildir. Bu sava\u015f, 1789-1815 aras\u0131nda Avrupa\u2019y\u0131 alt \u00fcst etmi\u015f olan ve bundan da daha m\u00fchim olarak insan\u0131n siyasal ya\u015fay\u0131\u015f\u0131nda tesirlerini g\u00fcn\u00fcm\u00fcze kadar s\u00fcrd\u00fcren \u00e7e\u015fitli siyasal fikir ak\u0131mlar\u0131n\u0131 ortaya \u00e7\u0131karm\u0131\u015f bulunan Frans\u0131z \u0130htil\u00e2li\u2019nden sonra kendisini g\u00f6steren geli\u015fmelerin bir sonucu olmu\u015ftur. Yani, Birinci D\u00fcnya Sava\u015f\u0131\u2019n\u0131n k\u00f6kleri, 1815-1914 aras\u0131n\u0131n siyasal ve diplomatik geli\u015fmelerinde yatmaktad\u0131r.\u201d Prof. Dr. Fahir Armao\u011flu Siyasi tarih alan\u0131ndaki \u00e7al\u0131\u015fmalar\u0131yla \u00f6nemli bir yer edinmi\u015f isimlerin ba\u015f\u0131nda gelen Prof. Dr. Fahir Armao\u011flu, bu kitab\u0131yla d\u00fcnyan\u0131n d\u00f6rt bir yan\u0131nda cereyan eden 20. y\u00fczy\u0131l\u0131n en \u00f6nemli siyasi ve sosyal olaylar\u0131n\u0131 derli toplu bir \u015fekilde, kronolojik olarak anlatm\u0131\u015ft\u0131r. Armao\u011flu, 19. y\u00fczy\u0131ldan ba\u015flayarak 20. y\u00fczy\u0131la dek gelen s\u00fcreci, Birinci D\u00fcnya Sava\u015f\u0131 sonras\u0131nda \u015fekillenen d\u00fcnyay\u0131, d\u00fcnya tarihinin seyrini de\u011fi\u015ftiren olaylar\u0131 ve ki\u015fileri birinci elden \u0130ngilizce, Frans\u0131zca ve T\u00fcrk\u00e7e y\u00fczlerce kaynak ve belge kullanarak aktarmaktad\u0131r.   Kitapta Liberalizm, Nasyonalizm ve Sosyalizm gibi fikir ak\u0131mlar\u0131n\u0131n nas\u0131l do\u011fup geli\u015fti\u011fine de\u011finilmesinin yan\u0131 s\u0131ra Atat\u00fcrk\u2019ten Churchill\u2019e, Hitler\u2019den Stalin\u2019e, Arafat\u2019tan Mao\u2019ya, Gorba\u00e7ov\u2019dan \u00d6zal\u2019a kadar do\u011fudan ve bat\u0131dan liderler siyasi olaylar \u00e7er\u00e7evesinde zikredilmektedir. D\u00fcnya tarihinin bu \u201cuzun y\u00fczy\u0131l\u0131\u201d boyunca ya\u015fanm\u0131\u015f olan sava\u015flar, siyasi krizler ve diplomatik hamleler Armao\u011flu\u2019nun titiz \u00e7al\u0131\u015fmas\u0131yla okuyuculara sunulmaktad\u0131r. Bilhassa bug\u00fcn dahi etkileri s\u00fcren K\u0131br\u0131s meselesi, Sovyetler Birli\u011fi\u2019nin da\u011f\u0131lmas\u0131 ve Orta Do\u011fu\u2019da 1980-1995 aras\u0131 ya\u015fanan olaylar\u0131n i\u00e7y\u00fcz\u00fcn\u00fcn belgeleriyle aktar\u0131m\u0131 bu kitab\u0131 daha de\u011ferli k\u0131lmaktad\u0131r. <\/p>\n","protected":false},"excerpt":{"rendered":"<p>\u201cG\u00fcn\u00fcm\u00fcz d\u00fcnyas\u0131n\u0131 milletleraras\u0131 m\u00fcnasebetlerin yap\u0131s\u0131n\u0131 ve niteli\u011fini olu\u015fturan geli\u015fmelerin ba\u015flang\u0131c\u0131, 1914-18 aras\u0131nda cereyan etmi\u015f olan Birinci D\u00fcnya Sava\u015f\u0131\u2019n\u0131n sonu\u00e7lar\u0131na kadar gitmektedir. Fakat Birinci D\u00fcnya Sava\u015f\u0131 da<span class=\"excerpt-hellip\"> [\u2026]<\/span><\/p>\n","protected":false},"featured_media":0,"template":"","meta":{"_monsterinsights_skip_tracking":false,"_monsterinsights_sitenote_active":false,"_monsterinsights_sitenote_note":"","_monsterinsights_sitenote_category":0},"product_brand":[],"product_cat":[12305,12304],"product_tag":[],"class_list":{"0":"post-712501","1":"product","2":"type-product","3":"status-publish","5":"product_cat-dunya-tarihi","6":"product_cat-tarih","7":"pa_cilt-ciltli","8":"pa_tur-kitap","9":"pa_yayinevi-kronik-kitap","10":"pa_yazar-fahir-armaoglu","12":"first","13":"instock","14":"sale","15":"shipping-taxable","16":"purchasable","17":"product-type-simple"},"_links":{"self":[{"href":"https:\/\/roveyayinevi.com.tr\/index.php\/wp-json\/wp\/v2\/product\/712501","targetHints":{"allow":["GET"]}}],"collection":[{"href":"https:\/\/roveyayinevi.com.tr\/index.php\/wp-json\/wp\/v2\/product"}],"about":[{"href":"https:\/\/roveyayinevi.com.tr\/index.php\/wp-json\/wp\/v2\/types\/product"}],"wp:attachment":[{"href":"https:\/\/roveyayinevi.com.tr\/index.php\/wp-json\/wp\/v2\/media?parent=712501"}],"wp:term":[{"taxonomy":"product_brand","embeddable":true,"href":"https:\/\/roveyayinevi.com.tr\/index.php\/wp-json\/wp\/v2\/product_brand?post=712501"},{"taxonomy":"product_cat","embeddable":true,"href":"https:\/\/roveyayinevi.com.tr\/index.php\/wp-json\/wp\/v2\/product_cat?post=712501"},{"taxonomy":"product_tag","embeddable":true,"href":"https:\/\/roveyayinevi.com.tr\/index.php\/wp-json\/wp\/v2\/product_tag?post=712501"}],"curies":[{"name":"wp","href":"https:\/\/api.w.org\/{rel}","templated":true}]}}