{"id":712496,"date":"2025-08-27T16:56:47","date_gmt":"2025-08-27T13:56:47","guid":{"rendered":"https:\/\/roveyayinevi.com.tr\/index.php\/urun\/abdulhamidin-dis-politikasi-duvel-i-muazzama-karsisinda-osmanli-1878-1888\/"},"modified":"2026-04-16T02:21:01","modified_gmt":"2026-04-15T23:21:01","slug":"abdulhamidin-dis-politikasi-duvel-i-muazzama-karsisinda-osmanli-1878-1888","status":"publish","type":"product","link":"https:\/\/roveyayinevi.com.tr\/index.php\/urun\/abdulhamidin-dis-politikasi-duvel-i-muazzama-karsisinda-osmanli-1878-1888\/","title":{"rendered":"Abd\u00fclhamid\u2019in D\u0131\u015f Politikasi D\u00fcvel-i Muazzama Kar\u015f\u0131s\u0131nda Osmanl\u0131 (1878-1888)"},"content":{"rendered":"<p>Abd\u00fclhamid\u2019in taktik ve stratejik d\u00fcnyas\u0131\u2026\u201cFeroze Yasamee, \u00e7al\u0131\u015fkan, geni\u015f bilgili ve 19. y\u00fczy\u0131l Osmanl\u0131-Balkan tarihinin \u00fcstad\u0131 bir tarih\u00e7i. Sultan Abd\u00fclhamid ve d\u00f6neminin d\u0131\u015f politikas\u0131 i\u00e7in ciddi okuma yapmak isteyenlere tavsiye edilir.\u201d\u0130lber Ortayl\u0131B\u00fcy\u00fck zayiatlar verildi\u011fi, \u00f6nemli topraklar\u0131n kaybedildi\u011fi ve mali olarak kriz boyutunda sorunlar\u0131n ya\u015fand\u0131\u011f\u0131 bir d\u00f6nemde tahta \u00e7\u0131kt\u0131 II. Abd\u00fclhamid. Hemen pe\u015finden gelen siyasi karga\u015fa ortam\u0131, me\u015frutiyet taraftarlar\u0131n\u0131n faaliyetleri ve Sultan Abd\u00fclaziz\u2019in \u015f\u00fcpheli intihar\u0131, D\u00fcvel-i Muazzama (B\u00fcy\u00fck G\u00fc\u00e7ler) i\u00e7in \u201chasta adam\u201d\u0131 art\u0131k ortadan kald\u0131rmak i\u00e7in uygun bir zemin haz\u0131rlam\u0131\u015f gibi g\u00f6r\u00fcn\u00fcyordu.Abd\u00fclhamid d\u00f6nemi ile ilgili yapt\u0131\u011f\u0131 \u00e7al\u0131\u015fmalarla tan\u0131nan Feroze A. K. Yasamee, Abd\u00fclhamid\u2019in D\u0131\u015f Politikas\u0131 kitab\u0131yla ar\u015fiv belgelerinin e\u015fli\u011finde ve son derece itidalli bir \u00fcslupla D\u00fcvel-i Muazzama kar\u015f\u0131s\u0131ndaki Osmanl\u0131\u2019n\u0131n nas\u0131l ayakta kald\u0131\u011f\u0131n\u0131 anlat\u0131yor. Ayastefanos, Berlin, K\u0131br\u0131s Anla\u015fmalar\u0131, Almanya ile kurulan yak\u0131nl\u0131k, M\u0131s\u0131r krizi, Rusya ile ya\u015fanan gerginli\u011fin yumu\u015fat\u0131lmas\u0131, Sudan\u2019daki geli\u015fmeler, Do\u011fru Rumeli krizi ve \u00e7\u00f6z\u00fcm\u00fc, Batum, Bo\u011fazlar, M\u0131s\u0131r, Bulgar krizi, Akdeniz Mutabakat\u0131, \u00dc\u00e7l\u00fc \u0130ttifak, M\u0131s\u0131r Anla\u015fmas\u0131 gibi son derece kritik konular\u0131 derinlemesine analiz eden Yasamee, ortaya \u00e7ok \u00f6zg\u00fcn bir Abd\u00fclhamid portresi \u00e7\u0131kar\u0131yor. Sadece Osmanl\u0131 ar\u015fivlerinden de\u011fil Almanya, \u0130ngiltere, Avusturya, Yugoslavya, Bulgaristan ve Rus ar\u015fivlerinden de yararlanarak haz\u0131rlanan ve d\u00f6nemle ilgili yerli-yabanc\u0131 t\u00fcm \u00e7al\u0131\u015fmalarda mutlaka at\u0131fta bulunulan bu kitab\u0131n, T\u00fcrkiye\u2019de II. Abd\u00fclhamid\u2019e dair yeni bir bak\u0131\u015f a\u00e7\u0131s\u0131 kazand\u0131raca\u011f\u0131n\u0131 d\u00fc\u015f\u00fcn\u00fcyoruz. <\/p>\n","protected":false},"excerpt":{"rendered":"<p>Abd\u00fclhamid\u2019in taktik ve stratejik d\u00fcnyas\u0131\u2026\u201cFeroze Yasamee, \u00e7al\u0131\u015fkan, geni\u015f bilgili ve 19. y\u00fczy\u0131l Osmanl\u0131-Balkan tarihinin \u00fcstad\u0131 bir tarih\u00e7i. Sultan Abd\u00fclhamid ve d\u00f6neminin d\u0131\u015f politikas\u0131 i\u00e7in ciddi okuma<span class=\"excerpt-hellip\"> [\u2026]<\/span><\/p>\n","protected":false},"featured_media":0,"template":"","meta":{"_monsterinsights_skip_tracking":false,"_monsterinsights_sitenote_active":false,"_monsterinsights_sitenote_note":"","_monsterinsights_sitenote_category":0},"product_brand":[],"product_cat":[12312,12304],"product_tag":[],"class_list":{"0":"post-712496","1":"product","2":"type-product","3":"status-publish","5":"product_cat-diger","6":"product_cat-tarih","7":"pa_cilt-ciltsiz","8":"pa_tur-kitap","9":"pa_yayinevi-kronik-kitap","10":"pa_yazar-feroze-a-k-yasamee","12":"first","13":"instock","14":"sale","15":"shipping-taxable","16":"purchasable","17":"product-type-simple"},"_links":{"self":[{"href":"https:\/\/roveyayinevi.com.tr\/index.php\/wp-json\/wp\/v2\/product\/712496","targetHints":{"allow":["GET"]}}],"collection":[{"href":"https:\/\/roveyayinevi.com.tr\/index.php\/wp-json\/wp\/v2\/product"}],"about":[{"href":"https:\/\/roveyayinevi.com.tr\/index.php\/wp-json\/wp\/v2\/types\/product"}],"wp:attachment":[{"href":"https:\/\/roveyayinevi.com.tr\/index.php\/wp-json\/wp\/v2\/media?parent=712496"}],"wp:term":[{"taxonomy":"product_brand","embeddable":true,"href":"https:\/\/roveyayinevi.com.tr\/index.php\/wp-json\/wp\/v2\/product_brand?post=712496"},{"taxonomy":"product_cat","embeddable":true,"href":"https:\/\/roveyayinevi.com.tr\/index.php\/wp-json\/wp\/v2\/product_cat?post=712496"},{"taxonomy":"product_tag","embeddable":true,"href":"https:\/\/roveyayinevi.com.tr\/index.php\/wp-json\/wp\/v2\/product_tag?post=712496"}],"curies":[{"name":"wp","href":"https:\/\/api.w.org\/{rel}","templated":true}]}}