{"id":712483,"date":"2025-08-27T16:56:41","date_gmt":"2025-08-27T13:56:41","guid":{"rendered":"https:\/\/roveyayinevi.com.tr\/index.php\/urun\/psikoloji-ve-toplum-radikal-teori-ve-pratik\/"},"modified":"2026-01-29T02:37:54","modified_gmt":"2026-01-28T23:37:54","slug":"psikoloji-ve-toplum-radikal-teori-ve-pratik","status":"publish","type":"product","link":"https:\/\/roveyayinevi.com.tr\/index.php\/urun\/psikoloji-ve-toplum-radikal-teori-ve-pratik\/","title":{"rendered":"Psikoloji Ve Toplum &#8211; Radikal Teori ve Pratik"},"content":{"rendered":"<p>Psikolojiye ait kavramlar\u0131 bilmekten ve anlamaktan \u00e7ok, g\u00fcnl\u00fck ya\u015fant\u0131n\u0131n her an\u0131nda kullan\u0131lan psikolojik imajlara ve psikolojik tan\u0131lara maruz kald\u0131\u011f\u0131m\u0131z s\u00f6ylenebilir. Psikoloji ve Toplum\u2019un yazarlar\u0131na g\u00f6re, tek tek bireyler olarak bizler, \u00f6zg\u00fcrl\u00fc\u011f\u00fcm\u00fcz\u00fcn ve insanl\u0131\u011f\u0131m\u0131z\u0131n her g\u00fcn biraz daha eksildi\u011fi, yalanc\u0131 muhalefet mekanizmalar\u0131yla dolu olan psiko-komplex\u2019te ya\u015far\u0131z. \u00c7\u00fcnk\u00fc psikolojik kuramlar ve kavramlar g\u00fcnl\u00fck ya\u015fam d\u00fcnyas\u0131n\u0131n i\u00e7inde yer ederler. Psikolojik kavramlar, psikolojiyle mesleki olarak u\u011fra\u015fan pratisyenler taraf\u0131ndan, reklamc\u0131l\u0131ktan-psikiyatri kliniklerine kadar uzanan olduk\u00e7a geni\u015f bir alan i\u00e7inde kullan\u0131l\u0131rlar. Psikoloji, toplumu temelden \u00fcste, bireyden topluma kadar yeniden \u00fcreten kuram ve uygulamalar zincirindeki psiko-komplex\u2019te biricik bireyin temsilcisi olarak yer al\u0131r. Psiko-komplex, yani kapitalizmin yaratm\u0131\u015f oldu\u011fu egemenlik ve muhalefet mekanizmalar\u0131 insan\u0131 sadece kendi biricikli\u011fine kar\u015f\u0131 sorumlu k\u0131larak hi\u00e7bir zaman sahici olmayan \u00f6zg\u00fcrl\u00fck idealleri sunar. Psikolojideki Kartezyen ve yayg\u0131n bireyci gelenek, toplumdan \u00f6nce ve toplumdan ayr\u0131 varolmu\u015f olan birey modeli \u00fcretir. Buna g\u00f6re olan daima ve sadece ki\u015fiseldir. Biricik olan bireyin\/ki\u015fiselin d\u00fcnyas\u0131na aittir. \u2018Radikal Psikoloji\u2019ye g\u00f6re, psikolojinin ara\u015ft\u0131rma nesnesi olan bireyin, dolay\u0131s\u0131yla her bir insan bedeninin kendini hissetti\u011fi ayr\u0131 duygulu merkezler olarak ya\u015fanm\u0131\u015f ger\u00e7ekli\u011fi ve \u00f6nemi vard\u0131r. Fakat \u2018radikal Psikoloji\u2019nin daimi sorunu, birey ile toplum aras\u0131ndaki ili\u015fkinin do\u011fas\u0131yla, bireysel zihinleri toplumsal ba\u011flamdan soyutlayan s\u00fcre\u00e7le ilgilidir. Radikal psikoloji, toplumsal\u0131n bireysel olanla ya da birey davran\u0131\u015flar\u0131n\u0131n bir arty\u00f6reyle kar\u015f\u0131tl\u0131k i\u00e7inde olmad\u0131\u011f\u0131n\u0131, aksine \u2018toplumsal ile bireyselin ger\u00e7ek varl\u0131klar\u0131n kurucusu oldu\u011fu\u2019 olgusuna dayan\u0131r. O halde Radikal Psikoloji, ki\u015fisel ya da bireysel bir angajman\u0131 yaln\u0131zca politik bir eylem s\u00fcreci olarak ya\u015fayabilir. Psikoloji ve Toplum\u2019un, psikoloji-politika ili\u015fkisini ve psiko-komplex sistemini ara\u015ft\u0131rmak isteyen okura yeni zeminler yarataca\u011f\u0131n\u0131 umuyoruz. <\/p>\n","protected":false},"excerpt":{"rendered":"<p>Psikolojiye ait kavramlar\u0131 bilmekten ve anlamaktan \u00e7ok, g\u00fcnl\u00fck ya\u015fant\u0131n\u0131n her an\u0131nda kullan\u0131lan psikolojik imajlara ve psikolojik tan\u0131lara maruz kald\u0131\u011f\u0131m\u0131z s\u00f6ylenebilir. Psikoloji ve Toplum\u2019un yazarlar\u0131na g\u00f6re, tek<span class=\"excerpt-hellip\"> [\u2026]<\/span><\/p>\n","protected":false},"featured_media":0,"template":"","meta":{"_monsterinsights_skip_tracking":false,"_monsterinsights_sitenote_active":false,"_monsterinsights_sitenote_note":"","_monsterinsights_sitenote_category":0},"product_brand":[],"product_cat":[16038,12388],"product_tag":[],"class_list":{"0":"post-712483","1":"product","2":"type-product","3":"status-publish","5":"product_cat-arastirma-inceleme-referans-felsefe","6":"product_cat-felsefe","7":"pa_cilt-ciltsiz","8":"pa_tur-kitap","9":"pa_yayinevi-utopya-yayinevi","10":"pa_yazar-kollektif","12":"first","13":"instock","14":"sale","15":"shipping-taxable","16":"purchasable","17":"product-type-simple"},"_links":{"self":[{"href":"https:\/\/roveyayinevi.com.tr\/index.php\/wp-json\/wp\/v2\/product\/712483","targetHints":{"allow":["GET"]}}],"collection":[{"href":"https:\/\/roveyayinevi.com.tr\/index.php\/wp-json\/wp\/v2\/product"}],"about":[{"href":"https:\/\/roveyayinevi.com.tr\/index.php\/wp-json\/wp\/v2\/types\/product"}],"wp:attachment":[{"href":"https:\/\/roveyayinevi.com.tr\/index.php\/wp-json\/wp\/v2\/media?parent=712483"}],"wp:term":[{"taxonomy":"product_brand","embeddable":true,"href":"https:\/\/roveyayinevi.com.tr\/index.php\/wp-json\/wp\/v2\/product_brand?post=712483"},{"taxonomy":"product_cat","embeddable":true,"href":"https:\/\/roveyayinevi.com.tr\/index.php\/wp-json\/wp\/v2\/product_cat?post=712483"},{"taxonomy":"product_tag","embeddable":true,"href":"https:\/\/roveyayinevi.com.tr\/index.php\/wp-json\/wp\/v2\/product_tag?post=712483"}],"curies":[{"name":"wp","href":"https:\/\/api.w.org\/{rel}","templated":true}]}}