{"id":712451,"date":"2025-08-27T16:56:24","date_gmt":"2025-08-27T13:56:24","guid":{"rendered":"https:\/\/roveyayinevi.com.tr\/index.php\/urun\/genlerin-isiginda-kisiye-ozel-tip\/"},"modified":"2026-04-16T02:21:00","modified_gmt":"2026-04-15T23:21:00","slug":"genlerin-isiginda-kisiye-ozel-tip","status":"publish","type":"product","link":"https:\/\/roveyayinevi.com.tr\/index.php\/urun\/genlerin-isiginda-kisiye-ozel-tip\/","title":{"rendered":"Genlerin I\u015f\u0131\u011f\u0131nda Ki\u015fiye \u00d6zel T\u0131p"},"content":{"rendered":"<p>Neden baz\u0131 profesyonel sporcular \u00e7ok gen\u00e7 ya\u015fta kalp krizinden \u00f6l\u00fcrken, baz\u0131 insanlar sigara ve i\u00e7kiyi hi\u00e7 kesmeden doksanl\u0131 ya\u015flar\u0131 g\u00f6rebiliyorlar? Benzer \u015fekilde beslenmelerine ra\u011fmen bir ki\u015finin kilo al\u0131p di\u011ferinin almamas\u0131n\u0131n s\u0131rr\u0131 nedir? Dr. Serdar Sava\u015f; Genombilim, ki\u015fiye \u00f6zel ve koruyucu t\u0131p alanlar\u0131nda sadece \u00fclkemizin de\u011fil, d\u00fcnyan\u0131n en \u00f6nemli ve tan\u0131nan bilim insanlar\u0131 aras\u0131nda. Bu kitab\u0131nda Hacettepe\u2019deki GENAR Enstit\u00fcs\u00fc\u2019nde uzun ar-ge \u00e7al\u0131\u015fmalar\u0131 sonucu geli\u015ftirdi\u011fi ve AB taraf\u0131ndan \u201cAvrupa\u2019daki En \u0130yi Uygulama\u201d se\u00e7ilen Gentest uygulamas\u0131n\u0131 ve bu alanlardaki engin bilgi ve tecr\u00fcbesini anla\u015f\u0131l\u0131r bir dille ve a\u00e7\u0131klay\u0131c\u0131, renkli g\u00f6rsellerle okurlarla payla\u015f\u0131yor. Bu kitap sayesinde daha sa\u011fl\u0131kl\u0131 ve uzun bir ya\u015fam s\u00fcrmenin yollar\u0131n\u0131 \u00f6\u011frenecek ve yukar\u0131dakiler d\u00e2hil pek \u00e7ok sorunuza yan\u0131t bulacaks\u0131n\u0131z. Unutmay\u0131n ki \u201cGen\u00e7lik, sa\u011fl\u0131k ve zindelik, genlerinize uygun bir ya\u015famla sa\u011flan\u0131r.\u201d  \u201cKalp hastal\u0131klar\u0131ndan korunmak isteyen herkes okumal\u0131.\u201d Prof. Dr. Bing\u00fcr S\u00f6nmezKalp ve Damar Cerrahisi Uzman\u0131 \u201cDiyabet ve obezitenin nedenleri genlerimizde sakl\u0131. Serdar Sava\u015f bizi yine \u015fa\u015f\u0131rt\u0131yor.\u201dProf. Dr. Temel Y\u0131lmazEndokrinoloji ve Diyabetoloji Uzman\u0131 \u201cKanserle m\u00fccadele h\u00fccrede ba\u015flar. Bu kitap kanseri \u00f6nlemek i\u00e7in bir rehber niteli\u011finde\u201d Dr. Sualp Tansan Onkoloji Uzman\u0131 \u201cBu kitap genetik devrimini halka ula\u015ft\u0131r\u0131yor!\u201d Dr. Keith Grimaldi Avrupa Birli\u011fi genombilim projesi Eurogene\u2019in Bilim Direkt\u00f6r\u00fc \u201cBeslenme, genetik, sa\u011fl\u0131k ili\u015fkisi ancak bu kadar bilimsel ve keyifli anlat\u0131labilirdi.\u201d Prof. Dr. Sevin\u00e7 Y\u00fccecan Beslenme ve Diyetetik Uzman\u0131 \u201cH\u00fccrelerimizdeki genetik \u015fifreyi Serdar Sava\u015f\u2019\u0131n e\u011flenceli ve s\u00fcr\u00fckleyici anlat\u0131m\u0131 ile \u00f6\u011freneceksiniz.\u201d Prof. Dr. Artemis Simopoulos Genetik, Beslenme ve Sa\u011fl\u0131k Merkezi Ba\u015fkan\u0131 (ABD) \u201c2005 y\u0131l\u0131nda 83 ya\u015f\u0131ndayken GENTEST yapt\u0131rd\u0131m. 86 ya\u015f\u0131nda evlendim. \u015eu anda, 2017 y\u0131l\u0131 itibar\u0131yla, 95 ya\u015f\u0131na girdim. Her bak\u0131mdan sa\u011fl\u0131kl\u0131 ve zindeyim; kendimi 18 ya\u015f\u0131nda gibi hissediyorum.\u201dAli Cesuro\u011flu Emekli Hakim Albay <\/p>\n","protected":false},"excerpt":{"rendered":"<p>Neden baz\u0131 profesyonel sporcular \u00e7ok gen\u00e7 ya\u015fta kalp krizinden \u00f6l\u00fcrken, baz\u0131 insanlar sigara ve i\u00e7kiyi hi\u00e7 kesmeden doksanl\u0131 ya\u015flar\u0131 g\u00f6rebiliyorlar? Benzer \u015fekilde beslenmelerine ra\u011fmen bir ki\u015finin<span class=\"excerpt-hellip\"> [\u2026]<\/span><\/p>\n","protected":false},"featured_media":0,"template":"","meta":{"_monsterinsights_skip_tracking":false,"_monsterinsights_sitenote_active":false,"_monsterinsights_sitenote_note":"","_monsterinsights_sitenote_category":0},"product_brand":[],"product_cat":[13005,13006],"product_tag":[],"class_list":{"0":"post-712451","1":"product","2":"type-product","3":"status-publish","5":"product_cat-bilim-muhendislik","6":"product_cat-populer-bilim","7":"pa_cilt-ciltsiz","8":"pa_tur-kitap","9":"pa_yayinevi-epsilon-yayinlari","10":"pa_yazar-serdar-savas","12":"first","13":"instock","14":"sale","15":"shipping-taxable","16":"purchasable","17":"product-type-simple"},"_links":{"self":[{"href":"https:\/\/roveyayinevi.com.tr\/index.php\/wp-json\/wp\/v2\/product\/712451","targetHints":{"allow":["GET"]}}],"collection":[{"href":"https:\/\/roveyayinevi.com.tr\/index.php\/wp-json\/wp\/v2\/product"}],"about":[{"href":"https:\/\/roveyayinevi.com.tr\/index.php\/wp-json\/wp\/v2\/types\/product"}],"wp:attachment":[{"href":"https:\/\/roveyayinevi.com.tr\/index.php\/wp-json\/wp\/v2\/media?parent=712451"}],"wp:term":[{"taxonomy":"product_brand","embeddable":true,"href":"https:\/\/roveyayinevi.com.tr\/index.php\/wp-json\/wp\/v2\/product_brand?post=712451"},{"taxonomy":"product_cat","embeddable":true,"href":"https:\/\/roveyayinevi.com.tr\/index.php\/wp-json\/wp\/v2\/product_cat?post=712451"},{"taxonomy":"product_tag","embeddable":true,"href":"https:\/\/roveyayinevi.com.tr\/index.php\/wp-json\/wp\/v2\/product_tag?post=712451"}],"curies":[{"name":"wp","href":"https:\/\/api.w.org\/{rel}","templated":true}]}}