{"id":712441,"date":"2025-08-27T16:56:19","date_gmt":"2025-08-27T13:56:19","guid":{"rendered":"https:\/\/roveyayinevi.com.tr\/index.php\/urun\/fransa-buyuk-ihtilali-tarihi-ciltli\/"},"modified":"2026-04-16T02:21:00","modified_gmt":"2026-04-15T23:21:00","slug":"fransa-buyuk-ihtilali-tarihi-ciltli","status":"publish","type":"product","link":"https:\/\/roveyayinevi.com.tr\/index.php\/urun\/fransa-buyuk-ihtilali-tarihi-ciltli\/","title":{"rendered":"Fransa B\u00fcy\u00fck \u0130htilali Tarihi (Ciltli)"},"content":{"rendered":"<p>Gazetecilik, \u00f6\u011fretmenlik, yay\u0131nc\u0131l\u0131k ve \u00e7e\u015fitli kurumlarda idarecilik yapan ve Dar\u00fclf\u00fcnun\u2019da tarih muallimi g\u00f6revini deruhte ederken sonlanan k\u0131sa \u00f6mr\u00fcne 15\u2019i m\u00fc\u015fterek imzayla olmak \u00fczere, toplam 55 kitab\u0131 ve pek \u00e7ok makaleyi s\u0131\u011fd\u0131ran Ali Re\u015fad Bey (1877 \u2013 1929) taraf\u0131ndan kaleme al\u0131n\u0131p 1915\u2019te 2 cilt halinde bas\u0131lan Mufassal, Musavver Fransa \u0130htilal-i Kebiri Tarihi, d\u00fcnya siyas\u00ee tarihinin en \u00f6nemli d\u00f6neme\u00e7lerinden say\u0131lan Frans\u0131z \u0130htilali hakk\u0131nda dilimizde ne\u015fredilmi\u015f en kapsaml\u0131 ve tertipli ilk teliflerdendir. \u0130htilal\u2019den \u00f6nceki devrin idar\u00ee ve fikr\u00ee geli\u015fmelerinden Amiens Bar\u0131\u015f Anla\u015fmas\u0131\u2019n\u0131n feshine kadar ge\u00e7en zaman zarf\u0131ndaki hadiseleri sadece siyas\u00ee meselelere de\u011fil, m\u00fcesseseler ve k\u00fclt\u00fcr tarihine ili\u015fkin detaylara da temas ederek muayyen ve \u00f6\u011fretici bir plan dahilinde anlatan \u00e7al\u0131\u015fma, kendisinden \u00f6nce bu konuda kaleme al\u0131nan Frans\u0131z, Alman ve \u0130ngiliz tarih\u00e7ilerinin eserlerinden s\u00fcz\u00fclen malumat\u0131n bir \u00f6\u011fretmen titizli\u011fi ve disipliniyle derlenerek i\u015flenmesi suretiyle telif edilmi\u015f, \u0130htilal s\u00fcrecinde Fransa\u2019n\u0131n i\u00e7 ve d\u0131\u015f siyaseti, muhtelif geli\u015fmeler ve muharebelerin birbiriyle m\u00fcnasebeti, a\u00e7\u0131k bir \u015fekilde ortaya konmu\u015ftur. Bu \u00f6zellikleriyle Mufassal, Musavver Fransa \u0130htilal-i Kebiri Tarihi, bug\u00fcn de, \u00f6ncesi ve sonras\u0131yla, bu tarih\u00ee k\u0131r\u0131lma noktas\u0131 hakk\u0131nda e\u011fitici niteli\u011fi olan bir kitapt\u0131r. \ufffcTan\u0131t\u0131m Metni<\/p>\n","protected":false},"excerpt":{"rendered":"<p>Gazetecilik, \u00f6\u011fretmenlik, yay\u0131nc\u0131l\u0131k ve \u00e7e\u015fitli kurumlarda idarecilik yapan ve Dar\u00fclf\u00fcnun\u2019da tarih muallimi g\u00f6revini deruhte ederken sonlanan k\u0131sa \u00f6mr\u00fcne 15\u2019i m\u00fc\u015fterek imzayla olmak \u00fczere, toplam 55 kitab\u0131<span class=\"excerpt-hellip\"> [\u2026]<\/span><\/p>\n","protected":false},"featured_media":0,"template":"","meta":{"_monsterinsights_skip_tracking":false,"_monsterinsights_sitenote_active":false,"_monsterinsights_sitenote_note":"","_monsterinsights_sitenote_category":0},"product_brand":[],"product_cat":[12305,12304],"product_tag":[],"class_list":{"0":"post-712441","1":"product","2":"type-product","3":"status-publish","5":"product_cat-dunya-tarihi","6":"product_cat-tarih","7":"pa_cilt-ciltli","8":"pa_tur-kitap","9":"pa_yayinevi-otuken-nesriyat","10":"pa_yazar-ali-resad-bey","12":"first","13":"instock","14":"sale","15":"shipping-taxable","16":"purchasable","17":"product-type-simple"},"_links":{"self":[{"href":"https:\/\/roveyayinevi.com.tr\/index.php\/wp-json\/wp\/v2\/product\/712441","targetHints":{"allow":["GET"]}}],"collection":[{"href":"https:\/\/roveyayinevi.com.tr\/index.php\/wp-json\/wp\/v2\/product"}],"about":[{"href":"https:\/\/roveyayinevi.com.tr\/index.php\/wp-json\/wp\/v2\/types\/product"}],"wp:attachment":[{"href":"https:\/\/roveyayinevi.com.tr\/index.php\/wp-json\/wp\/v2\/media?parent=712441"}],"wp:term":[{"taxonomy":"product_brand","embeddable":true,"href":"https:\/\/roveyayinevi.com.tr\/index.php\/wp-json\/wp\/v2\/product_brand?post=712441"},{"taxonomy":"product_cat","embeddable":true,"href":"https:\/\/roveyayinevi.com.tr\/index.php\/wp-json\/wp\/v2\/product_cat?post=712441"},{"taxonomy":"product_tag","embeddable":true,"href":"https:\/\/roveyayinevi.com.tr\/index.php\/wp-json\/wp\/v2\/product_tag?post=712441"}],"curies":[{"name":"wp","href":"https:\/\/api.w.org\/{rel}","templated":true}]}}