{"id":712434,"date":"2025-08-27T16:55:40","date_gmt":"2025-08-27T13:55:40","guid":{"rendered":"https:\/\/roveyayinevi.com.tr\/index.php\/urun\/suyun-hikayesi-suyun-nasil-dogdugunu-nasil-hastalandigini-ve-nasil-oldugunu-biliyor-musunuz\/"},"modified":"2026-01-22T02:37:33","modified_gmt":"2026-01-21T23:37:33","slug":"suyun-hikayesi-suyun-nasil-dogdugunu-nasil-hastalandigini-ve-nasil-oldugunu-biliyor-musunuz","status":"publish","type":"product","link":"https:\/\/roveyayinevi.com.tr\/index.php\/urun\/suyun-hikayesi-suyun-nasil-dogdugunu-nasil-hastalandigini-ve-nasil-oldugunu-biliyor-musunuz\/","title":{"rendered":"Suyun Hikayesi &#8211; Suyun Nas\u0131l Do\u011fdu\u011funu Nas\u0131l Hastaland\u0131\u011f\u0131n\u0131 ve Nas\u0131l \u00d6ld\u00fc\u011f\u00fcn\u00fc Biliyor musunuz?"},"content":{"rendered":"<p>Suyun nas\u0131l do\u011fdu\u011funu, nas\u0131l hastaland\u0131\u011f\u0131n\u0131, nas\u0131l ihtiyarlad\u0131\u011f\u0131n\u0131, nas\u0131l \u00f6ld\u00fc\u011f\u00fcn\u00fc ve geli\u015fen uygarl\u0131\u011f\u0131n onu nas\u0131l yok etti\u011fini biliyor muyuz?  1906\u2019da Pavlo Valencia alt\u0131n aramak i\u00e7in Meksika\u2019dan Kaliforniya\u2019ya gitme cesareti g\u00f6sterdi. Hi\u00e7 suyu olmadan bir hafta hayatta kald\u0131; kurtar\u0131ld\u0131 ve susuzluk deneyimi kaydedildi. Bu deneyim \u015f\u00f6yle \u00f6zetleniyor: Salya koyula\u015f\u0131r, bo\u011fazda bir yumru olu\u015fur, dil o kadar \u015fi\u015fer ki adeta \u00e7eneyi s\u0131k\u0131\u015ft\u0131r\u0131r, bo\u011faz o kadar kabar\u0131r ki nefes almak zorla\u015f\u0131r ve korkutucu bir bo\u011fulma hissi yarat\u0131r, derinin gerilmesiyle y\u00fczde bir \u00e7ekilme hissedilir, \u00e7o\u011fu ki\u015fi hal\u00fcsinasyon g\u00f6rmeye ba\u015flar, g\u00f6zkapaklar\u0131 \u00e7atlar ve g\u00f6zlerden kanl\u0131 g\u00f6zya\u015flar\u0131 akmaya ba\u015flar. Pavlo Valencia bulundu\u011funda derisi morumsu gri renkteydi, \u00e7atlam\u0131\u015ft\u0131 ama hi\u00e7 kan izi yoktu, dudaklar\u0131 ameliyata al\u0131nm\u0131\u015f\u00e7as\u0131na kaybolmu\u015ftu, burnunun yar\u0131s\u0131 p\u00f6rs\u00fcm\u00fc\u015ft\u00fc, g\u00f6zlerinde donuk bir bak\u0131\u015f vard\u0131.  Dr. Fereydoon Batmanghelidj \u0130ran \u0130slam Devrimi s\u0131ras\u0131nda (1979 y\u0131l\u0131nda) idamla yarg\u0131lanmak \u00fczere hapiste yatar. Hapishanedeki ilk g\u00fcnlerinde \u015fiddetli k\u0131vrand\u0131r\u0131c\u0131 \u00fclser a\u011fr\u0131s\u0131 olan bir tutukluya hapishanenin revirinde hi\u00e7 ila\u00e7 olmad\u0131\u011f\u0131 i\u00e7in iki bardak su verir, a\u011fr\u0131 8 dakika i\u00e7inde ge\u00e7er, daha sonra hastas\u0131 3 saatte bir 500 ml (1 k\u00fc\u00e7\u00fck pet \u015fi\u015fe ya da 2 b\u00fcy\u00fck su barda\u011f\u0131) su i\u00e7meye devam eder, akut d\u00f6nem ge\u00e7tikten sonra hastaya yemekten yar\u0131m saat \u00f6nce 250 ml yemekten 2.5 saat sonra 250 ml ve aralarda istedi\u011fi kadar su i\u00e7mesini \u00f6nerir ve hasta y\u0131llarca mide a\u011fr\u0131s\u0131 \u00e7ekmez. Batmanghelidj, hapisten \u00e7\u0131kt\u0131\u011f\u0131 1982 y\u0131l\u0131na kadar 3000\u2019den fazla \u00fclserli mahk\u00fbmu sadece suyla tedavi etmi\u015f ve sa\u011fl\u0131klar\u0131na kavu\u015fturmu\u015ftur.  Bu iki ya\u015fam hik\u00e2yesinden anlad\u0131\u011f\u0131m\u0131z \u015feyin, su olmadan ya\u015fam\u0131n asla olamayaca\u011f\u0131 ger\u00e7e\u011fidir. <\/p>\n","protected":false},"excerpt":{"rendered":"<p>Suyun nas\u0131l do\u011fdu\u011funu, nas\u0131l hastaland\u0131\u011f\u0131n\u0131, nas\u0131l ihtiyarlad\u0131\u011f\u0131n\u0131, nas\u0131l \u00f6ld\u00fc\u011f\u00fcn\u00fc ve geli\u015fen uygarl\u0131\u011f\u0131n onu nas\u0131l yok etti\u011fini biliyor muyuz? 1906\u2019da Pavlo Valencia alt\u0131n aramak i\u00e7in Meksika\u2019dan Kaliforniya\u2019ya<span class=\"excerpt-hellip\"> [\u2026]<\/span><\/p>\n","protected":false},"featured_media":0,"template":"","meta":{"_monsterinsights_skip_tracking":false,"_monsterinsights_sitenote_active":false,"_monsterinsights_sitenote_note":"","_monsterinsights_sitenote_category":0},"product_brand":[],"product_cat":[13005,13010],"product_tag":[],"class_list":{"0":"post-712434","1":"product","2":"type-product","3":"status-publish","5":"product_cat-bilim-muhendislik","6":"product_cat-doga-bilimleri","7":"pa_cilt-ciltsiz","8":"pa_tur-kitap","9":"pa_yayinevi-asi-kitap","10":"pa_yazar-esref-atabey","12":"first","13":"instock","14":"sale","15":"shipping-taxable","16":"purchasable","17":"product-type-simple"},"_links":{"self":[{"href":"https:\/\/roveyayinevi.com.tr\/index.php\/wp-json\/wp\/v2\/product\/712434","targetHints":{"allow":["GET"]}}],"collection":[{"href":"https:\/\/roveyayinevi.com.tr\/index.php\/wp-json\/wp\/v2\/product"}],"about":[{"href":"https:\/\/roveyayinevi.com.tr\/index.php\/wp-json\/wp\/v2\/types\/product"}],"wp:attachment":[{"href":"https:\/\/roveyayinevi.com.tr\/index.php\/wp-json\/wp\/v2\/media?parent=712434"}],"wp:term":[{"taxonomy":"product_brand","embeddable":true,"href":"https:\/\/roveyayinevi.com.tr\/index.php\/wp-json\/wp\/v2\/product_brand?post=712434"},{"taxonomy":"product_cat","embeddable":true,"href":"https:\/\/roveyayinevi.com.tr\/index.php\/wp-json\/wp\/v2\/product_cat?post=712434"},{"taxonomy":"product_tag","embeddable":true,"href":"https:\/\/roveyayinevi.com.tr\/index.php\/wp-json\/wp\/v2\/product_tag?post=712434"}],"curies":[{"name":"wp","href":"https:\/\/api.w.org\/{rel}","templated":true}]}}