{"id":712430,"date":"2025-08-27T16:55:38","date_gmt":"2025-08-27T13:55:38","guid":{"rendered":"https:\/\/roveyayinevi.com.tr\/index.php\/urun\/kokenler-yaratilisin-bilimsel-oykusu\/"},"modified":"2026-04-16T02:21:00","modified_gmt":"2026-04-15T23:21:00","slug":"kokenler-yaratilisin-bilimsel-oykusu","status":"publish","type":"product","link":"https:\/\/roveyayinevi.com.tr\/index.php\/urun\/kokenler-yaratilisin-bilimsel-oykusu\/","title":{"rendered":"K\u00f6kenler: Yarat\u0131l\u0131\u015f\u0131n Bilimsel \u00d6yk\u00fcs\u00fc"},"content":{"rendered":"<p>K\u00f6kenler Yarat\u0131l\u0131\u015f\u0131n Bilimsel \u00d6yk\u00fcs\u00fc Evren nas\u0131l olu\u015ftu? \u0130lk madde ne zaman meydana geldi? Galaksiler, y\u0131ld\u0131zlar, g\u00fcne\u015f sistemleri hangi s\u00fcre\u00e7lerle ortaya \u00e7\u0131kt\u0131? Canl\u0131l\u0131\u011f\u0131n k\u00f6keni nedir? \u0130nsan olmak ne anlama gelir? \u0130nsanl\u0131k tarihi boyunca yarat\u0131l\u0131\u015fla ilgili \u00e7ok farkl\u0131 hik\u00e2yeler anlat\u0131lagelmi\u015ftir. Jim Baggott K\u00f6kenler\u2019de yakla\u015f\u0131k 14 milyarl\u0131k bu \u00f6yk\u00fcy\u00fc g\u00fcn\u00fcm\u00fcz\u00fcn bilimsel anlay\u0131\u015f\u0131 ve birikimi \u00e7er\u00e7evesinde ele al\u0131yor. Uzam\u0131n, zaman\u0131n, k\u00fctlenin, enerjinin, \u0131\u015f\u0131\u011f\u0131n, galaksilerin, G\u00fcne\u015f\u2019in, D\u00fcnya\u2019n\u0131n, ya\u015fam\u0131n ve en nihayetinde Homo sapiens\u2019in olu\u015fumuna uzanan b\u00fcy\u00fcleyici bir yolculu\u011fa \u00e7\u0131k\u0131yor. Kozmoloji, jeoloji, evrim, antropoloji ve n\u00f6robilimdeki \u00e7a\u011fda\u015f d\u00fc\u015f\u00fcnceleri bir araya getirerek varl\u0131\u011f\u0131m\u0131z\u0131n k\u00f6kenlerine dair bildiklerimizi haritaland\u0131r\u0131yor ve hen\u00fcz bilemedi\u011fimiz karanl\u0131k noktalara i\u015faret ediyor. Bir bak\u0131ma y\u0131ld\u0131z tozlar\u0131ndan yarat\u0131lan insan\u0131n y\u0131ld\u0131zlar\u0131 yaratan m\u00fcthi\u015f tekillikten bug\u00fcne olup bitenleri anlamak i\u00e7in g\u00f6sterdi\u011fi destans\u0131 \u00e7abay\u0131 \u00f6zetliyor. &#8221;K\u00f6kenler ger\u00e7ekten \u2018bizim\u2019 hakk\u0131m\u0131zda bir kitap. \u00dczerinde ya\u015fad\u0131\u011f\u0131m\u0131z d\u00fcnyan\u0131n nas\u0131l olu\u015ftu\u011funu, ya\u015fam\u0131n nas\u0131l ba\u015flay\u0131p evrilerek bizi meydana getirdi\u011fini, bizim hik\u00e2yemizi anlat\u0131yor. K\u00f6kenler\u2019de sorgulanmam\u0131\u015f olgular\u0131 \u00e7o\u011funlu\u011fun a\u00e7\u0131klamalar\u0131ndan, ku\u015fku uyand\u0131ran yorumlardan, safi spek\u00fclasyonlardan ay\u0131rmaya \u00e7al\u0131\u015ft\u0131m. Bu kitap, bildi\u011fimizi ve a\u00e7\u0131klayabildi\u011fimizi d\u00fc\u015f\u00fcnd\u00fc\u011f\u00fcm\u00fcz \u015feylere dair net, dengeli ve (umar\u0131m) \u00f6nyarg\u0131s\u0131z bir bak\u0131\u015f a\u00e7\u0131s\u0131 isteyen okurlar\u0131 hedefliyor. Yarat\u0131l\u0131\u015f\u0131n bilimsel hik\u00e2yesinin \u2018kabul edilmi\u015f\u2019 ya da \u2018resmi\u2019 bir versiyonu bulunmuyor; fakat olsayd\u0131, muhtemelen elinizdeki kitaba benzeyen bir \u015fey olurdu.\u201d <\/p>\n","protected":false},"excerpt":{"rendered":"<p>K\u00f6kenler Yarat\u0131l\u0131\u015f\u0131n Bilimsel \u00d6yk\u00fcs\u00fc Evren nas\u0131l olu\u015ftu? \u0130lk madde ne zaman meydana geldi? Galaksiler, y\u0131ld\u0131zlar, g\u00fcne\u015f sistemleri hangi s\u00fcre\u00e7lerle ortaya \u00e7\u0131kt\u0131? Canl\u0131l\u0131\u011f\u0131n k\u00f6keni nedir? \u0130nsan olmak<span class=\"excerpt-hellip\"> [\u2026]<\/span><\/p>\n","protected":false},"featured_media":0,"template":"","meta":{"_monsterinsights_skip_tracking":false,"_monsterinsights_sitenote_active":false,"_monsterinsights_sitenote_note":"","_monsterinsights_sitenote_category":0},"product_brand":[],"product_cat":[13005,15998],"product_tag":[],"class_list":{"0":"post-712430","1":"product","2":"type-product","3":"status-publish","5":"product_cat-bilim-muhendislik","6":"product_cat-bilim-tarihi","7":"pa_cilt-ciltsiz","8":"pa_tur-kitap","9":"pa_yayinevi-kolektif-kitap","10":"pa_yazar-jim-baggott","12":"first","13":"instock","14":"sale","15":"shipping-taxable","16":"purchasable","17":"product-type-simple"},"_links":{"self":[{"href":"https:\/\/roveyayinevi.com.tr\/index.php\/wp-json\/wp\/v2\/product\/712430","targetHints":{"allow":["GET"]}}],"collection":[{"href":"https:\/\/roveyayinevi.com.tr\/index.php\/wp-json\/wp\/v2\/product"}],"about":[{"href":"https:\/\/roveyayinevi.com.tr\/index.php\/wp-json\/wp\/v2\/types\/product"}],"wp:attachment":[{"href":"https:\/\/roveyayinevi.com.tr\/index.php\/wp-json\/wp\/v2\/media?parent=712430"}],"wp:term":[{"taxonomy":"product_brand","embeddable":true,"href":"https:\/\/roveyayinevi.com.tr\/index.php\/wp-json\/wp\/v2\/product_brand?post=712430"},{"taxonomy":"product_cat","embeddable":true,"href":"https:\/\/roveyayinevi.com.tr\/index.php\/wp-json\/wp\/v2\/product_cat?post=712430"},{"taxonomy":"product_tag","embeddable":true,"href":"https:\/\/roveyayinevi.com.tr\/index.php\/wp-json\/wp\/v2\/product_tag?post=712430"}],"curies":[{"name":"wp","href":"https:\/\/api.w.org\/{rel}","templated":true}]}}