{"id":712401,"date":"2025-08-27T16:55:22","date_gmt":"2025-08-27T13:55:22","guid":{"rendered":"https:\/\/roveyayinevi.com.tr\/index.php\/urun\/devlet-akli-ve-1915-turkiyede-ermeni-meselesi-anlatisinin-insaasi\/"},"modified":"2026-04-16T02:20:59","modified_gmt":"2026-04-15T23:20:59","slug":"devlet-akli-ve-1915-turkiyede-ermeni-meselesi-anlatisinin-insaasi","status":"publish","type":"product","link":"https:\/\/roveyayinevi.com.tr\/index.php\/urun\/devlet-akli-ve-1915-turkiyede-ermeni-meselesi-anlatisinin-insaasi\/","title":{"rendered":"Devlet Akl\u0131 Ve 1915 T\u00fcrkiye\u2019de &#8221;Ermeni Meselesi&#8221; Anlat\u0131s\u0131n\u0131n \u0130n\u015faas\u0131"},"content":{"rendered":"<p>\u201cResmi anlat\u0131, 1915\u2019te olup biteni m\u00fcnhas\u0131ran Osmanl\u0131 \u0130mparatorlu\u011fu ba\u011flam\u0131na ait g\u00f6stererek \u0130mparatorluk ile Cumhuriyet aras\u0131nda kesin bir kopu\u015f oldu\u011funu varsayar. Dolay\u0131s\u0131yla 1915 ile \u2018yeni bir ba\u015flang\u0131\u00e7\u2019 olan Cumhuriyet d\u00f6nemi aras\u0131nda siyasi ve hukuki ba\u011f kurulamayaca\u011f\u0131n\u0131 savunur. \u00d6zellikle ulusalc\u0131 perspektiften yap\u0131lan yorumlar, muas\u0131r medeniyet ile e\u015f g\u00f6r\u00fclen Cumhuriyet projesinin Ermeni iddialar\u0131 ile \u2018lekelenmesini\u2019 \u00f6nlemeye \u00e7al\u0131\u015f\u0131r. Resmi anlat\u0131n\u0131n bir di\u011fer iddias\u0131 ise 1915\u2019in 1980\u2019lerin ilk y\u0131llar\u0131nda yo\u011funla\u015fan ASALA sald\u0131r\u0131lar\u0131ndan \u00f6nce sivil ve askeri b\u00fcrokrasinin g\u00fcndemine gelmedi\u011fi; bu konuda devletin yeni d\u00fczenlemelere ihtiya\u00e7 duymad\u0131\u011f\u0131d\u0131r. B\u00f6ylece resmi s\u00f6ylem, uzun s\u00fcre ba\u015far\u0131yla s\u00fcrd\u00fcr\u00fclen suskunluk politikas\u0131n\u0131 tarihsel ger\u00e7e\u011fin yok say\u0131lmas\u0131 i\u00e7in zemin olarak kullanmaya devam eder.\u201d Ermeni Soyk\u0131r\u0131m\u0131 sadece Osmanl\u0131\u2019n\u0131n son d\u00f6nemini ve Cumhuriyet\u2019in kurulu\u015funu etkilemekle kalmad\u0131, T\u00fcrkiye\u2019deki \u201cdevlet akl\u0131\u201dn\u0131n bi\u00e7imleni\u015finde de \u00f6nemli bir rol oynad\u0131. Tehcir trajedisi sonras\u0131nda devlete \u00f6nemli bir g\u00fcndem dayatm\u0131\u015ft\u0131. Kurbanlar\u0131n taleplerine verilecek yan\u0131ttan, faillerin nas\u0131l konumland\u0131r\u0131laca\u011f\u0131na ve facian\u0131n nas\u0131l anlat\u0131laca\u011f\u0131na ili\u015fkin bir dizi soruda tart\u0131\u015fmalar halen devam ediyor. T\u00fcrkiye ulus-devletinin tarihsel \u00f6nc\u00fcl\u00fc Osmanl\u0131 \u0130mparatorlu\u011fu\u2019dur ancak \u201cdevlet akl\u0131\u201d Osmanl\u0131 ile Cumhuriyet d\u00f6neminin ili\u015fkisini vurgularken, kimi zaman eski d\u00f6nemlerin \u201c\u015fanl\u0131 sayfalar\u0131n\u0131\u201d \u00f6ne \u00e7\u0131kar\u0131r, kimi zaman ise yak\u0131n d\u00f6nemde ya\u015fananlar\u0131 sessizlikle ge\u00e7i\u015ftirir ve resmi anlat\u0131y\u0131 tabular \u00fczerine in\u015fa eder. Bu \u00f6ylesine \u00e7ok katmanl\u0131 bir ili\u015fkidir ki, \u201cdevlet akl\u0131\u201d tabula\u015ft\u0131rd\u0131\u011f\u0131 konularda bazen de yap\u0131lanlara sahip \u00e7\u0131kan bir tavr\u0131 benimser. Devlet Akl\u0131 ve 1915\u2019te \u00d6mer Turan ve G\u00fcven G\u00fcrkan \u00d6ztan, bir yandan tehcirin dayatt\u0131\u011f\u0131 g\u00fcndem s\u00fcreklili\u011fine resmi d\u00fczlemde in\u015fa edilen \u201cErmeni Meselesi\u201d anlat\u0131s\u0131 ile yan\u0131t verildi\u011fini iddia ediyorlar. Di\u011fer yandan devlet akl\u0131 ad\u0131na konu\u015fan akt\u00f6rlerin hamle repertuarlar\u0131n\u0131 inceliyorlar. Devlet Akl\u0131 ve 1915, M\u00fctareke, erken Cumhuriyet, So\u011fuk Sava\u015f d\u00f6nemlerinden ge\u00e7erek, g\u00fcn\u00fcm\u00fcze aktar\u0131lan ink\u00e2rda ortakla\u015fma tavr\u0131n\u0131n titiz bir incelemesini sunuyor. <\/p>\n","protected":false},"excerpt":{"rendered":"<p>\u201cResmi anlat\u0131, 1915\u2019te olup biteni m\u00fcnhas\u0131ran Osmanl\u0131 \u0130mparatorlu\u011fu ba\u011flam\u0131na ait g\u00f6stererek \u0130mparatorluk ile Cumhuriyet aras\u0131nda kesin bir kopu\u015f oldu\u011funu varsayar. Dolay\u0131s\u0131yla 1915 ile \u2018yeni bir ba\u015flang\u0131\u00e7\u2019<span class=\"excerpt-hellip\"> [\u2026]<\/span><\/p>\n","protected":false},"featured_media":0,"template":"","meta":{"_monsterinsights_skip_tracking":false,"_monsterinsights_sitenote_active":false,"_monsterinsights_sitenote_note":"","_monsterinsights_sitenote_category":0},"product_brand":[],"product_cat":[12370,12304],"product_tag":[],"class_list":{"0":"post-712401","1":"product","2":"type-product","3":"status-publish","5":"product_cat-arastirma-inceleme","6":"product_cat-tarih","7":"pa_cilt-ciltsiz","8":"pa_tur-kitap","9":"pa_yayinevi-iletisim-yayinlari","10":"pa_yazar-omer-turan-guven-gurkan-oztan","12":"first","13":"instock","14":"sale","15":"shipping-taxable","16":"purchasable","17":"product-type-simple"},"_links":{"self":[{"href":"https:\/\/roveyayinevi.com.tr\/index.php\/wp-json\/wp\/v2\/product\/712401","targetHints":{"allow":["GET"]}}],"collection":[{"href":"https:\/\/roveyayinevi.com.tr\/index.php\/wp-json\/wp\/v2\/product"}],"about":[{"href":"https:\/\/roveyayinevi.com.tr\/index.php\/wp-json\/wp\/v2\/types\/product"}],"wp:attachment":[{"href":"https:\/\/roveyayinevi.com.tr\/index.php\/wp-json\/wp\/v2\/media?parent=712401"}],"wp:term":[{"taxonomy":"product_brand","embeddable":true,"href":"https:\/\/roveyayinevi.com.tr\/index.php\/wp-json\/wp\/v2\/product_brand?post=712401"},{"taxonomy":"product_cat","embeddable":true,"href":"https:\/\/roveyayinevi.com.tr\/index.php\/wp-json\/wp\/v2\/product_cat?post=712401"},{"taxonomy":"product_tag","embeddable":true,"href":"https:\/\/roveyayinevi.com.tr\/index.php\/wp-json\/wp\/v2\/product_tag?post=712401"}],"curies":[{"name":"wp","href":"https:\/\/api.w.org\/{rel}","templated":true}]}}