{"id":712379,"date":"2025-08-27T16:55:08","date_gmt":"2025-08-27T13:55:08","guid":{"rendered":"https:\/\/roveyayinevi.com.tr\/index.php\/urun\/ben-ve-ulkem\/"},"modified":"2026-04-16T02:20:59","modified_gmt":"2026-04-15T23:20:59","slug":"ben-ve-ulkem","status":"publish","type":"product","link":"https:\/\/roveyayinevi.com.tr\/index.php\/urun\/ben-ve-ulkem\/","title":{"rendered":"Ben Ve \u00dclkem"},"content":{"rendered":"<p>Pek \u00e7ok kitapsever an\u0131 kitaplar\u0131n\u0131, anlat\u0131lan ki\u015finin hayat hik\u00e2yesi kadar, i\u00e7inden ge\u00e7ilen d\u00f6nemin atmosferini de merak etti\u011fi i\u00e7in okur.  Ben ve \u00dclkem, Metin Aydo\u011fan\u2019\u0131n deneyimlerini gelecek ku\u015faklara aktarmay\u0131 bir g\u00f6rev bilmesinden hareketle kaleme al\u0131nd\u0131.  Hayat\u0131n\u0131n son elli y\u0131l\u0131n\u0131 m\u00fccadele i\u00e7inde ge\u00e7iren Metin Aydo\u011fan, ya\u015fad\u0131klar\u0131n\u0131 duru T\u00fcrk\u00e7esiyle anlat\u0131rken bu s\u00fcre\u00e7te edindi\u011fi birikimi, ba\u015f\u0131ndan ge\u00e7en b\u00fct\u00fcn olaylar\u0131n de\u011ferlendirmesini de gen\u00e7lerin yoluna \u0131\u015f\u0131k tutaca\u011f\u0131 bilinciyle aktard\u0131.  Kurtulu\u015f Sava\u015f\u0131 d\u00f6nemini ve Atat\u00fcrk\u2019\u00fcn \u00e7etin ko\u015fullara ra\u011fmen, bir ad\u0131m geri atmadan, hayal edilemeyecek kadar g\u00fczel bir \u00fclke kurma m\u00fccadelesini en iyi anlayan ve anlatan yazarlardan  Metin Aydo\u011fan, bu kez kendi hayat\u0131n\u0131n kap\u0131lar\u0131n\u0131 aralad\u0131.  Ulusal ba\u011f\u0131ms\u0131zl\u0131\u011f\u0131 savunan t\u00fcm ayd\u0131nlar gibi, bask\u0131lara maruz kald\u0131\u011f\u0131nda yolundan d\u00f6nmeyen, a\u011f\u0131r sa\u011fl\u0131k sorunlar\u0131yla da bu bilin\u00e7 ve inan\u00e7la sava\u015fan Metin Aydo\u011fan\u2019\u0131n ayak izlerini takip etmek, gen\u00e7ler i\u00e7in yol g\u00f6sterici olacakt\u0131r. <\/p>\n","protected":false},"excerpt":{"rendered":"<p>Pek \u00e7ok kitapsever an\u0131 kitaplar\u0131n\u0131, anlat\u0131lan ki\u015finin hayat hik\u00e2yesi kadar, i\u00e7inden ge\u00e7ilen d\u00f6nemin atmosferini de merak etti\u011fi i\u00e7in okur. Ben ve \u00dclkem, Metin Aydo\u011fan\u2019\u0131n deneyimlerini gelecek<span class=\"excerpt-hellip\"> [\u2026]<\/span><\/p>\n","protected":false},"featured_media":0,"template":"","meta":{"_monsterinsights_skip_tracking":false,"_monsterinsights_sitenote_active":false,"_monsterinsights_sitenote_note":"","_monsterinsights_sitenote_category":0},"product_brand":[],"product_cat":[31194,12337],"product_tag":[],"class_list":{"0":"post-712379","1":"product","2":"type-product","3":"status-publish","5":"product_cat-guncel-siyaset","6":"product_cat-politika-siyaset","7":"pa_cilt-ciltsiz","8":"pa_tur-kitap","9":"pa_yayinevi-inkilap-kitabevi","10":"pa_yazar-metin-aydogan","12":"first","13":"instock","14":"sale","15":"shipping-taxable","16":"purchasable","17":"product-type-simple"},"_links":{"self":[{"href":"https:\/\/roveyayinevi.com.tr\/index.php\/wp-json\/wp\/v2\/product\/712379","targetHints":{"allow":["GET"]}}],"collection":[{"href":"https:\/\/roveyayinevi.com.tr\/index.php\/wp-json\/wp\/v2\/product"}],"about":[{"href":"https:\/\/roveyayinevi.com.tr\/index.php\/wp-json\/wp\/v2\/types\/product"}],"wp:attachment":[{"href":"https:\/\/roveyayinevi.com.tr\/index.php\/wp-json\/wp\/v2\/media?parent=712379"}],"wp:term":[{"taxonomy":"product_brand","embeddable":true,"href":"https:\/\/roveyayinevi.com.tr\/index.php\/wp-json\/wp\/v2\/product_brand?post=712379"},{"taxonomy":"product_cat","embeddable":true,"href":"https:\/\/roveyayinevi.com.tr\/index.php\/wp-json\/wp\/v2\/product_cat?post=712379"},{"taxonomy":"product_tag","embeddable":true,"href":"https:\/\/roveyayinevi.com.tr\/index.php\/wp-json\/wp\/v2\/product_tag?post=712379"}],"curies":[{"name":"wp","href":"https:\/\/api.w.org\/{rel}","templated":true}]}}